{"id":367,"date":"2024-06-01T14:18:38","date_gmt":"2024-06-01T12:18:38","guid":{"rendered":"https:\/\/digital.hfh.ch\/wissenwaswirkt\/?post_type=part&#038;p=367"},"modified":"2026-04-22T16:49:57","modified_gmt":"2026-04-22T14:49:57","slug":"uebersicht-ueber-foerderprogramme","status":"publish","type":"part","link":"https:\/\/digital.hfh.ch\/wissenwaswirkt\/part\/uebersicht-ueber-foerderprogramme\/","title":{"raw":"\u00dcbersicht \u00fcber F\u00f6rdermassnahmen","rendered":"\u00dcbersicht \u00fcber F\u00f6rdermassnahmen"},"content":{"raw":"<h2><\/h2>\r\n<table style=\"border-collapse: collapse;width: 100%;height: 246px\" border=\"0\">\r\n<tbody>\r\n<tr style=\"height: 81px\">\r\n<td style=\"width: 9.10245%;height: 81px;text-align: left\"><strong>Programm<\/strong><\/td>\r\n<td style=\"width: 9.10245%;text-align: left\"><strong>Alter<\/strong><\/td>\r\n<td style=\"width: 18.2049%\"><strong>Stichworte<\/strong><\/td>\r\n<td style=\"width: 20.2276%;height: 81px;text-align: center\"><strong>Durchf\u00fchrbarkeit<\/strong><\/td>\r\n<td style=\"width: 22.9155%;height: 81px;text-align: center\"><strong>Theoretische Fundierung<\/strong><\/td>\r\n<td style=\"width: 20.4471%;height: 81px;text-align: center\"><strong>Evaluation<\/strong><\/td>\r\n<td style=\"width: 4.01837%\"><\/td>\r\n<td style=\"width: 4.13318%\"><\/td>\r\n<\/tr>\r\n<tr>\r\n<td style=\"width: 9.10245%\"><a href=\"https:\/\/digital.hfh.ch\/wissenwaswirkt\/chapter\/abloesung-vom-zaehlenden-rechnen-foerdereinheiten-fuer-heterogene-lerngruppen\/\"><strong>Abl\u00f6sung vom z\u00e4hlenden Rechnen: F\u00f6rdereinheiten f\u00fcr heterogene Lerngruppen<\/strong><\/a><\/td>\r\n<td style=\"width: 9.10245%\">ab 1. Klasse<\/td>\r\n<td style=\"width: 18.2049%\">Mathematik<\/td>\r\n<td style=\"width: 20.2276%;text-align: center\">[hfh_circle fill=\"full\" color=\"#14776c\"]<\/td>\r\n<td style=\"width: 22.9155%;text-align: center\">[hfh_circle fill=\"full\" color=\"#14776c\"]<\/td>\r\n<td style=\"width: 20.4471%;text-align: center\">[hfh_circle fill=\"half\" color=\"#14776c\"]<\/td>\r\n<td style=\"width: 4.01837%;text-align: center\"><\/td>\r\n<td style=\"width: 4.13318%;text-align: center\"><\/td>\r\n<\/tr>\r\n<tr>\r\n<td style=\"width: 9.10245%\"><a href=\"https:\/\/digital.hfh.ch\/wissenwaswirkt\/chapter\/adhs-bei-jugendlichen-das-lerntraining-leja\/\"><strong>ADHS bei Jugendlichen. Das Lerntraining LeJA<\/strong><\/a><\/td>\r\n<td style=\"width: 9.10245%\">Jugendliche (12-17 Jahre)<\/td>\r\n<td style=\"width: 18.2049%\">ADHS<\/td>\r\n<td style=\"width: 20.2276%;text-align: center\">[hfh_circle fill=\"full\" color=\"#14776c\"]<\/td>\r\n<td style=\"width: 22.9155%;text-align: center\">[hfh_circle fill=\"full\" color=\"#14776c\"]<\/td>\r\n<td style=\"width: 20.4471%;text-align: center\">[hfh_circle fill=\"full\" color=\"#14776c\"]<\/td>\r\n<td style=\"width: 4.01837%;text-align: center\"><\/td>\r\n<td style=\"width: 4.13318%;text-align: center\"><\/td>\r\n<\/tr>\r\n<tr>\r\n<td style=\"width: 9.10245%\"><a href=\"https:\/\/digital.hfh.ch\/wissenwaswirkt\/chapter\/animal-fun-ein-bewegungsprogramm-zur-foerderung-von-physischer-aktivitaet-und-psychischer-gesundheit\/\"><strong>Animal Fun: Ein Bewegungsprogramm zur F\u00f6rderung von physischer Aktivit\u00e4t und psychischer Gesundheit<\/strong><\/a><\/td>\r\n<td style=\"width: 9.10245%\">3-6 Jahre<\/td>\r\n<td style=\"width: 18.2049%\">Motorik, Sozial-emotionale Kompetenz<\/td>\r\n<td style=\"width: 20.2276%;text-align: center\">[hfh_circle fill=\"full\" color=\"#14776c\"]<\/td>\r\n<td style=\"width: 22.9155%;text-align: center\">[hfh_circle fill=\"empty\" color=\"#14776c\"]<\/td>\r\n<td style=\"width: 20.4471%;text-align: center\">[hfh_circle fill=\"half\" color=\"#14776c\"]<\/td>\r\n<td style=\"width: 4.01837%;text-align: center\"><\/td>\r\n<td style=\"width: 4.13318%;text-align: center\"><\/td>\r\n<\/tr>\r\n<tr>\r\n<td style=\"width: 9.10245%\"><a href=\"https:\/\/digital.hfh.ch\/wissenwaswirkt\/chapter\/ben-lee-3-und-4-klasse-programm-zur-foerderung-sozial-emotionaler-kompetenzen-in-verbindung-mit-fachlichen-zielen-des-deutsch-und-sachunterrichts\/\"><strong>Ben &amp; Lee. Programm zur F\u00f6rderung sozial-emotionaler Kompetenzen in Verbindung mit fachlichen Zielen des Deutsch- und Sachunterrichts<\/strong><\/a><\/td>\r\n<td style=\"width: 9.10245%\">3. und 4. Klasse<\/td>\r\n<td style=\"width: 18.2049%\">Emotionale Kompetenz, soziale Kompetenz, sozial-emotionale Kompetenzen, sozial-kognitive Kompetenzen, Sozialverhalten<\/td>\r\n<td style=\"width: 20.2276%;text-align: center\">[hfh_circle fill=\"full\" color=\"#14776c\"]<\/td>\r\n<td style=\"width: 22.9155%;text-align: center\">[hfh_circle fill=\"full\" color=\"#14776c\"]<\/td>\r\n<td style=\"width: 20.4471%;height: 84px;text-align: center\">[hfh_circle fill=\"full\" color=\"#14776c\"]<\/td>\r\n<td style=\"width: 4.01837%;height: 84px;text-align: center\"><\/td>\r\n<td style=\"width: 4.13318%;height: 84px;text-align: center\"><\/td>\r\n<\/tr>\r\n<tr>\r\n<td style=\"width: 9.10245%\"><a href=\"https:\/\/digital.hfh.ch\/wissenwaswirkt\/chapter\/calcularis-lernsoftware\/\"><strong>Calcularis (Lernsoftware)<\/strong><\/a><\/td>\r\n<td style=\"width: 9.10245%\">1.-5. Klasse<\/td>\r\n<td style=\"width: 18.2049%\">Mathematik<\/td>\r\n<td style=\"width: 20.2276%;text-align: center\">[hfh_circle fill=\"half\" color=\"#14776c\"]<\/td>\r\n<td style=\"width: 22.9155%;text-align: center\">[hfh_circle fill=\"full\" color=\"#14776c\"]<\/td>\r\n<td style=\"width: 20.4471%;text-align: center\">[hfh_circle fill=\"half\" color=\"#14776c\"]<\/td>\r\n<td style=\"width: 4.01837%;text-align: center\"><\/td>\r\n<td style=\"width: 4.13318%;text-align: center\"><\/td>\r\n<\/tr>\r\n<tr>\r\n<td style=\"width: 9.10245%\"><a href=\"https:\/\/digital.hfh.ch\/wissenwaswirkt\/chapter\/das-eigene-lernen-verstehen-delv\/\"><strong>Das Eigene Lernen Verstehen (DELV)<\/strong><\/a><\/td>\r\n<td style=\"width: 9.10245%\">Jugendliche, Erwachsene<\/td>\r\n<td style=\"width: 18.2049%\">Denken, Metakognition, selbstreguliertes Lernen<\/td>\r\n<td style=\"width: 20.2276%;text-align: center\">[hfh_circle fill=\"full\" color=\"#14776c\"]<\/td>\r\n<td style=\"width: 22.9155%;text-align: center\">[hfh_circle fill=\"half\" color=\"#14776c\"]<\/td>\r\n<td style=\"width: 20.4471%;text-align: center\">[hfh_circle fill=\"full\" color=\"#14776c\"]<\/td>\r\n<td style=\"width: 4.01837%\"><\/td>\r\n<td style=\"width: 4.13318%\"><\/td>\r\n<\/tr>\r\n<tr>\r\n<td style=\"width: 9.10245%\"><a href=\"https:\/\/digital.hfh.ch\/wissenwaswirkt\/chapter\/das-lesetraining-mit-kaeptn-carlo-fuer-4-und-5-klassen\/\"><strong>Das Lesetraining mit K\u00e4pt\u2019n Carlo f\u00fcr 4. und 5. Klassen<\/strong><\/a><\/td>\r\n<td style=\"width: 9.10245%\">4. und 5. Klasse<\/td>\r\n<td style=\"width: 18.2049%\">Lesen, Lesestrategien<\/td>\r\n<td style=\"width: 20.2276%;text-align: center\">[hfh_circle fill=\"full\" color=\"#14776c\"]<\/td>\r\n<td style=\"width: 22.9155%;text-align: center\">[hfh_circle fill=\"full\" color=\"#14776c\"]<\/td>\r\n<td style=\"width: 20.4471%;text-align: center\">[hfh_circle fill=\"full\" color=\"#14776c\"]<\/td>\r\n<td style=\"width: 4.01837%\"><\/td>\r\n<td style=\"width: 4.13318%\"><\/td>\r\n<\/tr>\r\n<tr>\r\n<td style=\"width: 9.10245%\"><a href=\"https:\/\/digital.hfh.ch\/wissenwaswirkt\/chapter\/das-marburger-rechtschreibtraining-ein-regelgeleitetes-foerderprogramm-fuer-rechtschreibschwache-kinder\/\"><strong>Das Marburger Rechtschreibtraining. Ein regelgeleitetes F\u00f6rderprogramm f\u00fcr rechtschreibschwache Kinder<\/strong><\/a><\/td>\r\n<td style=\"width: 9.10245%\">2.-5. Klasse<\/td>\r\n<td style=\"width: 18.2049%\">Rechtschreiben<\/td>\r\n<td style=\"width: 20.2276%;text-align: center\">[hfh_circle fill=\"full\" color=\"#14776c\"]<\/td>\r\n<td style=\"width: 22.9155%;text-align: center\">[hfh_circle fill=\"full\" color=\"#14776c\"]<\/td>\r\n<td style=\"width: 20.4471%;text-align: center\">[hfh_circle fill=\"half\" color=\"#14776c\"]<\/td>\r\n<td style=\"width: 4.01837%\"><\/td>\r\n<td style=\"width: 4.13318%\"><\/td>\r\n<\/tr>\r\n<tr>\r\n<td style=\"width: 9.10245%\"><a href=\"https:\/\/digital.hfh.ch\/wissenwaswirkt\/chapter\/das-memo-training-memo-der-vergessliche-elefant-mit-gedaechtnistraining-spielerisch-zum-lernerfolg\/\"><strong>Das Memo-Training. Memo, der vergessliche Elefant - mit Ged\u00e4chtnistraining spielerisch zum Lernerfolg<\/strong><\/a><\/td>\r\n<td style=\"width: 9.10245%\">7-12 Jahre<\/td>\r\n<td style=\"width: 18.2049%\">Ged\u00e4chtnis<\/td>\r\n<td style=\"width: 20.2276%;text-align: center\">[hfh_circle fill=\"full\" color=\"#14776c\"]<\/td>\r\n<td style=\"width: 22.9155%;text-align: center\">[hfh_circle fill=\"full\" color=\"#14776c\"]<\/td>\r\n<td style=\"width: 20.4471%;text-align: center\">[hfh_circle fill=\"half\" color=\"#14776c\"]<\/td>\r\n<td style=\"width: 4.01837%\"><\/td>\r\n<td style=\"width: 4.13318%\"><\/td>\r\n<\/tr>\r\n<tr>\r\n<td style=\"width: 9.10245%\"><a href=\"https:\/\/digital.hfh.ch\/wissenwaswirkt\/chapter\/das-neue-marburger-verhaltenstraining-mvt\/\"><strong>Das neue Marburger Verhaltenstraining (MVT)<\/strong><\/a><\/td>\r\n<td style=\"width: 9.10245%\">6-14 Jahre<\/td>\r\n<td style=\"width: 18.2049%\">ADHS, Emotionen, Emotionsregulation, Verhalten<\/td>\r\n<td style=\"width: 20.2276%;text-align: center\">[hfh_circle fill=\"full\" color=\"#14776c\"]<\/td>\r\n<td style=\"width: 22.9155%;text-align: center\">[hfh_circle fill=\"half\" color=\"#14776c\"]<\/td>\r\n<td style=\"width: 20.4471%;text-align: center\">[hfh_circle fill=\"empty\" color=\"#14776c\"]<\/td>\r\n<td style=\"width: 4.01837%\"><\/td>\r\n<td style=\"width: 4.13318%\"><\/td>\r\n<\/tr>\r\n<tr>\r\n<td style=\"width: 9.10245%\"><a href=\"https:\/\/digital.hfh.ch\/wissenwaswirkt\/chapter\/denkbilder-mit-kindern-das-lernen-reflektieren\/\"><strong>Denkbilder. Mit Kindern das Lernen reflektieren<\/strong><\/a><\/td>\r\n<td style=\"width: 9.10245%\">Vorschul- und Primarschulstufe<\/td>\r\n<td style=\"width: 18.2049%\">Metakognition, Lernen lernen<\/td>\r\n<td style=\"width: 20.2276%;text-align: center\">[hfh_circle fill=\"full\" color=\"#14776c\"]<\/td>\r\n<td style=\"width: 22.9155%;text-align: center\">[hfh_circle fill=\"half\" color=\"#14776c\"]<\/td>\r\n<td style=\"width: 20.4471%;text-align: center\">[hfh_circle fill=\"empty\" color=\"#14776c\"]<\/td>\r\n<td style=\"width: 4.01837%\"><\/td>\r\n<td style=\"width: 4.13318%\"><\/td>\r\n<\/tr>\r\n<tr>\r\n<td style=\"width: 9.10245%\"><a href=\"https:\/\/digital.hfh.ch\/wissenwaswirkt\/chapter\/die-kapitaen-nemo-geschichten-geschichten-gegen-angst-und-stress\/\"><strong>Die Kapit\u00e4n-Nemo-Geschichten. Geschichten gegen Angst und Stress<\/strong><\/a><\/td>\r\n<td style=\"width: 9.10245%\">Ca. 5-12 Jahre<\/td>\r\n<td style=\"width: 18.2049%\">Angst, Entspannung, Emotionen, Stress<\/td>\r\n<td style=\"width: 20.2276%;text-align: center\">[hfh_circle fill=\"full\" color=\"#14776c\"]<\/td>\r\n<td style=\"width: 22.9155%;text-align: center\">[hfh_circle fill=\"full\" color=\"#14776c\"]<\/td>\r\n<td style=\"width: 20.4471%;text-align: center\">[hfh_circle fill=\"full\" color=\"#14776c\"]<\/td>\r\n<td style=\"width: 4.01837%\"><\/td>\r\n<td style=\"width: 4.13318%\"><\/td>\r\n<\/tr>\r\n<tr>\r\n<td style=\"width: 9.10245%\"><a href=\"https:\/\/digital.hfh.ch\/wissenwaswirkt\/chapter\/ella-schule-ein-training-zur-foerderung-der-emotionalen-und-sozialen-kompetenz-in-der-primarstufe\/\"><strong>ELLA \u2013 Schule: ein Training zur F\u00f6rderung der emotionalen und sozialen Kompetenz in der Primarstufe<\/strong><\/a><\/td>\r\n<td style=\"width: 9.10245%\">6-10 Jahre<\/td>\r\n<td style=\"width: 18.2049%\">Emotionale Kompetenz, soziale Kompetenz, sozial-emotionale Kompetenz<\/td>\r\n<td style=\"width: 20.2276%;text-align: center\">[hfh_circle fill=\"full\" color=\"#14776c\"]<\/td>\r\n<td style=\"width: 22.9155%;text-align: center\">[hfh_circle fill=\"full\" color=\"#14776c\"]<\/td>\r\n<td style=\"width: 20.4471%;text-align: center\">[hfh_circle fill=\"half\" color=\"#14776c\"]<\/td>\r\n<td style=\"width: 4.01837%\"><\/td>\r\n<td style=\"width: 4.13318%\"><\/td>\r\n<\/tr>\r\n<tr>\r\n<td style=\"width: 9.10245%\"><a href=\"https:\/\/digital.hfh.ch\/wissenwaswirkt\/chapter\/emotionale-kompetenzen-im-vorschulalter-foerdern-das-emk-foerderprogramm\/\"><strong>Emotionale Kompetenzen im Vorschulalter f\u00f6rdern: Das EMK-F\u00f6rderprogramm<\/strong><\/a><\/td>\r\n<td style=\"width: 9.10245%\">3-6 Jahre<\/td>\r\n<td style=\"width: 18.2049%\">Emotionale Kompetenz, Emotionen, Emotionsregulation<\/td>\r\n<td style=\"width: 20.2276%;text-align: center\">[hfh_circle fill=\"full\" color=\"#14776c\"]<\/td>\r\n<td style=\"width: 22.9155%;text-align: center\">[hfh_circle fill=\"full\" color=\"#14776c\"]<\/td>\r\n<td style=\"width: 20.4471%;text-align: center\">[hfh_circle fill=\"half\" color=\"#14776c\"]<\/td>\r\n<td style=\"width: 4.01837%\"><\/td>\r\n<td style=\"width: 4.13318%\"><\/td>\r\n<\/tr>\r\n<tr>\r\n<td style=\"width: 9.10245%\"><a href=\"https:\/\/digital.hfh.ch\/wissenwaswirkt\/chapter\/emotionsregulationstraining-ert-fuer-kinder-im-grundschulalter\/\"><strong>Emotionsregulationstraining (ERT) f\u00fcr Kinder im Grundschulalter<\/strong><\/a><\/td>\r\n<td style=\"width: 9.10245%\">6-10 Jahre<\/td>\r\n<td style=\"width: 18.2049%\">Emotionale Kompetenz, Emotionen, Emotionsregulation<\/td>\r\n<td style=\"width: 20.2276%;text-align: center\">[hfh_circle fill=\"full\" color=\"#14776c\"]<\/td>\r\n<td style=\"width: 22.9155%;text-align: center\">[hfh_circle fill=\"full\" color=\"#14776c\"]<\/td>\r\n<td style=\"width: 20.4471%;text-align: center\">[hfh_circle fill=\"half\" color=\"#14776c\"]<\/td>\r\n<td style=\"width: 4.01837%\"><\/td>\r\n<td style=\"width: 4.13318%\"><\/td>\r\n<\/tr>\r\n<tr>\r\n<td style=\"width: 9.10245%\"><a href=\"https:\/\/digital.hfh.ch\/wissenwaswirkt\/chapter\/emotionstraining-in-der-schule-ein-programm-zur-foerderung-der-emotionalen-kompetenz\/\"><strong>Emotionstraining in der Schule. Ein Programm zur F\u00f6rderung der emotionalen Kompetenz<\/strong><\/a><\/td>\r\n<td style=\"width: 9.10245%\">10-13 Jahre<\/td>\r\n<td style=\"width: 18.2049%\">Emotionale Kompetenz, Emotionen, Emotionsregulation<\/td>\r\n<td style=\"width: 20.2276%;text-align: center\">[hfh_circle fill=\"full\" color=\"#14776c\"]<\/td>\r\n<td style=\"width: 22.9155%;text-align: center\">[hfh_circle fill=\"full\" color=\"#14776c\"]<\/td>\r\n<td style=\"width: 20.4471%;text-align: center\">[hfh_circle fill=\"half\" color=\"#14776c\"]<\/td>\r\n<td style=\"width: 4.01837%\"><\/td>\r\n<td style=\"width: 4.13318%\"><\/td>\r\n<\/tr>\r\n<tr>\r\n<td style=\"width: 9.10245%\">\r\n<div style=\"font-weight: 400\">\r\n\r\n<a href=\"https:\/\/digital.hfh.ch\/wissenwaswirkt\/chapter\/fairplayer-manual-klasse-5-6-foerderung-von-sozialen-kompetenzen-praevention-von-mobbing-und-schulgewalt\/\"><strong>Fairplayer.Manual \u2013 Klasse 5-6\u00a0<\/strong><strong style=\"font-size: inherit;font-family: inherit\">F\u00f6rderung von sozialen Kompetenzen \u2013 Pr\u00e4vention von Mobbing und Schulgewalt<\/strong><\/a>\r\n\r\n<\/div>\r\n<strong>\u00a0<\/strong><\/td>\r\n<td style=\"width: 9.10245%\">5. und 6. Klasse<\/td>\r\n<td style=\"width: 18.2049%\">Mobbing, soziale Kompetenz<\/td>\r\n<td style=\"width: 20.2276%;text-align: center\">[hfh_circle fill=\"full\" color=\"#14776c\"]<\/td>\r\n<td style=\"width: 22.9155%;text-align: center\">[hfh_circle fill=\"full\" color=\"#14776c\"]<\/td>\r\n<td style=\"width: 20.4471%;text-align: center\">[hfh_circle fill=\"half\" color=\"#14776c\"]<\/td>\r\n<td style=\"width: 4.01837%\"><\/td>\r\n<td style=\"width: 4.13318%\"><\/td>\r\n<\/tr>\r\n<tr>\r\n<td style=\"width: 9.10245%\"><a href=\"https:\/\/digital.hfh.ch\/wissenwaswirkt\/chapter\/fairplayer-manual-klasse-7-9-foerderung-von-sozialen-kompetenzen-praevention-von-mobbing-und-schulgewalt\/\"><strong>Fairplayer.Manual \u2013 Klasse 7-9<\/strong><\/a><\/td>\r\n<td style=\"width: 9.10245%\">7.-9. Klasse<\/td>\r\n<td style=\"width: 18.2049%\">Gewalt, Mobbing, soziale Kompetenz<\/td>\r\n<td style=\"width: 20.2276%;text-align: center\">[hfh_circle fill=\"full\" color=\"#14776c\"]<\/td>\r\n<td style=\"width: 22.9155%;text-align: center\">[hfh_circle fill=\"full\" color=\"#14776c\"]<\/td>\r\n<td style=\"width: 20.4471%;text-align: center\">[hfh_circle fill=\"full\" color=\"#14776c\"]<\/td>\r\n<td style=\"width: 4.01837%\"><\/td>\r\n<td style=\"width: 4.13318%\"><\/td>\r\n<\/tr>\r\n<tr>\r\n<td style=\"width: 9.10245%\"><a href=\"https:\/\/digital.hfh.ch\/wissenwaswirkt\/chapter\/fairplayer-sport-soziale-kompetenz-und-fairplay-spielerisch-foerdern-ein-programm-fuer-das-fussballtraining-mit-9-bis-13-jaehrigen\/\"><strong>Fairplayer.Sport: Soziale Kompetenz und Fairplay spielerisch f\u00f6rdern<\/strong><\/a><\/td>\r\n<td style=\"width: 9.10245%\">9-13 Jahre<\/td>\r\n<td style=\"width: 18.2049%\">Aggression, soziale Kompetenz<\/td>\r\n<td style=\"width: 20.2276%;text-align: center\">[hfh_circle fill=\"full\" color=\"#14776c\"]<\/td>\r\n<td style=\"width: 22.9155%;text-align: center\">[hfh_circle fill=\"full\" color=\"#14776c\"]<\/td>\r\n<td style=\"width: 20.4471%;text-align: center\">[hfh_circle fill=\"half\" color=\"#14776c\"]<\/td>\r\n<td style=\"width: 4.01837%\"><\/td>\r\n<td style=\"width: 4.13318%\"><\/td>\r\n<\/tr>\r\n<tr>\r\n<td style=\"width: 9.10245%\"><a href=\"https:\/\/digital.hfh.ch\/wissenwaswirkt\/chapter\/fex-foerderung-exekutiver-funktionen\/\"><strong>Fex. F\u00f6rderung exekutiver Funktionen<\/strong><\/a><\/td>\r\n<td style=\"width: 9.10245%\">Kinder (ohne Altersangabe)<\/td>\r\n<td style=\"width: 18.2049%\">Exekutive Funktionen<\/td>\r\n<td style=\"width: 20.2276%;text-align: center\">[hfh_circle fill=\"full\" color=\"#14776c\"]<\/td>\r\n<td style=\"width: 22.9155%;text-align: center\">[hfh_circle fill=\"half\" color=\"#14776c\"]<\/td>\r\n<td style=\"width: 20.4471%;text-align: center\">[hfh_circle fill=\"empty\" color=\"#14776c\"]<\/td>\r\n<td style=\"width: 4.01837%\"><\/td>\r\n<td style=\"width: 4.13318%\"><\/td>\r\n<\/tr>\r\n<tr>\r\n<td style=\"width: 9.10245%\"><a href=\"https:\/\/digital.hfh.ch\/wissenwaswirkt\/chapter\/fit-for-life-soziale-kompetenz-fuer-jugendliche\/\"><strong>Fit for Life - Soziale Kompetenz f\u00fcr Jugendliche<\/strong><\/a><\/td>\r\n<td style=\"width: 9.10245%\">13-21 Jahre<\/td>\r\n<td style=\"width: 18.2049%\">Lebenskompetenzen, soziale Kompetenz<\/td>\r\n<td style=\"width: 20.2276%;text-align: center\">[hfh_circle fill=\"full\" color=\"#14776c\"]<\/td>\r\n<td style=\"width: 22.9155%;text-align: center\">[hfh_circle fill=\"full\" color=\"#14776c\"]<\/td>\r\n<td style=\"width: 20.4471%;text-align: center\">[hfh_circle fill=\"full\" color=\"#14776c\"]<\/td>\r\n<td style=\"width: 4.01837%\"><\/td>\r\n<td style=\"width: 4.13318%\"><\/td>\r\n<\/tr>\r\n<tr>\r\n<td style=\"width: 9.10245%\"><a href=\"https:\/\/digital.hfh.ch\/wissenwaswirkt\/chapter\/g-fipps-grafomotorische-foerderung\/\"><strong>G-FIPPS: Grafomotorische F\u00f6rderung: Ein psychomotorisches Praxisbuch<\/strong><\/a><\/td>\r\n<td style=\"width: 9.10245%\">Kindergarten<\/td>\r\n<td style=\"width: 18.2049%\">Grafomotorik, Motorik<\/td>\r\n<td style=\"width: 20.2276%;text-align: center\">[hfh_circle fill=\"full\" color=\"#14776c\"]<\/td>\r\n<td style=\"width: 22.9155%;text-align: center\">[hfh_circle fill=\"full\" color=\"#14776c\"]<\/td>\r\n<td style=\"width: 20.4471%;text-align: center\">[hfh_circle fill=\"half\" color=\"#14776c\"]<\/td>\r\n<td style=\"width: 4.01837%\"><\/td>\r\n<td style=\"width: 4.13318%\"><\/td>\r\n<\/tr>\r\n<tr>\r\n<td style=\"width: 9.10245%\"><a href=\"https:\/\/digital.hfh.ch\/wissenwaswirkt\/chapter\/hoeren-lauschen-lernen-sprachspiele-fuer-kinder-im-vorschulalter-wuerzburger-trainingsprogramm-zur-vorbereitung-auf-den-erwerb-der-schriftsprache\/\"><strong>H\u00f6ren, Lauschen, Lernen. Sprachspiele f\u00fcr Kinder im Vorschulalter<\/strong><\/a><\/td>\r\n<td style=\"width: 9.10245%\">Kindergarten<\/td>\r\n<td style=\"width: 18.2049%\">Phonologische Bewusstheit<\/td>\r\n<td style=\"width: 20.2276%;text-align: center\">[hfh_circle fill=\"full\" color=\"#14776c\"]<\/td>\r\n<td style=\"width: 22.9155%;text-align: center\">[hfh_circle fill=\"full\" color=\"#14776c\"]<\/td>\r\n<td style=\"width: 20.4471%;text-align: center\">[hfh_circle fill=\"full\" color=\"#14776c\"]<\/td>\r\n<td style=\"width: 4.01837%\"><\/td>\r\n<td style=\"width: 4.13318%\"><\/td>\r\n<\/tr>\r\n<tr>\r\n<td style=\"width: 9.10245%\"><a href=\"https:\/\/digital.hfh.ch\/wissenwaswirkt\/chapter\/ich-schaffs-spielerisch-und-praktisch-loesungen-mit-kindern-finden-das-15-schritte-programm-fuer-eltern-erzieher-und-therapeuten\/\"><strong>Ich schaffs! Spielerisch und praktisch L\u00f6sungen mit Kindern finden - Das 15-Schritte-Programm f\u00fcr Eltern, Erzieher und\u00a0 Therapeuten<\/strong><\/a><\/td>\r\n<td style=\"width: 9.10245%\">3-14 Jahre<\/td>\r\n<td style=\"width: 18.2049%\">Motivation, Selbstmanagement<\/td>\r\n<td style=\"width: 20.2276%;text-align: center\">[hfh_circle fill=\"full\" color=\"#14776c\"]<\/td>\r\n<td style=\"width: 22.9155%;text-align: center\">[hfh_circle fill=\"full\" color=\"#14776c\"]<\/td>\r\n<td style=\"width: 20.4471%;text-align: center\">[hfh_circle fill=\"full\" color=\"#14776c\"]<\/td>\r\n<td style=\"width: 4.01837%\"><\/td>\r\n<td style=\"width: 4.13318%\"><\/td>\r\n<\/tr>\r\n<tr>\r\n<td style=\"width: 9.10245%\"><a href=\"https:\/\/digital.hfh.ch\/wissenwaswirkt\/chapter\/ich-schaffs-cool-ans-ziel-das-loesungsorientierte-programm-fuer-die-arbeit-mit-jugendlichen\/\"><strong>Ich schaffs! - Cool ans Ziel. Das l\u00f6sungsorientierte Programm f\u00fcr die Arbeit mit Jugendlichen<\/strong><\/a><\/td>\r\n<td style=\"width: 9.10245%\">13-17 Jahre<\/td>\r\n<td style=\"width: 18.2049%\">Motivation, Selbstmanagement<\/td>\r\n<td style=\"width: 20.2276%;text-align: center\">[hfh_circle fill=\"full\" color=\"#14776c\"]<\/td>\r\n<td style=\"width: 22.9155%;text-align: center\">[hfh_circle fill=\"full\" color=\"#14776c\"]<\/td>\r\n<td style=\"width: 20.4471%;text-align: center\">[hfh_circle fill=\"half\" color=\"#14776c\"]<\/td>\r\n<td style=\"width: 4.01837%\"><\/td>\r\n<td style=\"width: 4.13318%\"><\/td>\r\n<\/tr>\r\n<tr>\r\n<td style=\"width: 9.10245%\"><a href=\"https:\/\/digital.hfh.ch\/wissenwaswirkt\/chapter\/ich-schaffs-in-der-schule-das-loesungsfokussierte-15-schritte-programm-fuer-den-schulischen-alltag\/\"><strong>Ich schaffs! in der Schule. Das l\u00f6sungsfokussierte 15-Schritte-Programm f\u00fcr den schulischen Alltag<\/strong><\/a><\/td>\r\n<td style=\"width: 9.10245%\">Kinder und Jugendliche im Schulalltag<\/td>\r\n<td style=\"width: 18.2049%\">Motivation, Selbstmanagement<\/td>\r\n<td style=\"width: 20.2276%;text-align: center\">[hfh_circle fill=\"full\" color=\"#14776c\"]<\/td>\r\n<td style=\"width: 22.9155%;text-align: center\">[hfh_circle fill=\"full\" color=\"#14776c\"]<\/td>\r\n<td style=\"width: 20.4471%;text-align: center\">[hfh_circle fill=\"half\" color=\"#14776c\"]<\/td>\r\n<td style=\"width: 4.01837%\"><\/td>\r\n<td style=\"width: 4.13318%\"><\/td>\r\n<\/tr>\r\n<tr>\r\n<td style=\"width: 9.10245%\"><a href=\"https:\/\/digital.hfh.ch\/wissenwaswirkt\/chapter\/lautarium-ein-computerbasiertes-trainingsprogramm-fuer-grundschulkinder-mit-lese-rechtschreibschwierigkeiten\/\"><strong>Lautarium. Ein computerbasiertes Trainingsprogramm f\u00fcr Grundschulkinder mit Lese-Rechtschreibschwierigkeiten<\/strong><\/a><\/td>\r\n<td style=\"width: 9.10245%\">1. bis 4. Klasse<\/td>\r\n<td style=\"width: 18.2049%\">Phonologische Bewusstheit, Lesen, Rechtschreiben<\/td>\r\n<td style=\"width: 20.2276%;text-align: center\">[hfh_circle fill=\"full\" color=\"#14776c\"]<\/td>\r\n<td style=\"width: 22.9155%;text-align: center\">[hfh_circle fill=\"full\" color=\"#14776c\"]<\/td>\r\n<td style=\"width: 20.4471%;text-align: center\">[hfh_circle fill=\"full\" color=\"#14776c\"]<\/td>\r\n<td style=\"width: 4.01837%\"><\/td>\r\n<td style=\"width: 4.13318%\"><\/td>\r\n<\/tr>\r\n<tr>\r\n<td style=\"width: 9.10245%\"><a href=\"https:\/\/digital.hfh.ch\/wissenwaswirkt\/chapter\/lesespiele-mit-elfe-und-mathis-computerbasierte-lesefoerderung-fuer-die-erste-bis-vierte-klasse\/\"><strong>Lesespiele mit Elfe und Mathis. Computerbasierte Lesef\u00f6rderung f\u00fcr die erste bis vierte Klasse<\/strong><\/a><\/td>\r\n<td style=\"width: 9.10245%\">1. bis 4. Klasse<\/td>\r\n<td style=\"width: 18.2049%\">Lesen<\/td>\r\n<td style=\"width: 20.2276%;text-align: center\">[hfh_circle fill=\"full\" color=\"#14776c\"]<\/td>\r\n<td style=\"width: 22.9155%;text-align: center\">[hfh_circle fill=\"full\" color=\"#14776c\"]<\/td>\r\n<td style=\"width: 20.4471%;text-align: center\">[hfh_circle fill=\"half\" color=\"#14776c\"]<\/td>\r\n<td style=\"width: 4.01837%\"><\/td>\r\n<td style=\"width: 4.13318%\"><\/td>\r\n<\/tr>\r\n<tr>\r\n<td style=\"width: 9.10245%\"><a href=\"https:\/\/digital.hfh.ch\/wissenwaswirkt\/chapter\/lobo-vom-globo-foerderung-der-phonologischen-bewusstheit-und-sprachlicher-kompetenzen-das-lobo-kindergartenprogramm\/\"><strong>\u00abLobo vom Globo\u00bb - F\u00f6rderung der phonologischen Bewusstheit und sprachlicher Kompetenzen. Das Lobo-Kindergartenprogramm<\/strong><\/a><\/td>\r\n<td style=\"width: 9.10245%\">Kindergartenkinder im letzten Schulhalbjahr vor Schuleintritt<\/td>\r\n<td style=\"width: 18.2049%\">Phonologische Bewusstheit, Sprache<\/td>\r\n<td style=\"width: 20.2276%;text-align: center\">[hfh_circle fill=\"full\" color=\"#14776c\"]<\/td>\r\n<td style=\"width: 22.9155%;text-align: center\">[hfh_circle fill=\"full\" color=\"#14776c\"]<\/td>\r\n<td style=\"width: 20.4471%;text-align: center\">[hfh_circle fill=\"full\" color=\"#14776c\"]<\/td>\r\n<td style=\"width: 4.01837%\"><\/td>\r\n<td style=\"width: 4.13318%\"><\/td>\r\n<\/tr>\r\n<tr>\r\n<td style=\"width: 9.10245%\">\r\n<div style=\"font-weight: 400\">\r\n\r\n<a href=\"https:\/\/digital.hfh.ch\/wissenwaswirkt\/chapter\/locker-bleiben-sozialtraining-fuer-schueler-mit-sonderpaedagogischem-foerderbedarf-handlungsorientierte-methoden-zum-sozialen-lernen-und-zur-gewaltpraevention\/\"><strong>Locker Bleiben <\/strong><strong>Sozialtraining f\u00fcr Sch\u00fcler mit sonderp\u00e4dagogischem F\u00f6rderbedarf \u2013 Handlungsorientierte Methoden zum Sozialen Lernen und zur Gewaltpr\u00e4vention<\/strong><\/a>\r\n\r\n<\/div><\/td>\r\n<td style=\"width: 9.10245%\">Sekundarstufe I und II, Berufsfachschule<\/td>\r\n<td style=\"width: 18.2049%\">Soziale Kompetenz<\/td>\r\n<td style=\"width: 20.2276%;text-align: center\">[hfh_circle fill=\"full\" color=\"#14776c\"]<\/td>\r\n<td style=\"width: 22.9155%;text-align: center\">[hfh_circle fill=\"half\" color=\"#14776c\"]<\/td>\r\n<td style=\"width: 20.4471%;text-align: center\">[hfh_circle fill=\"empty\" color=\"#14776c\"]<\/td>\r\n<td style=\"width: 4.01837%\"><\/td>\r\n<td style=\"width: 4.13318%\"><\/td>\r\n<\/tr>\r\n<tr>\r\n<td style=\"width: 9.10245%\"><a href=\"https:\/\/digital.hfh.ch\/wissenwaswirkt\/chapter\/lubo-aus-dem-all-1-und-2-klasse-programm-zur-foerderung-sozial-emotionaler-kompetenzen\/\"><strong>\"Lubo aus dem All!\" - 1. und 2. Klasse. Programm zur F\u00f6rderung sozial-emotionaler Kompetenzen<\/strong><\/a><\/td>\r\n<td style=\"width: 9.10245%\">1. und 2. Klasse<\/td>\r\n<td style=\"width: 18.2049%\">Emotionale Kompetenz, soziale Kompetenz, sozial-emotionale Kompetenzen, sozial-kognitive Kompetenzen, Sozialverhalten<\/td>\r\n<td style=\"width: 20.2276%;text-align: center\">[hfh_circle fill=\"full\" color=\"#14776c\"]<\/td>\r\n<td style=\"width: 22.9155%;text-align: center\">[hfh_circle fill=\"full\" color=\"#14776c\"]<\/td>\r\n<td style=\"width: 20.4471%;text-align: center\">[hfh_circle fill=\"full\" color=\"#14776c\"]<\/td>\r\n<td style=\"width: 4.01837%\"><\/td>\r\n<td style=\"width: 4.13318%\"><\/td>\r\n<\/tr>\r\n<tr>\r\n<td style=\"width: 9.10245%\"><a href=\"https:\/\/digital.hfh.ch\/wissenwaswirkt\/chapter\/lubo-aus-dem-all-vorschulalter-programm-zur-foerderung-sozial-emotionaler-kompetenzen\/\"><strong>\"Lubo aus dem All!\" - Vorschulalter. Programm zur F\u00f6rderung sozial-emotionaler Kompetenzen<\/strong><\/a><\/td>\r\n<td style=\"width: 9.10245%\">5-6 Jahre (Kindergarten)<\/td>\r\n<td style=\"width: 18.2049%\">Emotionale Kompetenz, soziale Kompetenz, sozial-emotionale Kompetenzen, sozial-kognitive Kompetenzen, Sozialverhalten<\/td>\r\n<td style=\"width: 20.2276%;text-align: center\">[hfh_circle fill=\"full\" color=\"#14776c\"]<\/td>\r\n<td style=\"width: 22.9155%;text-align: center\">[hfh_circle fill=\"full\" color=\"#14776c\"]<\/td>\r\n<td style=\"width: 20.4471%;text-align: center\">[hfh_circle fill=\"half\" color=\"#14776c\"]<\/td>\r\n<td style=\"width: 4.01837%\"><\/td>\r\n<td style=\"width: 4.13318%\"><\/td>\r\n<\/tr>\r\n<tr>\r\n<td style=\"width: 9.10245%\"><a href=\"https:\/\/digital.hfh.ch\/wissenwaswirkt\/chapter\/marburger-konzentrationstraining-mkt-fuer-jugendliche\/\"><strong>Marburger Konzentrationstraining f\u00fcr Jugendliche (MKT-J)<\/strong><\/a><\/td>\r\n<td style=\"width: 9.10245%\">Jugendliche<\/td>\r\n<td style=\"width: 18.2049%\">Aufmerksamkeit, Konzentration<\/td>\r\n<td style=\"width: 20.2276%;text-align: center\">[hfh_circle fill=\"full\" color=\"#14776c\"]<\/td>\r\n<td style=\"width: 22.9155%;height: 84px;text-align: center\">[hfh_circle fill=\"full\" color=\"#14776c\"]<\/td>\r\n<td style=\"width: 20.4471%;height: 84px;text-align: center\">[hfh_circle fill=\"half\" color=\"#14776c\"]<\/td>\r\n<td style=\"width: 4.01837%\"><\/td>\r\n<td style=\"width: 4.13318%\"><\/td>\r\n<\/tr>\r\n<tr>\r\n<td style=\"width: 9.10245%\"><a href=\"https:\/\/digital.hfh.ch\/wissenwaswirkt\/chapter\/marburger-konzentrationstraining-fuer-kindergarten-vorschule-eingangsstufe\/\"><strong>Marburger Konzentrationstraining (MKT) f\u00fcr Kindergarten, Vorschule und Eingangsstufe<\/strong><\/a><\/td>\r\n<td style=\"width: 9.10245%\">5-7 Jahre<\/td>\r\n<td style=\"width: 18.2049%\">Aufmerksamkeit, Konzentration<\/td>\r\n<td style=\"width: 20.2276%;text-align: center\">[hfh_circle fill=\"full\" color=\"#14776c\"]<\/td>\r\n<td style=\"width: 22.9155%;text-align: center\">[hfh_circle fill=\"full\" color=\"#14776c\"]<\/td>\r\n<td style=\"width: 20.4471%;text-align: center\">[hfh_circle fill=\"half\" color=\"#14776c\"]<\/td>\r\n<td style=\"width: 4.01837%;height: 84px;text-align: center\"><\/td>\r\n<td style=\"width: 4.13318%;height: 84px;text-align: center\"><\/td>\r\n<\/tr>\r\n<tr style=\"height: 84px\">\r\n<td style=\"width: 9.10245%;height: 84px\"><a href=\"https:\/\/digital.hfh.ch\/wissenwaswirkt\/chapter\/marburger-konzentrationstraining\/\"><strong>Marburger Konzentrationstraining (MKT) f\u00fcr Schulkinder<\/strong><\/a><\/td>\r\n<td style=\"width: 9.10245%\">6-12 Jahre<\/td>\r\n<td style=\"width: 18.2049%\">Aufmerksamkeit, Konzentration<\/td>\r\n<td style=\"width: 20.2276%;height: 84px;text-align: center\">[hfh_circle fill=\"full\" color=\"#14776c\"]<\/td>\r\n<td style=\"width: 22.9155%;height: 84px;text-align: center\">[hfh_circle fill=\"full\" color=\"#14776c\"]<\/td>\r\n<td style=\"width: 20.4471%;height: 84px;text-align: center\">[hfh_circle fill=\"full\" color=\"#14776c\"]<\/td>\r\n<td style=\"width: 4.01837%\"><\/td>\r\n<td style=\"width: 4.13318%\"><\/td>\r\n<\/tr>\r\n<tr>\r\n<td style=\"width: 9.10245%\"><a href=\"https:\/\/digital.hfh.ch\/wissenwaswirkt\/chapter\/mathe-sicher-koennen-diagnose-und-foerderkonzept-zur-sicherung-mathematischer-basiskompetenzen-natuerliche-zahlen\/\"><strong>Mathe sicher k\u00f6nnen: Diagnose- und F\u00f6rderkonzept zur Sicherung mathematischer Basiskompetenzen. Nat\u00fcrliche Zahlen<\/strong><\/a><\/td>\r\n<td style=\"width: 9.10245%\">ab 3. Klasse<\/td>\r\n<td style=\"width: 18.2049%\">Mathematik<\/td>\r\n<td style=\"width: 20.2276%;text-align: center\">[hfh_circle fill=\"full\" color=\"#14776c\"]<\/td>\r\n<td style=\"width: 22.9155%;text-align: center\">[hfh_circle fill=\"empty\" color=\"#14776c\"]<\/td>\r\n<td style=\"width: 20.4471%;text-align: center\">[hfh_circle fill=\"half\" color=\"#14776c\"]<\/td>\r\n<td style=\"width: 4.01837%\"><\/td>\r\n<td style=\"width: 4.13318%\"><\/td>\r\n<\/tr>\r\n<tr>\r\n<td style=\"width: 9.10245%\"><a href=\"https:\/\/digital.hfh.ch\/wissenwaswirkt\/chapter\/medienhelden-unterrichtsmaterialien-zur-foerderung-von-medienkompetenz-und-praevention-von-cybermobbing\/\"><strong>Medienhelden. Unterrichtsmanual zur F\u00f6rderung von Medienkompetenz und Pr\u00e4vention von Cybermobbing<\/strong><\/a><\/td>\r\n<td style=\"width: 9.10245%\">12-16 Jahre<\/td>\r\n<td style=\"width: 18.2049%\">Medienkompetenz, Cybermobbing<\/td>\r\n<td style=\"width: 20.2276%;text-align: center\">[hfh_circle fill=\"full\" color=\"#14776c\"]<\/td>\r\n<td style=\"width: 22.9155%;text-align: center\">[hfh_circle fill=\"full\" color=\"#14776c\"]<\/td>\r\n<td style=\"width: 20.4471%;text-align: center\">[hfh_circle fill=\"full\" color=\"#14776c\"]<\/td>\r\n<td style=\"width: 4.01837%\"><\/td>\r\n<td style=\"width: 4.13318%\"><\/td>\r\n<\/tr>\r\n<tr>\r\n<td style=\"width: 9.10245%\"><a href=\"https:\/\/digital.hfh.ch\/wissenwaswirkt\/chapter\/mengen-zaehlen-zahlen-die-grosse-foerderbox\/\"><strong>Mengen, z\u00e4hlen, Zahlen. Die grosse F\u00f6rderbox.<\/strong><\/a><\/td>\r\n<td style=\"width: 9.10245%\">Kindergarten bis 1. Klasse<\/td>\r\n<td style=\"width: 18.2049%\">Mathematik<\/td>\r\n<td style=\"width: 20.2276%;text-align: center\">[hfh_circle fill=\"full\" color=\"#14776c\"]<\/td>\r\n<td style=\"width: 22.9155%;text-align: center\">[hfh_circle fill=\"full\" color=\"#14776c\"]<\/td>\r\n<td style=\"width: 20.4471%;text-align: center\">[hfh_circle fill=\"half\" color=\"#14776c\"]<\/td>\r\n<td style=\"width: 4.01837%\"><\/td>\r\n<td style=\"width: 4.13318%\"><\/td>\r\n<\/tr>\r\n<tr>\r\n<td style=\"width: 9.10245%\"><a href=\"https:\/\/digital.hfh.ch\/wissenwaswirkt\/chapter\/motivation-lernen-das-trainingsprogramm-fuer-die-schule\/\"><strong>Motivation lernen. Das Trainingsprogramm f\u00fcr die Schule<\/strong><\/a><\/td>\r\n<td style=\"width: 9.10245%\">Mittel- und Oberstufe<\/td>\r\n<td style=\"width: 18.2049%\">Motivation<\/td>\r\n<td style=\"width: 20.2276%;text-align: center\">[hfh_circle fill=\"full\" color=\"#14776c\"]<\/td>\r\n<td style=\"width: 22.9155%;text-align: center\">[hfh_circle fill=\"half\" color=\"#14776c\"]<\/td>\r\n<td style=\"width: 20.4471%;text-align: center\">[hfh_circle fill=\"half\" color=\"#14776c\"]<\/td>\r\n<td style=\"width: 4.01837%\"><\/td>\r\n<td style=\"width: 4.13318%\"><\/td>\r\n<\/tr>\r\n<tr>\r\n<td style=\"width: 9.10245%\"><a href=\"https:\/\/digital.hfh.ch\/wissenwaswirkt\/chapter\/nele-und-noa-im-regenwald-berner-material-zur-foerderung-exekutiver-funktionen\/\"><strong>Nele und Noa im Regenwald - Berner Material zur F\u00f6rderung exekutiver Funktionen<\/strong><\/a><\/td>\r\n<td style=\"width: 9.10245%\">4 1\/2-7 Jahre<\/td>\r\n<td style=\"width: 18.2049%\">Exekutive Funktionen<\/td>\r\n<td style=\"width: 20.2276%;text-align: center\">[hfh_circle fill=\"full\" color=\"#14776c\"]<\/td>\r\n<td style=\"width: 22.9155%;text-align: center\">[hfh_circle fill=\"full\" color=\"#14776c\"]<\/td>\r\n<td style=\"width: 20.4471%;text-align: center\">[hfh_circle fill=\"half\" color=\"#14776c\"]<\/td>\r\n<td style=\"width: 4.01837%\"><\/td>\r\n<td style=\"width: 4.13318%\"><\/td>\r\n<\/tr>\r\n<tr>\r\n<td style=\"width: 9.10245%\"><a href=\"https:\/\/digital.hfh.ch\/wissenwaswirkt\/chapter\/praevention-test\/\"><strong>Pr\u00e4vention und Resilienzf\u00f6rderung in Grundschulen - PRiGS<\/strong><\/a><\/td>\r\n<td style=\"width: 9.10245%\">1.-4. Klasse<\/td>\r\n<td style=\"width: 18.2049%\">Resilienz<\/td>\r\n<td style=\"width: 20.2276%;text-align: center\">[hfh_circle fill=\"full\" color=\"#14776c\"]<\/td>\r\n<td style=\"width: 22.9155%;text-align: center\">[hfh_circle fill=\"full\" color=\"#14776c\"]<\/td>\r\n<td style=\"width: 20.4471%;text-align: center\">[hfh_circle fill=\"half\" color=\"#14776c\"]<\/td>\r\n<td style=\"width: 4.01837%\"><\/td>\r\n<td style=\"width: 4.13318%\"><\/td>\r\n<\/tr>\r\n<tr>\r\n<td style=\"width: 9.10245%\"><a href=\"https:\/\/digital.hfh.ch\/wissenwaswirkt\/chapter\/praevention-und-resilienzfoerderung-in-kindertageseinrichtungen-prik\/\"><strong><span class=\"TextRun SCXW176688175 BCX8\" lang=\"DE-CH\" xml:lang=\"DE-CH\" data-contrast=\"none\"><span class=\"NormalTextRun SCXW176688175 BCX8\">Pr\u00e4vention und Resilienzf\u00f6rderung in Kindertageseinrichtungen (PRiK)<\/span><\/span><\/strong><\/a><\/td>\r\n<td style=\"width: 9.10245%\">4-6 Jahre<\/td>\r\n<td style=\"width: 18.2049%\">Resilienz<\/td>\r\n<td style=\"width: 20.2276%;text-align: center\">[hfh_circle fill=\"full\" color=\"#14776c\"]<\/td>\r\n<td style=\"width: 22.9155%;text-align: center\">[hfh_circle fill=\"full\" color=\"#14776c\"]<\/td>\r\n<td style=\"width: 20.4471%;text-align: center\">[hfh_circle fill=\"full\" color=\"#14776c\"]<\/td>\r\n<td style=\"width: 4.01837%\"><\/td>\r\n<td style=\"width: 4.13318%\"><\/td>\r\n<\/tr>\r\n<tr>\r\n<td style=\"width: 9.10245%\"><a href=\"https:\/\/digital.hfh.ch\/wissenwaswirkt\/chapter\/praevention-und-resilienzfoerderung-in-der-sekundarstufe-i-pris\/\"><strong><span class=\"TextRun SCXW176688175 BCX8\" lang=\"DE-CH\" xml:lang=\"DE-CH\" data-contrast=\"none\"><span class=\"NormalTextRun SCXW176688175 BCX8\">Pr\u00e4vention und Resilienzf\u00f6rderung in der Sekundarstufe I (PRiS)<\/span><\/span><\/strong><\/a><\/td>\r\n<td style=\"width: 9.10245%\">5.-10. Klasse<\/td>\r\n<td style=\"width: 18.2049%\">Resilienz<\/td>\r\n<td style=\"width: 20.2276%;text-align: center\">[hfh_circle fill=\"full\" color=\"#14776c\"]<\/td>\r\n<td style=\"width: 22.9155%;text-align: center\">[hfh_circle fill=\"full\" color=\"#14776c\"]<\/td>\r\n<td style=\"width: 20.4471%;text-align: center\">[hfh_circle fill=\"half\" color=\"#14776c\"]<\/td>\r\n<td style=\"width: 4.01837%\"><\/td>\r\n<td style=\"width: 4.13318%\"><\/td>\r\n<\/tr>\r\n<tr>\r\n<td style=\"width: 9.10245%\"><a href=\"https:\/\/digital.hfh.ch\/wissenwaswirkt\/chapter\/reise-durch-den-zoo\/\"><strong><span class=\"TextRun SCXW176688175 BCX8\" lang=\"DE-CH\" xml:lang=\"DE-CH\" data-contrast=\"none\"><span class=\"NormalTextRun SCXW176688175 BCX8\">Reise durch den Zoo<\/span><\/span><\/strong><\/a><\/td>\r\n<td style=\"width: 9.10245%\">Kindergarten<\/td>\r\n<td style=\"width: 18.2049%\">Grafomotorik, Motorik<\/td>\r\n<td style=\"width: 20.2276%;text-align: center\">[hfh_circle fill=\"full\" color=\"#14776c\"]<\/td>\r\n<td style=\"width: 22.9155%;text-align: center\">[hfh_circle fill=\"full\" color=\"#14776c\"]<\/td>\r\n<td style=\"width: 20.4471%;text-align: center\">[hfh_circle fill=\"half\" color=\"#14776c\"]<\/td>\r\n<td style=\"width: 4.01837%\"><\/td>\r\n<td style=\"width: 4.13318%\"><\/td>\r\n<\/tr>\r\n<tr>\r\n<td style=\"width: 9.10245%\"><a href=\"https:\/\/digital.hfh.ch\/wissenwaswirkt\/chapter\/rabe-socke\/\"><strong><span class=\"TextRun SCXW176688175 BCX8\" lang=\"DE-CH\" xml:lang=\"DE-CH\" data-contrast=\"none\"><span class=\"NormalTextRun SCXW176688175 BCX8\">Soziales Lernen mit dem kleinen Raben Socke 1.\/2. Klasse<\/span><\/span><\/strong><\/a><\/td>\r\n<td style=\"width: 9.10245%\">1. und 2. Klasse<\/td>\r\n<td style=\"width: 18.2049%\">Soziale Kompetenz, Sozialverhalten, Klassenklima<\/td>\r\n<td style=\"width: 20.2276%;text-align: center\">[hfh_circle fill=\"full\" color=\"#14776c\"]<\/td>\r\n<td style=\"width: 22.9155%;text-align: center\">[hfh_circle fill=\"empty\" color=\"#14776c\"]<\/td>\r\n<td style=\"width: 20.4471%;text-align: center\">[hfh_circle fill=\"empty\" color=\"#14776c\"]<\/td>\r\n<td style=\"width: 4.01837%\"><\/td>\r\n<td style=\"width: 4.13318%\"><\/td>\r\n<\/tr>\r\n<tr>\r\n<td style=\"width: 9.10245%\"><a href=\"https:\/\/digital.hfh.ch\/wissenwaswirkt\/chapter\/sozialtraining-in-der-schule\/\"><strong><span class=\"TextRun SCXW176688175 BCX8\" lang=\"DE-CH\" xml:lang=\"DE-CH\" data-contrast=\"none\"><span class=\"NormalTextRun SCXW176688175 BCX8\">Sozialtraining in der Schule<\/span><\/span><\/strong><\/a><\/td>\r\n<td style=\"width: 9.10245%\">3. bis 6. Klasse<\/td>\r\n<td style=\"width: 18.2049%\">Soziale Kompetenz, sozial-emotionale Kompetenzen<\/td>\r\n<td style=\"width: 20.2276%;text-align: center\">[hfh_circle fill=\"full\" color=\"#14776c\"]<\/td>\r\n<td style=\"width: 22.9155%;text-align: center\">[hfh_circle fill=\"full\" color=\"#14776c\"]<\/td>\r\n<td style=\"width: 20.4471%;text-align: center\">[hfh_circle fill=\"half\" color=\"#14776c\"]<\/td>\r\n<td style=\"width: 4.01837%\"><\/td>\r\n<td style=\"width: 4.13318%\"><\/td>\r\n<\/tr>\r\n<tr>\r\n<td style=\"width: 9.10245%\"><a href=\"https:\/\/digital.hfh.ch\/wissenwaswirkt\/chapter\/stressbewaeltigung-im-jugendalter-ein-trainingsprogramm-stress-nicht-als-katastrophe-erleben-snake\/\"><strong><span class=\"TextRun SCXW176688175 BCX8\" lang=\"DE-CH\" xml:lang=\"DE-CH\" data-contrast=\"none\"><span class=\"NormalTextRun SCXW176688175 BCX8\">Stress<\/span><span class=\"NormalTextRun SCXW176688175 BCX8\">bew\u00e4ltigung<\/span><span class=\"NormalTextRun SCXW176688175 BCX8\"> im Jugendalter<\/span><span class=\"NormalTextRun SCXW176688175 BCX8\">. Ein Trainingsprogramm<\/span><span class=\"NormalTextRun SCXW176688175 BCX8\">.<\/span><span class=\"NormalTextRun SCXW176688175 BCX8\">\u00a0<\/span><span class=\"NormalTextRun SCXW176688175 BCX8\">(Stress nicht als Katastrophe erleben; SNAKE)<\/span><\/span><span class=\"EOP SCXW176688175 BCX8\" data-ccp-props=\"{&quot;201341983&quot;:0,&quot;335559738&quot;:120,&quot;335559739&quot;:120,&quot;335559740&quot;:276,&quot;469777462&quot;:[340,680],&quot;469777927&quot;:[0,0],&quot;469777928&quot;:[1,1]}\">\u00a0<\/span><\/strong><\/a><\/td>\r\n<td style=\"width: 9.10245%\">8. und 9. Klasse<\/td>\r\n<td style=\"width: 18.2049%\">Stress, Entspannung, Probleml\u00f6sen<\/td>\r\n<td style=\"width: 20.2276%;text-align: center\">[hfh_circle fill=\"full\" color=\"#14776c\"]<\/td>\r\n<td style=\"width: 22.9155%;text-align: center\">[hfh_circle fill=\"full\" color=\"#14776c\"]<\/td>\r\n<td style=\"width: 20.4471%;text-align: center\">[hfh_circle fill=\"full\" color=\"#14776c\"]<\/td>\r\n<td style=\"width: 4.01837%\"><\/td>\r\n<td style=\"width: 4.13318%\"><\/td>\r\n<\/tr>\r\n<tr>\r\n<td style=\"width: 9.10245%\"><a href=\"https:\/\/digital.hfh.ch\/wissenwaswirkt\/chapter\/stresspraeventionstraining-fuer-kinder-im-grundschulalter\/\"><strong>Stresspr\u00e4ventionstraining f\u00fcr Kinder im Grundschulalter<\/strong><\/a><\/td>\r\n<td style=\"width: 9.10245%\">3. und 4. Klasse<\/td>\r\n<td style=\"width: 18.2049%\">Stress<\/td>\r\n<td style=\"width: 20.2276%;text-align: center\">[hfh_circle fill=\"full\" color=\"#14776c\"]<\/td>\r\n<td style=\"width: 22.9155%;text-align: center\">[hfh_circle fill=\"full\" color=\"#14776c\"]<\/td>\r\n<td style=\"width: 20.4471%;text-align: center\">[hfh_circle fill=\"full\" color=\"#14776c\"]<\/td>\r\n<td style=\"width: 4.01837%\"><\/td>\r\n<td style=\"width: 4.13318%\"><\/td>\r\n<\/tr>\r\n<tr>\r\n<td style=\"width: 9.10245%\"><a href=\"https:\/\/digital.hfh.ch\/wissenwaswirkt\/chapter\/training-fuer-kinder-mit-aufmerksamkeitsstoerungen-das-neuropsychologische-gruppenprogramm-attentioner\/\"><strong>Training f\u00fcr Kinder mit Aufmerksamkeitsst\u00f6rungen: Das neuropsychologische Gruppenprogramm ATTENTIONER<\/strong><\/a><\/td>\r\n<td style=\"width: 9.10245%\">4-14 Jahre<\/td>\r\n<td style=\"width: 18.2049%\">ADHS, Aufmerksamkeit, Selbstregulation<\/td>\r\n<td style=\"width: 20.2276%;text-align: center\">[hfh_circle fill=\"full\" color=\"#14776c\"]<\/td>\r\n<td style=\"width: 22.9155%;text-align: center\">[hfh_circle fill=\"full\" color=\"#14776c\"]<\/td>\r\n<td style=\"width: 20.4471%;text-align: center\">[hfh_circle fill=\"half\" color=\"#14776c\"]<\/td>\r\n<td style=\"width: 4.01837%\"><\/td>\r\n<td style=\"width: 4.13318%\"><\/td>\r\n<\/tr>\r\n<tr>\r\n<td style=\"width: 9.10245%\"><a href=\"https:\/\/digital.hfh.ch\/wissenwaswirkt\/chapter\/training-fuer-kinder-mit-gedaechtnisstoerungen-das-neuropsychologische-einzeltraining-reminder\/\"><strong>Training f\u00fcr Kinder mit Ged\u00e4chtnisst\u00f6rungen. Das neuropsychologische Einzeltraining REMINDER<\/strong><\/a><\/td>\r\n<td style=\"width: 9.10245%\">7-12 Jahre<\/td>\r\n<td style=\"width: 18.2049%\">Ged\u00e4chtnis<\/td>\r\n<td style=\"width: 20.2276%;text-align: center\">[hfh_circle fill=\"full\" color=\"#14776c\"]<\/td>\r\n<td style=\"width: 22.9155%;text-align: center\">[hfh_circle fill=\"full\" color=\"#14776c\"]<\/td>\r\n<td style=\"width: 20.4471%;text-align: center\">[hfh_circle fill=\"half\" color=\"#14776c\"]<\/td>\r\n<td style=\"width: 4.01837%\"><\/td>\r\n<td style=\"width: 4.13318%\"><\/td>\r\n<\/tr>\r\n<tr>\r\n<td style=\"width: 9.10245%\"><a href=\"https:\/\/digital.hfh.ch\/wissenwaswirkt\/chapter\/training-mit-aggressiven-kindern\/\"><strong>Training mit aggressiven Kindern<\/strong><\/a><\/td>\r\n<td style=\"width: 9.10245%\">6-12 Jahre<\/td>\r\n<td style=\"width: 18.2049%\">Aggression<\/td>\r\n<td style=\"width: 20.2276%;text-align: center\">[hfh_circle fill=\"full\" color=\"#14776c\"]<\/td>\r\n<td style=\"width: 22.9155%;text-align: center\">[hfh_circle fill=\"full\" color=\"#14776c\"]<\/td>\r\n<td style=\"width: 20.4471%;text-align: center\">[hfh_circle fill=\"half\" color=\"#14776c\"]<\/td>\r\n<td style=\"width: 4.01837%\"><\/td>\r\n<td style=\"width: 4.13318%\"><\/td>\r\n<\/tr>\r\n<tr>\r\n<td style=\"width: 9.10245%\"><a href=\"https:\/\/digital.hfh.ch\/wissenwaswirkt\/chapter\/training-mit-aufmerksamkeitsgestoerten-kindern-2\/\"><strong>Training mit aufmerksamkeitsgest\u00f6rten Kindern<\/strong><\/a><\/td>\r\n<td style=\"width: 9.10245%\">6-12 Jahre<\/td>\r\n<td style=\"width: 18.2049%\">ADHS, Aufmerksamkeit<\/td>\r\n<td style=\"width: 20.2276%;text-align: center\">[hfh_circle fill=\"full\" color=\"#14776c\"]<\/td>\r\n<td style=\"width: 22.9155%;text-align: center\">[hfh_circle fill=\"full\" color=\"#14776c\"]<\/td>\r\n<td style=\"width: 20.4471%;text-align: center\">[hfh_circle fill=\"full\" color=\"#14776c\"]<\/td>\r\n<td style=\"width: 4.01837%\"><\/td>\r\n<td style=\"width: 4.13318%\"><\/td>\r\n<\/tr>\r\n<tr>\r\n<td style=\"width: 9.10245%\"><a href=\"https:\/\/digital.hfh.ch\/wissenwaswirkt\/chapter\/training-mit-jugendlichen-aufbau-von-arbeits-und-sozialverhalten-jobfit-training\/\"><strong>Training mit Jugendlichen: Aufbau von Arbeits- und Sozialverhalten (JobFit-Training)<\/strong><\/a><\/td>\r\n<td style=\"width: 9.10245%\">13-20 Jahre<\/td>\r\n<td style=\"width: 18.2049%\">Arbeitsverhalten, Sozialverhalten<\/td>\r\n<td style=\"width: 20.2276%;text-align: center\">[hfh_circle fill=\"full\" color=\"#14776c\"]<\/td>\r\n<td style=\"width: 22.9155%;text-align: center\">[hfh_circle fill=\"full\" color=\"#14776c\"]<\/td>\r\n<td style=\"width: 20.4471%;text-align: center\">[hfh_circle fill=\"full\" color=\"#14776c\"]<\/td>\r\n<td style=\"width: 4.01837%\"><\/td>\r\n<td style=\"width: 4.13318%\"><\/td>\r\n<\/tr>\r\n<tr>\r\n<td style=\"width: 9.10245%\"><a href=\"https:\/\/digital.hfh.ch\/wissenwaswirkt\/chapter\/trainingsprogramm-kalkulie-diagnose-und-trainingsprogramm-fuer-rechenschwache-kinder\/\"><strong>Trainingsprogramm Kalkulie - Diagnose- und Trainingsprogramm f\u00fcr rechenschwache Kinder<\/strong><\/a><\/td>\r\n<td style=\"width: 9.10245%\">1.-3. Klasse<\/td>\r\n<td style=\"width: 18.2049%\">Mathematik<\/td>\r\n<td style=\"width: 20.2276%;text-align: center\">[hfh_circle fill=\"full\" color=\"#14776c\"]<\/td>\r\n<td style=\"width: 22.9155%;text-align: center\">[hfh_circle fill=\"full\" color=\"#14776c\"]<\/td>\r\n<td style=\"width: 20.4471%;text-align: center\">[hfh_circle fill=\"empty\" color=\"#14776c\"]<\/td>\r\n<td style=\"width: 4.01837%\"><\/td>\r\n<td style=\"width: 4.13318%\"><\/td>\r\n<\/tr>\r\n<tr>\r\n<td style=\"width: 9.10245%\"><a href=\"https:\/\/digital.hfh.ch\/wissenwaswirkt\/chapter\/training-zur-praevention-von-depressionen-bei-jugendlichen-lars-lisa-lust-an-realistischer-sicht-und-leichtigkeit-im-sozialen-alltag\/\"><strong>Training zur Pr\u00e4vention von Depressionen bei Jugendlichen<\/strong><\/a>\r\n\r\n<a href=\"https:\/\/digital.hfh.ch\/wissenwaswirkt\/chapter\/training-zur-praevention-von-depressionen-bei-jugendlichen-lars-lisa-lust-an-realistischer-sicht-und-leichtigkeit-im-sozialen-alltag\/\"><strong>LARS &amp; LISA: Lust an realistischer Sicht und Leichtigkeit im sozialen Alltag<\/strong><\/a><\/td>\r\n<td style=\"width: 9.10245%\">Jugendliche (12-16 Jahre)<\/td>\r\n<td style=\"width: 18.2049%\">Angst, Depression<\/td>\r\n<td style=\"width: 20.2276%;text-align: center\">[hfh_circle fill=\"full\" color=\"#14776c\"]<\/td>\r\n<td style=\"width: 22.9155%;text-align: center\">[hfh_circle fill=\"full\" color=\"#14776c\"]<\/td>\r\n<td style=\"width: 20.4471%;text-align: center\">[hfh_circle fill=\"full\" color=\"#14776c\"]<\/td>\r\n<td style=\"width: 4.01837%\"><\/td>\r\n<td style=\"width: 4.13318%\"><\/td>\r\n<\/tr>\r\n<tr>\r\n<td style=\"width: 9.10245%\"><a href=\"https:\/\/digital.hfh.ch\/wissenwaswirkt\/chapter\/verhaltenstraining-fuer-schulanfaenger-ein-programm-zur-foerderung-emotionaler-und-sozialer-kompetenzen\/\"><strong>Verhaltenstraining f\u00fcr Schulanf\u00e4nger: Ein Programm zur F\u00f6rderung emotionaler und sozialer Kompetenzen<\/strong><\/a><\/td>\r\n<td style=\"width: 9.10245%\">1. und 2. Klasse<\/td>\r\n<td style=\"width: 18.2049%\">Emotionale Kompetenz, soziale Kompetenz, sozial-emotionale Kompetenzen, sozial-kognitive Kompetenzen, Sozialverhalten<\/td>\r\n<td style=\"width: 20.2276%;text-align: center\">[hfh_circle fill=\"full\" color=\"#14776c\"]<\/td>\r\n<td style=\"width: 22.9155%;text-align: center\">[hfh_circle fill=\"full\" color=\"#14776c\"]<\/td>\r\n<td style=\"width: 20.4471%;text-align: center\">[hfh_circle fill=\"full\" color=\"#14776c\"]<\/td>\r\n<td style=\"width: 4.01837%\"><\/td>\r\n<td style=\"width: 4.13318%\"><\/td>\r\n<\/tr>\r\n<tr>\r\n<td style=\"width: 9.10245%\"><a href=\"https:\/\/digital.hfh.ch\/wissenwaswirkt\/chapter\/verhaltenstraining-im-kindergarten-ein-programm-zur-foerderung-emotionaler-und-sozialer-kompetenzen\/\"><strong>Verhaltenstraining im Kindergarten: Ein Programm zur F\u00f6rderung emotionaler und sozialer Kompetenzen<\/strong><\/a><\/td>\r\n<td style=\"width: 9.10245%\">3-6 Jahre (Kindergarten)<\/td>\r\n<td style=\"width: 18.2049%\">Emotionale Kompetenz, soziale Kompetenz, sozial-emotionale Kompetenzen, sozial-kognitive Kompetenzen, Sozialverhalten<\/td>\r\n<td style=\"width: 20.2276%;text-align: center\">[hfh_circle fill=\"full\" color=\"#14776c\"]<\/td>\r\n<td style=\"width: 22.9155%;text-align: center\">[hfh_circle fill=\"full\" color=\"#14776c\"]<\/td>\r\n<td style=\"width: 20.4471%;text-align: center\">[hfh_circle fill=\"full\" color=\"#14776c\"]<\/td>\r\n<td style=\"width: 4.01837%\"><\/td>\r\n<td style=\"width: 4.13318%\"><\/td>\r\n<\/tr>\r\n<tr>\r\n<td style=\"width: 9.10245%\"><a href=\"https:\/\/digital.hfh.ch\/wissenwaswirkt\/chapter\/verhaltenstraining-in-der-grundschule-ein-programm-zur-foerderung-emotionaler-und-sozialer-kompetenzen\/\"><strong>Verhaltenstraining in der Grundschule. Ein Programm zur F\u00f6rderung emotionaler und sozialer Kompetenzen<\/strong><\/a><\/td>\r\n<td style=\"width: 9.10245%\">3. und 4. Klasse (9-12 Jahre)<\/td>\r\n<td style=\"width: 18.2049%\">Emotionale Kompetenz, soziale Kompetenz, sozial-emotionale Kompetenzen, sozial-kognitive Kompetenzen, Sozialverhalten moralische Entwicklung<\/td>\r\n<td style=\"width: 20.2276%;text-align: center\">[hfh_circle fill=\"full\" color=\"#14776c\"]<\/td>\r\n<td style=\"width: 22.9155%;text-align: center\">[hfh_circle fill=\"full\" color=\"#14776c\"]<\/td>\r\n<td style=\"width: 20.4471%;text-align: center\">[hfh_circle fill=\"full\" color=\"#14776c\"]<\/td>\r\n<td style=\"width: 4.01837%\"><\/td>\r\n<td style=\"width: 4.13318%\"><\/td>\r\n<\/tr>\r\n<tr>\r\n<td style=\"width: 9.10245%\"><a href=\"https:\/\/digital.hfh.ch\/wissenwaswirkt\/chapter\/wir-werden-lesedetektive\/\"><strong>Wir werden Lesedetektive<\/strong><\/a><\/td>\r\n<td style=\"width: 9.10245%\">5. bis 8. Klasse<\/td>\r\n<td style=\"width: 18.2049%\">Lesen, Lesestrategien<\/td>\r\n<td style=\"width: 20.2276%;text-align: center\">[hfh_circle fill=\"full\" color=\"#14776c\"]<\/td>\r\n<td style=\"width: 22.9155%;text-align: center\">[hfh_circle fill=\"full\" color=\"#14776c\"]<\/td>\r\n<td style=\"width: 20.4471%;text-align: center\">[hfh_circle fill=\"full\" color=\"#14776c\"]<\/td>\r\n<td style=\"width: 4.01837%\"><\/td>\r\n<td style=\"width: 4.13318%\"><\/td>\r\n<\/tr>\r\n<tr>\r\n<td style=\"width: 9.10245%\"><a href=\"https:\/\/digital.hfh.ch\/wissenwaswirkt\/chapter\/wir-werden-textdetektive\/\"><strong>Wir werden Textdetektive<\/strong><\/a><\/td>\r\n<td style=\"width: 9.10245%\">4. bis 6. Klasse<\/td>\r\n<td style=\"width: 18.2049%\">Lesen, Lesestrategien<\/td>\r\n<td style=\"width: 20.2276%;text-align: center\">[hfh_circle fill=\"full\" color=\"#14776c\"]<\/td>\r\n<td style=\"width: 22.9155%;text-align: center\">[hfh_circle fill=\"full\" color=\"#14776c\"]<\/td>\r\n<td style=\"width: 20.4471%;text-align: center\">[hfh_circle fill=\"full\" color=\"#14776c\"]<\/td>\r\n<td style=\"width: 4.01837%\"><\/td>\r\n<td style=\"width: 4.13318%\"><\/td>\r\n<\/tr>\r\n<tr>\r\n<td style=\"width: 9.10245%\"><\/td>\r\n<td style=\"width: 9.10245%\"><\/td>\r\n<td style=\"width: 18.2049%\"><\/td>\r\n<td style=\"width: 20.2276%;text-align: center\"><span style=\"color: #14776c;font-size: 22px\">\u00a0<\/span><\/td>\r\n<td style=\"width: 22.9155%;text-align: center\"><span style=\"color: #14776c;font-size: 22px\">\u00a0<\/span><\/td>\r\n<td style=\"width: 20.4471%;text-align: center\"><span style=\"color: #14776c;font-size: 22px\">\u00a0<\/span><\/td>\r\n<td style=\"width: 4.01837%\"><\/td>\r\n<td style=\"width: 4.13318%\"><\/td>\r\n<\/tr>\r\n<\/tbody>\r\n<\/table>\r\n<img class=\"alignnone wp-image-702\" src=\"https:\/\/digital.hfh.ch\/wissenwaswirkt\/wp-content\/uploads\/sites\/65\/2023\/08\/Logo-WissenWasWirkt.png\" alt=\"\" width=\"206\" height=\"107\" \/>","rendered":"<h2><\/h2>\n<table style=\"border-collapse: collapse;width: 100%;height: 246px\">\n<tbody>\n<tr style=\"height: 81px\">\n<td style=\"width: 9.10245%;height: 81px;text-align: left\"><strong>Programm<\/strong><\/td>\n<td style=\"width: 9.10245%;text-align: left\"><strong>Alter<\/strong><\/td>\n<td style=\"width: 18.2049%\"><strong>Stichworte<\/strong><\/td>\n<td style=\"width: 20.2276%;height: 81px;text-align: center\"><strong>Durchf\u00fchrbarkeit<\/strong><\/td>\n<td style=\"width: 22.9155%;height: 81px;text-align: center\"><strong>Theoretische Fundierung<\/strong><\/td>\n<td style=\"width: 20.4471%;height: 81px;text-align: center\"><strong>Evaluation<\/strong><\/td>\n<td style=\"width: 4.01837%\"><\/td>\n<td style=\"width: 4.13318%\"><\/td>\n<\/tr>\n<tr>\n<td style=\"width: 9.10245%\"><a href=\"https:\/\/digital.hfh.ch\/wissenwaswirkt\/chapter\/abloesung-vom-zaehlenden-rechnen-foerdereinheiten-fuer-heterogene-lerngruppen\/\"><strong>Abl\u00f6sung vom z\u00e4hlenden Rechnen: F\u00f6rdereinheiten f\u00fcr heterogene Lerngruppen<\/strong><\/a><\/td>\n<td style=\"width: 9.10245%\">ab 1. Klasse<\/td>\n<td style=\"width: 18.2049%\">Mathematik<\/td>\n<td style=\"width: 20.2276%;text-align: center\"><span class='pressbooks-hfh-circle pressbooks-hfh-circle--full' style='--pressbooks-hfh-circle-width: 1.375rem; --pressbooks-hfh-circle-color: #14776c;'><span class='hfh-sr-only'>Gef\u00fcllter Kreis<\/span><\/span><\/td>\n<td style=\"width: 22.9155%;text-align: center\"><span class='pressbooks-hfh-circle pressbooks-hfh-circle--full' style='--pressbooks-hfh-circle-width: 1.375rem; --pressbooks-hfh-circle-color: #14776c;'><span class='hfh-sr-only'>Gef\u00fcllter Kreis<\/span><\/span><\/td>\n<td style=\"width: 20.4471%;text-align: center\"><span class='pressbooks-hfh-circle pressbooks-hfh-circle--half' style='--pressbooks-hfh-circle-width: 1.375rem; --pressbooks-hfh-circle-color: #14776c;'><span class='hfh-sr-only'>Halb gef\u00fcllter Kreis<\/span><\/span><\/td>\n<td style=\"width: 4.01837%;text-align: center\"><\/td>\n<td style=\"width: 4.13318%;text-align: center\"><\/td>\n<\/tr>\n<tr>\n<td style=\"width: 9.10245%\"><a href=\"https:\/\/digital.hfh.ch\/wissenwaswirkt\/chapter\/adhs-bei-jugendlichen-das-lerntraining-leja\/\"><strong>ADHS bei Jugendlichen. Das Lerntraining LeJA<\/strong><\/a><\/td>\n<td style=\"width: 9.10245%\">Jugendliche (12-17 Jahre)<\/td>\n<td style=\"width: 18.2049%\">ADHS<\/td>\n<td style=\"width: 20.2276%;text-align: center\"><span class='pressbooks-hfh-circle pressbooks-hfh-circle--full' style='--pressbooks-hfh-circle-width: 1.375rem; --pressbooks-hfh-circle-color: #14776c;'><span class='hfh-sr-only'>Gef\u00fcllter Kreis<\/span><\/span><\/td>\n<td style=\"width: 22.9155%;text-align: center\"><span class='pressbooks-hfh-circle pressbooks-hfh-circle--full' style='--pressbooks-hfh-circle-width: 1.375rem; --pressbooks-hfh-circle-color: #14776c;'><span class='hfh-sr-only'>Gef\u00fcllter Kreis<\/span><\/span><\/td>\n<td style=\"width: 20.4471%;text-align: center\"><span class='pressbooks-hfh-circle pressbooks-hfh-circle--full' style='--pressbooks-hfh-circle-width: 1.375rem; --pressbooks-hfh-circle-color: #14776c;'><span class='hfh-sr-only'>Gef\u00fcllter Kreis<\/span><\/span><\/td>\n<td style=\"width: 4.01837%;text-align: center\"><\/td>\n<td style=\"width: 4.13318%;text-align: center\"><\/td>\n<\/tr>\n<tr>\n<td style=\"width: 9.10245%\"><a href=\"https:\/\/digital.hfh.ch\/wissenwaswirkt\/chapter\/animal-fun-ein-bewegungsprogramm-zur-foerderung-von-physischer-aktivitaet-und-psychischer-gesundheit\/\"><strong>Animal Fun: Ein Bewegungsprogramm zur F\u00f6rderung von physischer Aktivit\u00e4t und psychischer Gesundheit<\/strong><\/a><\/td>\n<td style=\"width: 9.10245%\">3-6 Jahre<\/td>\n<td style=\"width: 18.2049%\">Motorik, Sozial-emotionale Kompetenz<\/td>\n<td style=\"width: 20.2276%;text-align: center\"><span class='pressbooks-hfh-circle pressbooks-hfh-circle--full' style='--pressbooks-hfh-circle-width: 1.375rem; --pressbooks-hfh-circle-color: #14776c;'><span class='hfh-sr-only'>Gef\u00fcllter Kreis<\/span><\/span><\/td>\n<td style=\"width: 22.9155%;text-align: center\"><span class='pressbooks-hfh-circle pressbooks-hfh-circle--empty' style='--pressbooks-hfh-circle-width: 1.375rem; --pressbooks-hfh-circle-color: #14776c;'><span class='hfh-sr-only'>Leerer Kreis<\/span><\/span><\/td>\n<td style=\"width: 20.4471%;text-align: center\"><span class='pressbooks-hfh-circle pressbooks-hfh-circle--half' style='--pressbooks-hfh-circle-width: 1.375rem; --pressbooks-hfh-circle-color: #14776c;'><span class='hfh-sr-only'>Halb gef\u00fcllter Kreis<\/span><\/span><\/td>\n<td style=\"width: 4.01837%;text-align: center\"><\/td>\n<td style=\"width: 4.13318%;text-align: center\"><\/td>\n<\/tr>\n<tr>\n<td style=\"width: 9.10245%\"><a href=\"https:\/\/digital.hfh.ch\/wissenwaswirkt\/chapter\/ben-lee-3-und-4-klasse-programm-zur-foerderung-sozial-emotionaler-kompetenzen-in-verbindung-mit-fachlichen-zielen-des-deutsch-und-sachunterrichts\/\"><strong>Ben &amp; Lee. Programm zur F\u00f6rderung sozial-emotionaler Kompetenzen in Verbindung mit fachlichen Zielen des Deutsch- und Sachunterrichts<\/strong><\/a><\/td>\n<td style=\"width: 9.10245%\">3. und 4. Klasse<\/td>\n<td style=\"width: 18.2049%\">Emotionale Kompetenz, soziale Kompetenz, sozial-emotionale Kompetenzen, sozial-kognitive Kompetenzen, Sozialverhalten<\/td>\n<td style=\"width: 20.2276%;text-align: center\"><span class='pressbooks-hfh-circle pressbooks-hfh-circle--full' style='--pressbooks-hfh-circle-width: 1.375rem; --pressbooks-hfh-circle-color: #14776c;'><span class='hfh-sr-only'>Gef\u00fcllter Kreis<\/span><\/span><\/td>\n<td style=\"width: 22.9155%;text-align: center\"><span class='pressbooks-hfh-circle pressbooks-hfh-circle--full' style='--pressbooks-hfh-circle-width: 1.375rem; --pressbooks-hfh-circle-color: #14776c;'><span class='hfh-sr-only'>Gef\u00fcllter Kreis<\/span><\/span><\/td>\n<td style=\"width: 20.4471%;height: 84px;text-align: center\"><span class='pressbooks-hfh-circle pressbooks-hfh-circle--full' style='--pressbooks-hfh-circle-width: 1.375rem; --pressbooks-hfh-circle-color: #14776c;'><span class='hfh-sr-only'>Gef\u00fcllter Kreis<\/span><\/span><\/td>\n<td style=\"width: 4.01837%;height: 84px;text-align: center\"><\/td>\n<td style=\"width: 4.13318%;height: 84px;text-align: center\"><\/td>\n<\/tr>\n<tr>\n<td style=\"width: 9.10245%\"><a href=\"https:\/\/digital.hfh.ch\/wissenwaswirkt\/chapter\/calcularis-lernsoftware\/\"><strong>Calcularis (Lernsoftware)<\/strong><\/a><\/td>\n<td style=\"width: 9.10245%\">1.-5. Klasse<\/td>\n<td style=\"width: 18.2049%\">Mathematik<\/td>\n<td style=\"width: 20.2276%;text-align: center\"><span class='pressbooks-hfh-circle pressbooks-hfh-circle--half' style='--pressbooks-hfh-circle-width: 1.375rem; --pressbooks-hfh-circle-color: #14776c;'><span class='hfh-sr-only'>Halb gef\u00fcllter Kreis<\/span><\/span><\/td>\n<td style=\"width: 22.9155%;text-align: center\"><span class='pressbooks-hfh-circle pressbooks-hfh-circle--full' style='--pressbooks-hfh-circle-width: 1.375rem; --pressbooks-hfh-circle-color: #14776c;'><span class='hfh-sr-only'>Gef\u00fcllter Kreis<\/span><\/span><\/td>\n<td style=\"width: 20.4471%;text-align: center\"><span class='pressbooks-hfh-circle pressbooks-hfh-circle--half' style='--pressbooks-hfh-circle-width: 1.375rem; --pressbooks-hfh-circle-color: #14776c;'><span class='hfh-sr-only'>Halb gef\u00fcllter Kreis<\/span><\/span><\/td>\n<td style=\"width: 4.01837%;text-align: center\"><\/td>\n<td style=\"width: 4.13318%;text-align: center\"><\/td>\n<\/tr>\n<tr>\n<td style=\"width: 9.10245%\"><a href=\"https:\/\/digital.hfh.ch\/wissenwaswirkt\/chapter\/das-eigene-lernen-verstehen-delv\/\"><strong>Das Eigene Lernen Verstehen (DELV)<\/strong><\/a><\/td>\n<td style=\"width: 9.10245%\">Jugendliche, Erwachsene<\/td>\n<td style=\"width: 18.2049%\">Denken, Metakognition, selbstreguliertes Lernen<\/td>\n<td style=\"width: 20.2276%;text-align: center\"><span class='pressbooks-hfh-circle pressbooks-hfh-circle--full' style='--pressbooks-hfh-circle-width: 1.375rem; --pressbooks-hfh-circle-color: #14776c;'><span class='hfh-sr-only'>Gef\u00fcllter Kreis<\/span><\/span><\/td>\n<td style=\"width: 22.9155%;text-align: center\"><span class='pressbooks-hfh-circle pressbooks-hfh-circle--half' style='--pressbooks-hfh-circle-width: 1.375rem; --pressbooks-hfh-circle-color: #14776c;'><span class='hfh-sr-only'>Halb gef\u00fcllter Kreis<\/span><\/span><\/td>\n<td style=\"width: 20.4471%;text-align: center\"><span class='pressbooks-hfh-circle pressbooks-hfh-circle--full' style='--pressbooks-hfh-circle-width: 1.375rem; --pressbooks-hfh-circle-color: #14776c;'><span class='hfh-sr-only'>Gef\u00fcllter Kreis<\/span><\/span><\/td>\n<td style=\"width: 4.01837%\"><\/td>\n<td style=\"width: 4.13318%\"><\/td>\n<\/tr>\n<tr>\n<td style=\"width: 9.10245%\"><a href=\"https:\/\/digital.hfh.ch\/wissenwaswirkt\/chapter\/das-lesetraining-mit-kaeptn-carlo-fuer-4-und-5-klassen\/\"><strong>Das Lesetraining mit K\u00e4pt\u2019n Carlo f\u00fcr 4. und 5. Klassen<\/strong><\/a><\/td>\n<td style=\"width: 9.10245%\">4. und 5. Klasse<\/td>\n<td style=\"width: 18.2049%\">Lesen, Lesestrategien<\/td>\n<td style=\"width: 20.2276%;text-align: center\"><span class='pressbooks-hfh-circle pressbooks-hfh-circle--full' style='--pressbooks-hfh-circle-width: 1.375rem; --pressbooks-hfh-circle-color: #14776c;'><span class='hfh-sr-only'>Gef\u00fcllter Kreis<\/span><\/span><\/td>\n<td style=\"width: 22.9155%;text-align: center\"><span class='pressbooks-hfh-circle pressbooks-hfh-circle--full' style='--pressbooks-hfh-circle-width: 1.375rem; --pressbooks-hfh-circle-color: #14776c;'><span class='hfh-sr-only'>Gef\u00fcllter Kreis<\/span><\/span><\/td>\n<td style=\"width: 20.4471%;text-align: center\"><span class='pressbooks-hfh-circle pressbooks-hfh-circle--full' style='--pressbooks-hfh-circle-width: 1.375rem; --pressbooks-hfh-circle-color: #14776c;'><span class='hfh-sr-only'>Gef\u00fcllter Kreis<\/span><\/span><\/td>\n<td style=\"width: 4.01837%\"><\/td>\n<td style=\"width: 4.13318%\"><\/td>\n<\/tr>\n<tr>\n<td style=\"width: 9.10245%\"><a href=\"https:\/\/digital.hfh.ch\/wissenwaswirkt\/chapter\/das-marburger-rechtschreibtraining-ein-regelgeleitetes-foerderprogramm-fuer-rechtschreibschwache-kinder\/\"><strong>Das Marburger Rechtschreibtraining. Ein regelgeleitetes F\u00f6rderprogramm f\u00fcr rechtschreibschwache Kinder<\/strong><\/a><\/td>\n<td style=\"width: 9.10245%\">2.-5. Klasse<\/td>\n<td style=\"width: 18.2049%\">Rechtschreiben<\/td>\n<td style=\"width: 20.2276%;text-align: center\"><span class='pressbooks-hfh-circle pressbooks-hfh-circle--full' style='--pressbooks-hfh-circle-width: 1.375rem; --pressbooks-hfh-circle-color: #14776c;'><span class='hfh-sr-only'>Gef\u00fcllter Kreis<\/span><\/span><\/td>\n<td style=\"width: 22.9155%;text-align: center\"><span class='pressbooks-hfh-circle pressbooks-hfh-circle--full' style='--pressbooks-hfh-circle-width: 1.375rem; --pressbooks-hfh-circle-color: #14776c;'><span class='hfh-sr-only'>Gef\u00fcllter Kreis<\/span><\/span><\/td>\n<td style=\"width: 20.4471%;text-align: center\"><span class='pressbooks-hfh-circle pressbooks-hfh-circle--half' style='--pressbooks-hfh-circle-width: 1.375rem; --pressbooks-hfh-circle-color: #14776c;'><span class='hfh-sr-only'>Halb gef\u00fcllter Kreis<\/span><\/span><\/td>\n<td style=\"width: 4.01837%\"><\/td>\n<td style=\"width: 4.13318%\"><\/td>\n<\/tr>\n<tr>\n<td style=\"width: 9.10245%\"><a href=\"https:\/\/digital.hfh.ch\/wissenwaswirkt\/chapter\/das-memo-training-memo-der-vergessliche-elefant-mit-gedaechtnistraining-spielerisch-zum-lernerfolg\/\"><strong>Das Memo-Training. Memo, der vergessliche Elefant &#8211; mit Ged\u00e4chtnistraining spielerisch zum Lernerfolg<\/strong><\/a><\/td>\n<td style=\"width: 9.10245%\">7-12 Jahre<\/td>\n<td style=\"width: 18.2049%\">Ged\u00e4chtnis<\/td>\n<td style=\"width: 20.2276%;text-align: center\"><span class='pressbooks-hfh-circle pressbooks-hfh-circle--full' style='--pressbooks-hfh-circle-width: 1.375rem; --pressbooks-hfh-circle-color: #14776c;'><span class='hfh-sr-only'>Gef\u00fcllter Kreis<\/span><\/span><\/td>\n<td style=\"width: 22.9155%;text-align: center\"><span class='pressbooks-hfh-circle pressbooks-hfh-circle--full' style='--pressbooks-hfh-circle-width: 1.375rem; --pressbooks-hfh-circle-color: #14776c;'><span class='hfh-sr-only'>Gef\u00fcllter Kreis<\/span><\/span><\/td>\n<td style=\"width: 20.4471%;text-align: center\"><span class='pressbooks-hfh-circle pressbooks-hfh-circle--half' style='--pressbooks-hfh-circle-width: 1.375rem; --pressbooks-hfh-circle-color: #14776c;'><span class='hfh-sr-only'>Halb gef\u00fcllter Kreis<\/span><\/span><\/td>\n<td style=\"width: 4.01837%\"><\/td>\n<td style=\"width: 4.13318%\"><\/td>\n<\/tr>\n<tr>\n<td style=\"width: 9.10245%\"><a href=\"https:\/\/digital.hfh.ch\/wissenwaswirkt\/chapter\/das-neue-marburger-verhaltenstraining-mvt\/\"><strong>Das neue Marburger Verhaltenstraining (MVT)<\/strong><\/a><\/td>\n<td style=\"width: 9.10245%\">6-14 Jahre<\/td>\n<td style=\"width: 18.2049%\">ADHS, Emotionen, Emotionsregulation, Verhalten<\/td>\n<td style=\"width: 20.2276%;text-align: center\"><span class='pressbooks-hfh-circle pressbooks-hfh-circle--full' style='--pressbooks-hfh-circle-width: 1.375rem; --pressbooks-hfh-circle-color: #14776c;'><span class='hfh-sr-only'>Gef\u00fcllter Kreis<\/span><\/span><\/td>\n<td style=\"width: 22.9155%;text-align: center\"><span class='pressbooks-hfh-circle pressbooks-hfh-circle--half' style='--pressbooks-hfh-circle-width: 1.375rem; --pressbooks-hfh-circle-color: #14776c;'><span class='hfh-sr-only'>Halb gef\u00fcllter Kreis<\/span><\/span><\/td>\n<td style=\"width: 20.4471%;text-align: center\"><span class='pressbooks-hfh-circle pressbooks-hfh-circle--empty' style='--pressbooks-hfh-circle-width: 1.375rem; --pressbooks-hfh-circle-color: #14776c;'><span class='hfh-sr-only'>Leerer Kreis<\/span><\/span><\/td>\n<td style=\"width: 4.01837%\"><\/td>\n<td style=\"width: 4.13318%\"><\/td>\n<\/tr>\n<tr>\n<td style=\"width: 9.10245%\"><a href=\"https:\/\/digital.hfh.ch\/wissenwaswirkt\/chapter\/denkbilder-mit-kindern-das-lernen-reflektieren\/\"><strong>Denkbilder. Mit Kindern das Lernen reflektieren<\/strong><\/a><\/td>\n<td style=\"width: 9.10245%\">Vorschul- und Primarschulstufe<\/td>\n<td style=\"width: 18.2049%\">Metakognition, Lernen lernen<\/td>\n<td style=\"width: 20.2276%;text-align: center\"><span class='pressbooks-hfh-circle pressbooks-hfh-circle--full' style='--pressbooks-hfh-circle-width: 1.375rem; --pressbooks-hfh-circle-color: #14776c;'><span class='hfh-sr-only'>Gef\u00fcllter Kreis<\/span><\/span><\/td>\n<td style=\"width: 22.9155%;text-align: center\"><span class='pressbooks-hfh-circle pressbooks-hfh-circle--half' style='--pressbooks-hfh-circle-width: 1.375rem; --pressbooks-hfh-circle-color: #14776c;'><span class='hfh-sr-only'>Halb gef\u00fcllter Kreis<\/span><\/span><\/td>\n<td style=\"width: 20.4471%;text-align: center\"><span class='pressbooks-hfh-circle pressbooks-hfh-circle--empty' style='--pressbooks-hfh-circle-width: 1.375rem; --pressbooks-hfh-circle-color: #14776c;'><span class='hfh-sr-only'>Leerer Kreis<\/span><\/span><\/td>\n<td style=\"width: 4.01837%\"><\/td>\n<td style=\"width: 4.13318%\"><\/td>\n<\/tr>\n<tr>\n<td style=\"width: 9.10245%\"><a href=\"https:\/\/digital.hfh.ch\/wissenwaswirkt\/chapter\/die-kapitaen-nemo-geschichten-geschichten-gegen-angst-und-stress\/\"><strong>Die Kapit\u00e4n-Nemo-Geschichten. Geschichten gegen Angst und Stress<\/strong><\/a><\/td>\n<td style=\"width: 9.10245%\">Ca. 5-12 Jahre<\/td>\n<td style=\"width: 18.2049%\">Angst, Entspannung, Emotionen, Stress<\/td>\n<td style=\"width: 20.2276%;text-align: center\"><span class='pressbooks-hfh-circle pressbooks-hfh-circle--full' style='--pressbooks-hfh-circle-width: 1.375rem; --pressbooks-hfh-circle-color: #14776c;'><span class='hfh-sr-only'>Gef\u00fcllter Kreis<\/span><\/span><\/td>\n<td style=\"width: 22.9155%;text-align: center\"><span class='pressbooks-hfh-circle pressbooks-hfh-circle--full' style='--pressbooks-hfh-circle-width: 1.375rem; --pressbooks-hfh-circle-color: #14776c;'><span class='hfh-sr-only'>Gef\u00fcllter Kreis<\/span><\/span><\/td>\n<td style=\"width: 20.4471%;text-align: center\"><span class='pressbooks-hfh-circle pressbooks-hfh-circle--full' style='--pressbooks-hfh-circle-width: 1.375rem; --pressbooks-hfh-circle-color: #14776c;'><span class='hfh-sr-only'>Gef\u00fcllter Kreis<\/span><\/span><\/td>\n<td style=\"width: 4.01837%\"><\/td>\n<td style=\"width: 4.13318%\"><\/td>\n<\/tr>\n<tr>\n<td style=\"width: 9.10245%\"><a href=\"https:\/\/digital.hfh.ch\/wissenwaswirkt\/chapter\/ella-schule-ein-training-zur-foerderung-der-emotionalen-und-sozialen-kompetenz-in-der-primarstufe\/\"><strong>ELLA \u2013 Schule: ein Training zur F\u00f6rderung der emotionalen und sozialen Kompetenz in der Primarstufe<\/strong><\/a><\/td>\n<td style=\"width: 9.10245%\">6-10 Jahre<\/td>\n<td style=\"width: 18.2049%\">Emotionale Kompetenz, soziale Kompetenz, sozial-emotionale Kompetenz<\/td>\n<td style=\"width: 20.2276%;text-align: center\"><span class='pressbooks-hfh-circle pressbooks-hfh-circle--full' style='--pressbooks-hfh-circle-width: 1.375rem; --pressbooks-hfh-circle-color: #14776c;'><span class='hfh-sr-only'>Gef\u00fcllter Kreis<\/span><\/span><\/td>\n<td style=\"width: 22.9155%;text-align: center\"><span class='pressbooks-hfh-circle pressbooks-hfh-circle--full' style='--pressbooks-hfh-circle-width: 1.375rem; --pressbooks-hfh-circle-color: #14776c;'><span class='hfh-sr-only'>Gef\u00fcllter Kreis<\/span><\/span><\/td>\n<td style=\"width: 20.4471%;text-align: center\"><span class='pressbooks-hfh-circle pressbooks-hfh-circle--half' style='--pressbooks-hfh-circle-width: 1.375rem; --pressbooks-hfh-circle-color: #14776c;'><span class='hfh-sr-only'>Halb gef\u00fcllter Kreis<\/span><\/span><\/td>\n<td style=\"width: 4.01837%\"><\/td>\n<td style=\"width: 4.13318%\"><\/td>\n<\/tr>\n<tr>\n<td style=\"width: 9.10245%\"><a href=\"https:\/\/digital.hfh.ch\/wissenwaswirkt\/chapter\/emotionale-kompetenzen-im-vorschulalter-foerdern-das-emk-foerderprogramm\/\"><strong>Emotionale Kompetenzen im Vorschulalter f\u00f6rdern: Das EMK-F\u00f6rderprogramm<\/strong><\/a><\/td>\n<td style=\"width: 9.10245%\">3-6 Jahre<\/td>\n<td style=\"width: 18.2049%\">Emotionale Kompetenz, Emotionen, Emotionsregulation<\/td>\n<td style=\"width: 20.2276%;text-align: center\"><span class='pressbooks-hfh-circle pressbooks-hfh-circle--full' style='--pressbooks-hfh-circle-width: 1.375rem; --pressbooks-hfh-circle-color: #14776c;'><span class='hfh-sr-only'>Gef\u00fcllter Kreis<\/span><\/span><\/td>\n<td style=\"width: 22.9155%;text-align: center\"><span class='pressbooks-hfh-circle pressbooks-hfh-circle--full' style='--pressbooks-hfh-circle-width: 1.375rem; --pressbooks-hfh-circle-color: #14776c;'><span class='hfh-sr-only'>Gef\u00fcllter Kreis<\/span><\/span><\/td>\n<td style=\"width: 20.4471%;text-align: center\"><span class='pressbooks-hfh-circle pressbooks-hfh-circle--half' style='--pressbooks-hfh-circle-width: 1.375rem; --pressbooks-hfh-circle-color: #14776c;'><span class='hfh-sr-only'>Halb gef\u00fcllter Kreis<\/span><\/span><\/td>\n<td style=\"width: 4.01837%\"><\/td>\n<td style=\"width: 4.13318%\"><\/td>\n<\/tr>\n<tr>\n<td style=\"width: 9.10245%\"><a href=\"https:\/\/digital.hfh.ch\/wissenwaswirkt\/chapter\/emotionsregulationstraining-ert-fuer-kinder-im-grundschulalter\/\"><strong>Emotionsregulationstraining (ERT) f\u00fcr Kinder im Grundschulalter<\/strong><\/a><\/td>\n<td style=\"width: 9.10245%\">6-10 Jahre<\/td>\n<td style=\"width: 18.2049%\">Emotionale Kompetenz, Emotionen, Emotionsregulation<\/td>\n<td style=\"width: 20.2276%;text-align: center\"><span class='pressbooks-hfh-circle pressbooks-hfh-circle--full' style='--pressbooks-hfh-circle-width: 1.375rem; --pressbooks-hfh-circle-color: #14776c;'><span class='hfh-sr-only'>Gef\u00fcllter Kreis<\/span><\/span><\/td>\n<td style=\"width: 22.9155%;text-align: center\"><span class='pressbooks-hfh-circle pressbooks-hfh-circle--full' style='--pressbooks-hfh-circle-width: 1.375rem; --pressbooks-hfh-circle-color: #14776c;'><span class='hfh-sr-only'>Gef\u00fcllter Kreis<\/span><\/span><\/td>\n<td style=\"width: 20.4471%;text-align: center\"><span class='pressbooks-hfh-circle pressbooks-hfh-circle--half' style='--pressbooks-hfh-circle-width: 1.375rem; --pressbooks-hfh-circle-color: #14776c;'><span class='hfh-sr-only'>Halb gef\u00fcllter Kreis<\/span><\/span><\/td>\n<td style=\"width: 4.01837%\"><\/td>\n<td style=\"width: 4.13318%\"><\/td>\n<\/tr>\n<tr>\n<td style=\"width: 9.10245%\"><a href=\"https:\/\/digital.hfh.ch\/wissenwaswirkt\/chapter\/emotionstraining-in-der-schule-ein-programm-zur-foerderung-der-emotionalen-kompetenz\/\"><strong>Emotionstraining in der Schule. Ein Programm zur F\u00f6rderung der emotionalen Kompetenz<\/strong><\/a><\/td>\n<td style=\"width: 9.10245%\">10-13 Jahre<\/td>\n<td style=\"width: 18.2049%\">Emotionale Kompetenz, Emotionen, Emotionsregulation<\/td>\n<td style=\"width: 20.2276%;text-align: center\"><span class='pressbooks-hfh-circle pressbooks-hfh-circle--full' style='--pressbooks-hfh-circle-width: 1.375rem; --pressbooks-hfh-circle-color: #14776c;'><span class='hfh-sr-only'>Gef\u00fcllter Kreis<\/span><\/span><\/td>\n<td style=\"width: 22.9155%;text-align: center\"><span class='pressbooks-hfh-circle pressbooks-hfh-circle--full' style='--pressbooks-hfh-circle-width: 1.375rem; --pressbooks-hfh-circle-color: #14776c;'><span class='hfh-sr-only'>Gef\u00fcllter Kreis<\/span><\/span><\/td>\n<td style=\"width: 20.4471%;text-align: center\"><span class='pressbooks-hfh-circle pressbooks-hfh-circle--half' style='--pressbooks-hfh-circle-width: 1.375rem; --pressbooks-hfh-circle-color: #14776c;'><span class='hfh-sr-only'>Halb gef\u00fcllter Kreis<\/span><\/span><\/td>\n<td style=\"width: 4.01837%\"><\/td>\n<td style=\"width: 4.13318%\"><\/td>\n<\/tr>\n<tr>\n<td style=\"width: 9.10245%\">\n<div style=\"font-weight: 400\">\n<p><a href=\"https:\/\/digital.hfh.ch\/wissenwaswirkt\/chapter\/fairplayer-manual-klasse-5-6-foerderung-von-sozialen-kompetenzen-praevention-von-mobbing-und-schulgewalt\/\"><strong>Fairplayer.Manual \u2013 Klasse 5-6\u00a0<\/strong><strong style=\"font-size: inherit;font-family: inherit\">F\u00f6rderung von sozialen Kompetenzen \u2013 Pr\u00e4vention von Mobbing und Schulgewalt<\/strong><\/a><\/p>\n<\/div>\n<p><strong>\u00a0<\/strong><\/td>\n<td style=\"width: 9.10245%\">5. und 6. Klasse<\/td>\n<td style=\"width: 18.2049%\">Mobbing, soziale Kompetenz<\/td>\n<td style=\"width: 20.2276%;text-align: center\"><span class='pressbooks-hfh-circle pressbooks-hfh-circle--full' style='--pressbooks-hfh-circle-width: 1.375rem; --pressbooks-hfh-circle-color: #14776c;'><span class='hfh-sr-only'>Gef\u00fcllter Kreis<\/span><\/span><\/td>\n<td style=\"width: 22.9155%;text-align: center\"><span class='pressbooks-hfh-circle pressbooks-hfh-circle--full' style='--pressbooks-hfh-circle-width: 1.375rem; --pressbooks-hfh-circle-color: #14776c;'><span class='hfh-sr-only'>Gef\u00fcllter Kreis<\/span><\/span><\/td>\n<td style=\"width: 20.4471%;text-align: center\"><span class='pressbooks-hfh-circle pressbooks-hfh-circle--half' style='--pressbooks-hfh-circle-width: 1.375rem; --pressbooks-hfh-circle-color: #14776c;'><span class='hfh-sr-only'>Halb gef\u00fcllter Kreis<\/span><\/span><\/td>\n<td style=\"width: 4.01837%\"><\/td>\n<td style=\"width: 4.13318%\"><\/td>\n<\/tr>\n<tr>\n<td style=\"width: 9.10245%\"><a href=\"https:\/\/digital.hfh.ch\/wissenwaswirkt\/chapter\/fairplayer-manual-klasse-7-9-foerderung-von-sozialen-kompetenzen-praevention-von-mobbing-und-schulgewalt\/\"><strong>Fairplayer.Manual \u2013 Klasse 7-9<\/strong><\/a><\/td>\n<td style=\"width: 9.10245%\">7.-9. Klasse<\/td>\n<td style=\"width: 18.2049%\">Gewalt, Mobbing, soziale Kompetenz<\/td>\n<td style=\"width: 20.2276%;text-align: center\"><span class='pressbooks-hfh-circle pressbooks-hfh-circle--full' style='--pressbooks-hfh-circle-width: 1.375rem; --pressbooks-hfh-circle-color: #14776c;'><span class='hfh-sr-only'>Gef\u00fcllter Kreis<\/span><\/span><\/td>\n<td style=\"width: 22.9155%;text-align: center\"><span class='pressbooks-hfh-circle pressbooks-hfh-circle--full' style='--pressbooks-hfh-circle-width: 1.375rem; --pressbooks-hfh-circle-color: #14776c;'><span class='hfh-sr-only'>Gef\u00fcllter Kreis<\/span><\/span><\/td>\n<td style=\"width: 20.4471%;text-align: center\"><span class='pressbooks-hfh-circle pressbooks-hfh-circle--full' style='--pressbooks-hfh-circle-width: 1.375rem; --pressbooks-hfh-circle-color: #14776c;'><span class='hfh-sr-only'>Gef\u00fcllter Kreis<\/span><\/span><\/td>\n<td style=\"width: 4.01837%\"><\/td>\n<td style=\"width: 4.13318%\"><\/td>\n<\/tr>\n<tr>\n<td style=\"width: 9.10245%\"><a href=\"https:\/\/digital.hfh.ch\/wissenwaswirkt\/chapter\/fairplayer-sport-soziale-kompetenz-und-fairplay-spielerisch-foerdern-ein-programm-fuer-das-fussballtraining-mit-9-bis-13-jaehrigen\/\"><strong>Fairplayer.Sport: Soziale Kompetenz und Fairplay spielerisch f\u00f6rdern<\/strong><\/a><\/td>\n<td style=\"width: 9.10245%\">9-13 Jahre<\/td>\n<td style=\"width: 18.2049%\">Aggression, soziale Kompetenz<\/td>\n<td style=\"width: 20.2276%;text-align: center\"><span class='pressbooks-hfh-circle pressbooks-hfh-circle--full' style='--pressbooks-hfh-circle-width: 1.375rem; --pressbooks-hfh-circle-color: #14776c;'><span class='hfh-sr-only'>Gef\u00fcllter Kreis<\/span><\/span><\/td>\n<td style=\"width: 22.9155%;text-align: center\"><span class='pressbooks-hfh-circle pressbooks-hfh-circle--full' style='--pressbooks-hfh-circle-width: 1.375rem; --pressbooks-hfh-circle-color: #14776c;'><span class='hfh-sr-only'>Gef\u00fcllter Kreis<\/span><\/span><\/td>\n<td style=\"width: 20.4471%;text-align: center\"><span class='pressbooks-hfh-circle pressbooks-hfh-circle--half' style='--pressbooks-hfh-circle-width: 1.375rem; --pressbooks-hfh-circle-color: #14776c;'><span class='hfh-sr-only'>Halb gef\u00fcllter Kreis<\/span><\/span><\/td>\n<td style=\"width: 4.01837%\"><\/td>\n<td style=\"width: 4.13318%\"><\/td>\n<\/tr>\n<tr>\n<td style=\"width: 9.10245%\"><a href=\"https:\/\/digital.hfh.ch\/wissenwaswirkt\/chapter\/fex-foerderung-exekutiver-funktionen\/\"><strong>Fex. F\u00f6rderung exekutiver Funktionen<\/strong><\/a><\/td>\n<td style=\"width: 9.10245%\">Kinder (ohne Altersangabe)<\/td>\n<td style=\"width: 18.2049%\">Exekutive Funktionen<\/td>\n<td style=\"width: 20.2276%;text-align: center\"><span class='pressbooks-hfh-circle pressbooks-hfh-circle--full' style='--pressbooks-hfh-circle-width: 1.375rem; --pressbooks-hfh-circle-color: #14776c;'><span class='hfh-sr-only'>Gef\u00fcllter Kreis<\/span><\/span><\/td>\n<td style=\"width: 22.9155%;text-align: center\"><span class='pressbooks-hfh-circle pressbooks-hfh-circle--half' style='--pressbooks-hfh-circle-width: 1.375rem; --pressbooks-hfh-circle-color: #14776c;'><span class='hfh-sr-only'>Halb gef\u00fcllter Kreis<\/span><\/span><\/td>\n<td style=\"width: 20.4471%;text-align: center\"><span class='pressbooks-hfh-circle pressbooks-hfh-circle--empty' style='--pressbooks-hfh-circle-width: 1.375rem; --pressbooks-hfh-circle-color: #14776c;'><span class='hfh-sr-only'>Leerer Kreis<\/span><\/span><\/td>\n<td style=\"width: 4.01837%\"><\/td>\n<td style=\"width: 4.13318%\"><\/td>\n<\/tr>\n<tr>\n<td style=\"width: 9.10245%\"><a href=\"https:\/\/digital.hfh.ch\/wissenwaswirkt\/chapter\/fit-for-life-soziale-kompetenz-fuer-jugendliche\/\"><strong>Fit for Life &#8211; Soziale Kompetenz f\u00fcr Jugendliche<\/strong><\/a><\/td>\n<td style=\"width: 9.10245%\">13-21 Jahre<\/td>\n<td style=\"width: 18.2049%\">Lebenskompetenzen, soziale Kompetenz<\/td>\n<td style=\"width: 20.2276%;text-align: center\"><span class='pressbooks-hfh-circle pressbooks-hfh-circle--full' style='--pressbooks-hfh-circle-width: 1.375rem; --pressbooks-hfh-circle-color: #14776c;'><span class='hfh-sr-only'>Gef\u00fcllter Kreis<\/span><\/span><\/td>\n<td style=\"width: 22.9155%;text-align: center\"><span class='pressbooks-hfh-circle pressbooks-hfh-circle--full' style='--pressbooks-hfh-circle-width: 1.375rem; --pressbooks-hfh-circle-color: #14776c;'><span class='hfh-sr-only'>Gef\u00fcllter Kreis<\/span><\/span><\/td>\n<td style=\"width: 20.4471%;text-align: center\"><span class='pressbooks-hfh-circle pressbooks-hfh-circle--full' style='--pressbooks-hfh-circle-width: 1.375rem; --pressbooks-hfh-circle-color: #14776c;'><span class='hfh-sr-only'>Gef\u00fcllter Kreis<\/span><\/span><\/td>\n<td style=\"width: 4.01837%\"><\/td>\n<td style=\"width: 4.13318%\"><\/td>\n<\/tr>\n<tr>\n<td style=\"width: 9.10245%\"><a href=\"https:\/\/digital.hfh.ch\/wissenwaswirkt\/chapter\/g-fipps-grafomotorische-foerderung\/\"><strong>G-FIPPS: Grafomotorische F\u00f6rderung: Ein psychomotorisches Praxisbuch<\/strong><\/a><\/td>\n<td style=\"width: 9.10245%\">Kindergarten<\/td>\n<td style=\"width: 18.2049%\">Grafomotorik, Motorik<\/td>\n<td style=\"width: 20.2276%;text-align: center\"><span class='pressbooks-hfh-circle pressbooks-hfh-circle--full' style='--pressbooks-hfh-circle-width: 1.375rem; --pressbooks-hfh-circle-color: #14776c;'><span class='hfh-sr-only'>Gef\u00fcllter Kreis<\/span><\/span><\/td>\n<td style=\"width: 22.9155%;text-align: center\"><span class='pressbooks-hfh-circle pressbooks-hfh-circle--full' style='--pressbooks-hfh-circle-width: 1.375rem; --pressbooks-hfh-circle-color: #14776c;'><span class='hfh-sr-only'>Gef\u00fcllter Kreis<\/span><\/span><\/td>\n<td style=\"width: 20.4471%;text-align: center\"><span class='pressbooks-hfh-circle pressbooks-hfh-circle--half' style='--pressbooks-hfh-circle-width: 1.375rem; --pressbooks-hfh-circle-color: #14776c;'><span class='hfh-sr-only'>Halb gef\u00fcllter Kreis<\/span><\/span><\/td>\n<td style=\"width: 4.01837%\"><\/td>\n<td style=\"width: 4.13318%\"><\/td>\n<\/tr>\n<tr>\n<td style=\"width: 9.10245%\"><a href=\"https:\/\/digital.hfh.ch\/wissenwaswirkt\/chapter\/hoeren-lauschen-lernen-sprachspiele-fuer-kinder-im-vorschulalter-wuerzburger-trainingsprogramm-zur-vorbereitung-auf-den-erwerb-der-schriftsprache\/\"><strong>H\u00f6ren, Lauschen, Lernen. Sprachspiele f\u00fcr Kinder im Vorschulalter<\/strong><\/a><\/td>\n<td style=\"width: 9.10245%\">Kindergarten<\/td>\n<td style=\"width: 18.2049%\">Phonologische Bewusstheit<\/td>\n<td style=\"width: 20.2276%;text-align: center\"><span class='pressbooks-hfh-circle pressbooks-hfh-circle--full' style='--pressbooks-hfh-circle-width: 1.375rem; --pressbooks-hfh-circle-color: #14776c;'><span class='hfh-sr-only'>Gef\u00fcllter Kreis<\/span><\/span><\/td>\n<td style=\"width: 22.9155%;text-align: center\"><span class='pressbooks-hfh-circle pressbooks-hfh-circle--full' style='--pressbooks-hfh-circle-width: 1.375rem; --pressbooks-hfh-circle-color: #14776c;'><span class='hfh-sr-only'>Gef\u00fcllter Kreis<\/span><\/span><\/td>\n<td style=\"width: 20.4471%;text-align: center\"><span class='pressbooks-hfh-circle pressbooks-hfh-circle--full' style='--pressbooks-hfh-circle-width: 1.375rem; --pressbooks-hfh-circle-color: #14776c;'><span class='hfh-sr-only'>Gef\u00fcllter Kreis<\/span><\/span><\/td>\n<td style=\"width: 4.01837%\"><\/td>\n<td style=\"width: 4.13318%\"><\/td>\n<\/tr>\n<tr>\n<td style=\"width: 9.10245%\"><a href=\"https:\/\/digital.hfh.ch\/wissenwaswirkt\/chapter\/ich-schaffs-spielerisch-und-praktisch-loesungen-mit-kindern-finden-das-15-schritte-programm-fuer-eltern-erzieher-und-therapeuten\/\"><strong>Ich schaffs! Spielerisch und praktisch L\u00f6sungen mit Kindern finden &#8211; Das 15-Schritte-Programm f\u00fcr Eltern, Erzieher und\u00a0 Therapeuten<\/strong><\/a><\/td>\n<td style=\"width: 9.10245%\">3-14 Jahre<\/td>\n<td style=\"width: 18.2049%\">Motivation, Selbstmanagement<\/td>\n<td style=\"width: 20.2276%;text-align: center\"><span class='pressbooks-hfh-circle pressbooks-hfh-circle--full' style='--pressbooks-hfh-circle-width: 1.375rem; --pressbooks-hfh-circle-color: #14776c;'><span class='hfh-sr-only'>Gef\u00fcllter Kreis<\/span><\/span><\/td>\n<td style=\"width: 22.9155%;text-align: center\"><span class='pressbooks-hfh-circle pressbooks-hfh-circle--full' style='--pressbooks-hfh-circle-width: 1.375rem; --pressbooks-hfh-circle-color: #14776c;'><span class='hfh-sr-only'>Gef\u00fcllter Kreis<\/span><\/span><\/td>\n<td style=\"width: 20.4471%;text-align: center\"><span class='pressbooks-hfh-circle pressbooks-hfh-circle--full' style='--pressbooks-hfh-circle-width: 1.375rem; --pressbooks-hfh-circle-color: #14776c;'><span class='hfh-sr-only'>Gef\u00fcllter Kreis<\/span><\/span><\/td>\n<td style=\"width: 4.01837%\"><\/td>\n<td style=\"width: 4.13318%\"><\/td>\n<\/tr>\n<tr>\n<td style=\"width: 9.10245%\"><a href=\"https:\/\/digital.hfh.ch\/wissenwaswirkt\/chapter\/ich-schaffs-cool-ans-ziel-das-loesungsorientierte-programm-fuer-die-arbeit-mit-jugendlichen\/\"><strong>Ich schaffs! &#8211; Cool ans Ziel. Das l\u00f6sungsorientierte Programm f\u00fcr die Arbeit mit Jugendlichen<\/strong><\/a><\/td>\n<td style=\"width: 9.10245%\">13-17 Jahre<\/td>\n<td style=\"width: 18.2049%\">Motivation, Selbstmanagement<\/td>\n<td style=\"width: 20.2276%;text-align: center\"><span class='pressbooks-hfh-circle pressbooks-hfh-circle--full' style='--pressbooks-hfh-circle-width: 1.375rem; --pressbooks-hfh-circle-color: #14776c;'><span class='hfh-sr-only'>Gef\u00fcllter Kreis<\/span><\/span><\/td>\n<td style=\"width: 22.9155%;text-align: center\"><span class='pressbooks-hfh-circle pressbooks-hfh-circle--full' style='--pressbooks-hfh-circle-width: 1.375rem; --pressbooks-hfh-circle-color: #14776c;'><span class='hfh-sr-only'>Gef\u00fcllter Kreis<\/span><\/span><\/td>\n<td style=\"width: 20.4471%;text-align: center\"><span class='pressbooks-hfh-circle pressbooks-hfh-circle--half' style='--pressbooks-hfh-circle-width: 1.375rem; --pressbooks-hfh-circle-color: #14776c;'><span class='hfh-sr-only'>Halb gef\u00fcllter Kreis<\/span><\/span><\/td>\n<td style=\"width: 4.01837%\"><\/td>\n<td style=\"width: 4.13318%\"><\/td>\n<\/tr>\n<tr>\n<td style=\"width: 9.10245%\"><a href=\"https:\/\/digital.hfh.ch\/wissenwaswirkt\/chapter\/ich-schaffs-in-der-schule-das-loesungsfokussierte-15-schritte-programm-fuer-den-schulischen-alltag\/\"><strong>Ich schaffs! in der Schule. Das l\u00f6sungsfokussierte 15-Schritte-Programm f\u00fcr den schulischen Alltag<\/strong><\/a><\/td>\n<td style=\"width: 9.10245%\">Kinder und Jugendliche im Schulalltag<\/td>\n<td style=\"width: 18.2049%\">Motivation, Selbstmanagement<\/td>\n<td style=\"width: 20.2276%;text-align: center\"><span class='pressbooks-hfh-circle pressbooks-hfh-circle--full' style='--pressbooks-hfh-circle-width: 1.375rem; --pressbooks-hfh-circle-color: #14776c;'><span class='hfh-sr-only'>Gef\u00fcllter Kreis<\/span><\/span><\/td>\n<td style=\"width: 22.9155%;text-align: center\"><span class='pressbooks-hfh-circle pressbooks-hfh-circle--full' style='--pressbooks-hfh-circle-width: 1.375rem; --pressbooks-hfh-circle-color: #14776c;'><span class='hfh-sr-only'>Gef\u00fcllter Kreis<\/span><\/span><\/td>\n<td style=\"width: 20.4471%;text-align: center\"><span class='pressbooks-hfh-circle pressbooks-hfh-circle--half' style='--pressbooks-hfh-circle-width: 1.375rem; --pressbooks-hfh-circle-color: #14776c;'><span class='hfh-sr-only'>Halb gef\u00fcllter Kreis<\/span><\/span><\/td>\n<td style=\"width: 4.01837%\"><\/td>\n<td style=\"width: 4.13318%\"><\/td>\n<\/tr>\n<tr>\n<td style=\"width: 9.10245%\"><a href=\"https:\/\/digital.hfh.ch\/wissenwaswirkt\/chapter\/lautarium-ein-computerbasiertes-trainingsprogramm-fuer-grundschulkinder-mit-lese-rechtschreibschwierigkeiten\/\"><strong>Lautarium. Ein computerbasiertes Trainingsprogramm f\u00fcr Grundschulkinder mit Lese-Rechtschreibschwierigkeiten<\/strong><\/a><\/td>\n<td style=\"width: 9.10245%\">1. bis 4. Klasse<\/td>\n<td style=\"width: 18.2049%\">Phonologische Bewusstheit, Lesen, Rechtschreiben<\/td>\n<td style=\"width: 20.2276%;text-align: center\"><span class='pressbooks-hfh-circle pressbooks-hfh-circle--full' style='--pressbooks-hfh-circle-width: 1.375rem; --pressbooks-hfh-circle-color: #14776c;'><span class='hfh-sr-only'>Gef\u00fcllter Kreis<\/span><\/span><\/td>\n<td style=\"width: 22.9155%;text-align: center\"><span class='pressbooks-hfh-circle pressbooks-hfh-circle--full' style='--pressbooks-hfh-circle-width: 1.375rem; --pressbooks-hfh-circle-color: #14776c;'><span class='hfh-sr-only'>Gef\u00fcllter Kreis<\/span><\/span><\/td>\n<td style=\"width: 20.4471%;text-align: center\"><span class='pressbooks-hfh-circle pressbooks-hfh-circle--full' style='--pressbooks-hfh-circle-width: 1.375rem; --pressbooks-hfh-circle-color: #14776c;'><span class='hfh-sr-only'>Gef\u00fcllter Kreis<\/span><\/span><\/td>\n<td style=\"width: 4.01837%\"><\/td>\n<td style=\"width: 4.13318%\"><\/td>\n<\/tr>\n<tr>\n<td style=\"width: 9.10245%\"><a href=\"https:\/\/digital.hfh.ch\/wissenwaswirkt\/chapter\/lesespiele-mit-elfe-und-mathis-computerbasierte-lesefoerderung-fuer-die-erste-bis-vierte-klasse\/\"><strong>Lesespiele mit Elfe und Mathis. Computerbasierte Lesef\u00f6rderung f\u00fcr die erste bis vierte Klasse<\/strong><\/a><\/td>\n<td style=\"width: 9.10245%\">1. bis 4. Klasse<\/td>\n<td style=\"width: 18.2049%\">Lesen<\/td>\n<td style=\"width: 20.2276%;text-align: center\"><span class='pressbooks-hfh-circle pressbooks-hfh-circle--full' style='--pressbooks-hfh-circle-width: 1.375rem; --pressbooks-hfh-circle-color: #14776c;'><span class='hfh-sr-only'>Gef\u00fcllter Kreis<\/span><\/span><\/td>\n<td style=\"width: 22.9155%;text-align: center\"><span class='pressbooks-hfh-circle pressbooks-hfh-circle--full' style='--pressbooks-hfh-circle-width: 1.375rem; --pressbooks-hfh-circle-color: #14776c;'><span class='hfh-sr-only'>Gef\u00fcllter Kreis<\/span><\/span><\/td>\n<td style=\"width: 20.4471%;text-align: center\"><span class='pressbooks-hfh-circle pressbooks-hfh-circle--half' style='--pressbooks-hfh-circle-width: 1.375rem; --pressbooks-hfh-circle-color: #14776c;'><span class='hfh-sr-only'>Halb gef\u00fcllter Kreis<\/span><\/span><\/td>\n<td style=\"width: 4.01837%\"><\/td>\n<td style=\"width: 4.13318%\"><\/td>\n<\/tr>\n<tr>\n<td style=\"width: 9.10245%\"><a href=\"https:\/\/digital.hfh.ch\/wissenwaswirkt\/chapter\/lobo-vom-globo-foerderung-der-phonologischen-bewusstheit-und-sprachlicher-kompetenzen-das-lobo-kindergartenprogramm\/\"><strong>\u00abLobo vom Globo\u00bb &#8211; F\u00f6rderung der phonologischen Bewusstheit und sprachlicher Kompetenzen. Das Lobo-Kindergartenprogramm<\/strong><\/a><\/td>\n<td style=\"width: 9.10245%\">Kindergartenkinder im letzten Schulhalbjahr vor Schuleintritt<\/td>\n<td style=\"width: 18.2049%\">Phonologische Bewusstheit, Sprache<\/td>\n<td style=\"width: 20.2276%;text-align: center\"><span class='pressbooks-hfh-circle pressbooks-hfh-circle--full' style='--pressbooks-hfh-circle-width: 1.375rem; --pressbooks-hfh-circle-color: #14776c;'><span class='hfh-sr-only'>Gef\u00fcllter Kreis<\/span><\/span><\/td>\n<td style=\"width: 22.9155%;text-align: center\"><span class='pressbooks-hfh-circle pressbooks-hfh-circle--full' style='--pressbooks-hfh-circle-width: 1.375rem; --pressbooks-hfh-circle-color: #14776c;'><span class='hfh-sr-only'>Gef\u00fcllter Kreis<\/span><\/span><\/td>\n<td style=\"width: 20.4471%;text-align: center\"><span class='pressbooks-hfh-circle pressbooks-hfh-circle--full' style='--pressbooks-hfh-circle-width: 1.375rem; --pressbooks-hfh-circle-color: #14776c;'><span class='hfh-sr-only'>Gef\u00fcllter Kreis<\/span><\/span><\/td>\n<td style=\"width: 4.01837%\"><\/td>\n<td style=\"width: 4.13318%\"><\/td>\n<\/tr>\n<tr>\n<td style=\"width: 9.10245%\">\n<div style=\"font-weight: 400\">\n<p><a href=\"https:\/\/digital.hfh.ch\/wissenwaswirkt\/chapter\/locker-bleiben-sozialtraining-fuer-schueler-mit-sonderpaedagogischem-foerderbedarf-handlungsorientierte-methoden-zum-sozialen-lernen-und-zur-gewaltpraevention\/\"><strong>Locker Bleiben <\/strong><strong>Sozialtraining f\u00fcr Sch\u00fcler mit sonderp\u00e4dagogischem F\u00f6rderbedarf \u2013 Handlungsorientierte Methoden zum Sozialen Lernen und zur Gewaltpr\u00e4vention<\/strong><\/a><\/p>\n<\/div>\n<\/td>\n<td style=\"width: 9.10245%\">Sekundarstufe I und II, Berufsfachschule<\/td>\n<td style=\"width: 18.2049%\">Soziale Kompetenz<\/td>\n<td style=\"width: 20.2276%;text-align: center\"><span class='pressbooks-hfh-circle pressbooks-hfh-circle--full' style='--pressbooks-hfh-circle-width: 1.375rem; --pressbooks-hfh-circle-color: #14776c;'><span class='hfh-sr-only'>Gef\u00fcllter Kreis<\/span><\/span><\/td>\n<td style=\"width: 22.9155%;text-align: center\"><span class='pressbooks-hfh-circle pressbooks-hfh-circle--half' style='--pressbooks-hfh-circle-width: 1.375rem; --pressbooks-hfh-circle-color: #14776c;'><span class='hfh-sr-only'>Halb gef\u00fcllter Kreis<\/span><\/span><\/td>\n<td style=\"width: 20.4471%;text-align: center\"><span class='pressbooks-hfh-circle pressbooks-hfh-circle--empty' style='--pressbooks-hfh-circle-width: 1.375rem; --pressbooks-hfh-circle-color: #14776c;'><span class='hfh-sr-only'>Leerer Kreis<\/span><\/span><\/td>\n<td style=\"width: 4.01837%\"><\/td>\n<td style=\"width: 4.13318%\"><\/td>\n<\/tr>\n<tr>\n<td style=\"width: 9.10245%\"><a href=\"https:\/\/digital.hfh.ch\/wissenwaswirkt\/chapter\/lubo-aus-dem-all-1-und-2-klasse-programm-zur-foerderung-sozial-emotionaler-kompetenzen\/\"><strong>&#8222;Lubo aus dem All!&#8220; &#8211; 1. und 2. Klasse. Programm zur F\u00f6rderung sozial-emotionaler Kompetenzen<\/strong><\/a><\/td>\n<td style=\"width: 9.10245%\">1. und 2. Klasse<\/td>\n<td style=\"width: 18.2049%\">Emotionale Kompetenz, soziale Kompetenz, sozial-emotionale Kompetenzen, sozial-kognitive Kompetenzen, Sozialverhalten<\/td>\n<td style=\"width: 20.2276%;text-align: center\"><span class='pressbooks-hfh-circle pressbooks-hfh-circle--full' style='--pressbooks-hfh-circle-width: 1.375rem; --pressbooks-hfh-circle-color: #14776c;'><span class='hfh-sr-only'>Gef\u00fcllter Kreis<\/span><\/span><\/td>\n<td style=\"width: 22.9155%;text-align: center\"><span class='pressbooks-hfh-circle pressbooks-hfh-circle--full' style='--pressbooks-hfh-circle-width: 1.375rem; --pressbooks-hfh-circle-color: #14776c;'><span class='hfh-sr-only'>Gef\u00fcllter Kreis<\/span><\/span><\/td>\n<td style=\"width: 20.4471%;text-align: center\"><span class='pressbooks-hfh-circle pressbooks-hfh-circle--full' style='--pressbooks-hfh-circle-width: 1.375rem; --pressbooks-hfh-circle-color: #14776c;'><span class='hfh-sr-only'>Gef\u00fcllter Kreis<\/span><\/span><\/td>\n<td style=\"width: 4.01837%\"><\/td>\n<td style=\"width: 4.13318%\"><\/td>\n<\/tr>\n<tr>\n<td style=\"width: 9.10245%\"><a href=\"https:\/\/digital.hfh.ch\/wissenwaswirkt\/chapter\/lubo-aus-dem-all-vorschulalter-programm-zur-foerderung-sozial-emotionaler-kompetenzen\/\"><strong>&#8222;Lubo aus dem All!&#8220; &#8211; Vorschulalter. Programm zur F\u00f6rderung sozial-emotionaler Kompetenzen<\/strong><\/a><\/td>\n<td style=\"width: 9.10245%\">5-6 Jahre (Kindergarten)<\/td>\n<td style=\"width: 18.2049%\">Emotionale Kompetenz, soziale Kompetenz, sozial-emotionale Kompetenzen, sozial-kognitive Kompetenzen, Sozialverhalten<\/td>\n<td style=\"width: 20.2276%;text-align: center\"><span class='pressbooks-hfh-circle pressbooks-hfh-circle--full' style='--pressbooks-hfh-circle-width: 1.375rem; --pressbooks-hfh-circle-color: #14776c;'><span class='hfh-sr-only'>Gef\u00fcllter Kreis<\/span><\/span><\/td>\n<td style=\"width: 22.9155%;text-align: center\"><span class='pressbooks-hfh-circle pressbooks-hfh-circle--full' style='--pressbooks-hfh-circle-width: 1.375rem; --pressbooks-hfh-circle-color: #14776c;'><span class='hfh-sr-only'>Gef\u00fcllter Kreis<\/span><\/span><\/td>\n<td style=\"width: 20.4471%;text-align: center\"><span class='pressbooks-hfh-circle pressbooks-hfh-circle--half' style='--pressbooks-hfh-circle-width: 1.375rem; --pressbooks-hfh-circle-color: #14776c;'><span class='hfh-sr-only'>Halb gef\u00fcllter Kreis<\/span><\/span><\/td>\n<td style=\"width: 4.01837%\"><\/td>\n<td style=\"width: 4.13318%\"><\/td>\n<\/tr>\n<tr>\n<td style=\"width: 9.10245%\"><a href=\"https:\/\/digital.hfh.ch\/wissenwaswirkt\/chapter\/marburger-konzentrationstraining-mkt-fuer-jugendliche\/\"><strong>Marburger Konzentrationstraining f\u00fcr Jugendliche (MKT-J)<\/strong><\/a><\/td>\n<td style=\"width: 9.10245%\">Jugendliche<\/td>\n<td style=\"width: 18.2049%\">Aufmerksamkeit, Konzentration<\/td>\n<td style=\"width: 20.2276%;text-align: center\"><span class='pressbooks-hfh-circle pressbooks-hfh-circle--full' style='--pressbooks-hfh-circle-width: 1.375rem; --pressbooks-hfh-circle-color: #14776c;'><span class='hfh-sr-only'>Gef\u00fcllter Kreis<\/span><\/span><\/td>\n<td style=\"width: 22.9155%;height: 84px;text-align: center\"><span class='pressbooks-hfh-circle pressbooks-hfh-circle--full' style='--pressbooks-hfh-circle-width: 1.375rem; --pressbooks-hfh-circle-color: #14776c;'><span class='hfh-sr-only'>Gef\u00fcllter Kreis<\/span><\/span><\/td>\n<td style=\"width: 20.4471%;height: 84px;text-align: center\"><span class='pressbooks-hfh-circle pressbooks-hfh-circle--half' style='--pressbooks-hfh-circle-width: 1.375rem; --pressbooks-hfh-circle-color: #14776c;'><span class='hfh-sr-only'>Halb gef\u00fcllter Kreis<\/span><\/span><\/td>\n<td style=\"width: 4.01837%\"><\/td>\n<td style=\"width: 4.13318%\"><\/td>\n<\/tr>\n<tr>\n<td style=\"width: 9.10245%\"><a href=\"https:\/\/digital.hfh.ch\/wissenwaswirkt\/chapter\/marburger-konzentrationstraining-fuer-kindergarten-vorschule-eingangsstufe\/\"><strong>Marburger Konzentrationstraining (MKT) f\u00fcr Kindergarten, Vorschule und Eingangsstufe<\/strong><\/a><\/td>\n<td style=\"width: 9.10245%\">5-7 Jahre<\/td>\n<td style=\"width: 18.2049%\">Aufmerksamkeit, Konzentration<\/td>\n<td style=\"width: 20.2276%;text-align: center\"><span class='pressbooks-hfh-circle pressbooks-hfh-circle--full' style='--pressbooks-hfh-circle-width: 1.375rem; --pressbooks-hfh-circle-color: #14776c;'><span class='hfh-sr-only'>Gef\u00fcllter Kreis<\/span><\/span><\/td>\n<td style=\"width: 22.9155%;text-align: center\"><span class='pressbooks-hfh-circle pressbooks-hfh-circle--full' style='--pressbooks-hfh-circle-width: 1.375rem; --pressbooks-hfh-circle-color: #14776c;'><span class='hfh-sr-only'>Gef\u00fcllter Kreis<\/span><\/span><\/td>\n<td style=\"width: 20.4471%;text-align: center\"><span class='pressbooks-hfh-circle pressbooks-hfh-circle--half' style='--pressbooks-hfh-circle-width: 1.375rem; --pressbooks-hfh-circle-color: #14776c;'><span class='hfh-sr-only'>Halb gef\u00fcllter Kreis<\/span><\/span><\/td>\n<td style=\"width: 4.01837%;height: 84px;text-align: center\"><\/td>\n<td style=\"width: 4.13318%;height: 84px;text-align: center\"><\/td>\n<\/tr>\n<tr style=\"height: 84px\">\n<td style=\"width: 9.10245%;height: 84px\"><a href=\"https:\/\/digital.hfh.ch\/wissenwaswirkt\/chapter\/marburger-konzentrationstraining\/\"><strong>Marburger Konzentrationstraining (MKT) f\u00fcr Schulkinder<\/strong><\/a><\/td>\n<td style=\"width: 9.10245%\">6-12 Jahre<\/td>\n<td style=\"width: 18.2049%\">Aufmerksamkeit, Konzentration<\/td>\n<td style=\"width: 20.2276%;height: 84px;text-align: center\"><span class='pressbooks-hfh-circle pressbooks-hfh-circle--full' style='--pressbooks-hfh-circle-width: 1.375rem; --pressbooks-hfh-circle-color: #14776c;'><span class='hfh-sr-only'>Gef\u00fcllter Kreis<\/span><\/span><\/td>\n<td style=\"width: 22.9155%;height: 84px;text-align: center\"><span class='pressbooks-hfh-circle pressbooks-hfh-circle--full' style='--pressbooks-hfh-circle-width: 1.375rem; --pressbooks-hfh-circle-color: #14776c;'><span class='hfh-sr-only'>Gef\u00fcllter Kreis<\/span><\/span><\/td>\n<td style=\"width: 20.4471%;height: 84px;text-align: center\"><span class='pressbooks-hfh-circle pressbooks-hfh-circle--full' style='--pressbooks-hfh-circle-width: 1.375rem; --pressbooks-hfh-circle-color: #14776c;'><span class='hfh-sr-only'>Gef\u00fcllter Kreis<\/span><\/span><\/td>\n<td style=\"width: 4.01837%\"><\/td>\n<td style=\"width: 4.13318%\"><\/td>\n<\/tr>\n<tr>\n<td style=\"width: 9.10245%\"><a href=\"https:\/\/digital.hfh.ch\/wissenwaswirkt\/chapter\/mathe-sicher-koennen-diagnose-und-foerderkonzept-zur-sicherung-mathematischer-basiskompetenzen-natuerliche-zahlen\/\"><strong>Mathe sicher k\u00f6nnen: Diagnose- und F\u00f6rderkonzept zur Sicherung mathematischer Basiskompetenzen. Nat\u00fcrliche Zahlen<\/strong><\/a><\/td>\n<td style=\"width: 9.10245%\">ab 3. Klasse<\/td>\n<td style=\"width: 18.2049%\">Mathematik<\/td>\n<td style=\"width: 20.2276%;text-align: center\"><span class='pressbooks-hfh-circle pressbooks-hfh-circle--full' style='--pressbooks-hfh-circle-width: 1.375rem; --pressbooks-hfh-circle-color: #14776c;'><span class='hfh-sr-only'>Gef\u00fcllter Kreis<\/span><\/span><\/td>\n<td style=\"width: 22.9155%;text-align: center\"><span class='pressbooks-hfh-circle pressbooks-hfh-circle--empty' style='--pressbooks-hfh-circle-width: 1.375rem; --pressbooks-hfh-circle-color: #14776c;'><span class='hfh-sr-only'>Leerer Kreis<\/span><\/span><\/td>\n<td style=\"width: 20.4471%;text-align: center\"><span class='pressbooks-hfh-circle pressbooks-hfh-circle--half' style='--pressbooks-hfh-circle-width: 1.375rem; --pressbooks-hfh-circle-color: #14776c;'><span class='hfh-sr-only'>Halb gef\u00fcllter Kreis<\/span><\/span><\/td>\n<td style=\"width: 4.01837%\"><\/td>\n<td style=\"width: 4.13318%\"><\/td>\n<\/tr>\n<tr>\n<td style=\"width: 9.10245%\"><a href=\"https:\/\/digital.hfh.ch\/wissenwaswirkt\/chapter\/medienhelden-unterrichtsmaterialien-zur-foerderung-von-medienkompetenz-und-praevention-von-cybermobbing\/\"><strong>Medienhelden. Unterrichtsmanual zur F\u00f6rderung von Medienkompetenz und Pr\u00e4vention von Cybermobbing<\/strong><\/a><\/td>\n<td style=\"width: 9.10245%\">12-16 Jahre<\/td>\n<td style=\"width: 18.2049%\">Medienkompetenz, Cybermobbing<\/td>\n<td style=\"width: 20.2276%;text-align: center\"><span class='pressbooks-hfh-circle pressbooks-hfh-circle--full' style='--pressbooks-hfh-circle-width: 1.375rem; --pressbooks-hfh-circle-color: #14776c;'><span class='hfh-sr-only'>Gef\u00fcllter Kreis<\/span><\/span><\/td>\n<td style=\"width: 22.9155%;text-align: center\"><span class='pressbooks-hfh-circle pressbooks-hfh-circle--full' style='--pressbooks-hfh-circle-width: 1.375rem; --pressbooks-hfh-circle-color: #14776c;'><span class='hfh-sr-only'>Gef\u00fcllter Kreis<\/span><\/span><\/td>\n<td style=\"width: 20.4471%;text-align: center\"><span class='pressbooks-hfh-circle pressbooks-hfh-circle--full' style='--pressbooks-hfh-circle-width: 1.375rem; --pressbooks-hfh-circle-color: #14776c;'><span class='hfh-sr-only'>Gef\u00fcllter Kreis<\/span><\/span><\/td>\n<td style=\"width: 4.01837%\"><\/td>\n<td style=\"width: 4.13318%\"><\/td>\n<\/tr>\n<tr>\n<td style=\"width: 9.10245%\"><a href=\"https:\/\/digital.hfh.ch\/wissenwaswirkt\/chapter\/mengen-zaehlen-zahlen-die-grosse-foerderbox\/\"><strong>Mengen, z\u00e4hlen, Zahlen. Die grosse F\u00f6rderbox.<\/strong><\/a><\/td>\n<td style=\"width: 9.10245%\">Kindergarten bis 1. Klasse<\/td>\n<td style=\"width: 18.2049%\">Mathematik<\/td>\n<td style=\"width: 20.2276%;text-align: center\"><span class='pressbooks-hfh-circle pressbooks-hfh-circle--full' style='--pressbooks-hfh-circle-width: 1.375rem; --pressbooks-hfh-circle-color: #14776c;'><span class='hfh-sr-only'>Gef\u00fcllter Kreis<\/span><\/span><\/td>\n<td style=\"width: 22.9155%;text-align: center\"><span class='pressbooks-hfh-circle pressbooks-hfh-circle--full' style='--pressbooks-hfh-circle-width: 1.375rem; --pressbooks-hfh-circle-color: #14776c;'><span class='hfh-sr-only'>Gef\u00fcllter Kreis<\/span><\/span><\/td>\n<td style=\"width: 20.4471%;text-align: center\"><span class='pressbooks-hfh-circle pressbooks-hfh-circle--half' style='--pressbooks-hfh-circle-width: 1.375rem; --pressbooks-hfh-circle-color: #14776c;'><span class='hfh-sr-only'>Halb gef\u00fcllter Kreis<\/span><\/span><\/td>\n<td style=\"width: 4.01837%\"><\/td>\n<td style=\"width: 4.13318%\"><\/td>\n<\/tr>\n<tr>\n<td style=\"width: 9.10245%\"><a href=\"https:\/\/digital.hfh.ch\/wissenwaswirkt\/chapter\/motivation-lernen-das-trainingsprogramm-fuer-die-schule\/\"><strong>Motivation lernen. Das Trainingsprogramm f\u00fcr die Schule<\/strong><\/a><\/td>\n<td style=\"width: 9.10245%\">Mittel- und Oberstufe<\/td>\n<td style=\"width: 18.2049%\">Motivation<\/td>\n<td style=\"width: 20.2276%;text-align: center\"><span class='pressbooks-hfh-circle pressbooks-hfh-circle--full' style='--pressbooks-hfh-circle-width: 1.375rem; --pressbooks-hfh-circle-color: #14776c;'><span class='hfh-sr-only'>Gef\u00fcllter Kreis<\/span><\/span><\/td>\n<td style=\"width: 22.9155%;text-align: center\"><span class='pressbooks-hfh-circle pressbooks-hfh-circle--half' style='--pressbooks-hfh-circle-width: 1.375rem; --pressbooks-hfh-circle-color: #14776c;'><span class='hfh-sr-only'>Halb gef\u00fcllter Kreis<\/span><\/span><\/td>\n<td style=\"width: 20.4471%;text-align: center\"><span class='pressbooks-hfh-circle pressbooks-hfh-circle--half' style='--pressbooks-hfh-circle-width: 1.375rem; --pressbooks-hfh-circle-color: #14776c;'><span class='hfh-sr-only'>Halb gef\u00fcllter Kreis<\/span><\/span><\/td>\n<td style=\"width: 4.01837%\"><\/td>\n<td style=\"width: 4.13318%\"><\/td>\n<\/tr>\n<tr>\n<td style=\"width: 9.10245%\"><a href=\"https:\/\/digital.hfh.ch\/wissenwaswirkt\/chapter\/nele-und-noa-im-regenwald-berner-material-zur-foerderung-exekutiver-funktionen\/\"><strong>Nele und Noa im Regenwald &#8211; Berner Material zur F\u00f6rderung exekutiver Funktionen<\/strong><\/a><\/td>\n<td style=\"width: 9.10245%\">4 1\/2-7 Jahre<\/td>\n<td style=\"width: 18.2049%\">Exekutive Funktionen<\/td>\n<td style=\"width: 20.2276%;text-align: center\"><span class='pressbooks-hfh-circle pressbooks-hfh-circle--full' style='--pressbooks-hfh-circle-width: 1.375rem; --pressbooks-hfh-circle-color: #14776c;'><span class='hfh-sr-only'>Gef\u00fcllter Kreis<\/span><\/span><\/td>\n<td style=\"width: 22.9155%;text-align: center\"><span class='pressbooks-hfh-circle pressbooks-hfh-circle--full' style='--pressbooks-hfh-circle-width: 1.375rem; --pressbooks-hfh-circle-color: #14776c;'><span class='hfh-sr-only'>Gef\u00fcllter Kreis<\/span><\/span><\/td>\n<td style=\"width: 20.4471%;text-align: center\"><span class='pressbooks-hfh-circle pressbooks-hfh-circle--half' style='--pressbooks-hfh-circle-width: 1.375rem; --pressbooks-hfh-circle-color: #14776c;'><span class='hfh-sr-only'>Halb gef\u00fcllter Kreis<\/span><\/span><\/td>\n<td style=\"width: 4.01837%\"><\/td>\n<td style=\"width: 4.13318%\"><\/td>\n<\/tr>\n<tr>\n<td style=\"width: 9.10245%\"><a href=\"https:\/\/digital.hfh.ch\/wissenwaswirkt\/chapter\/praevention-test\/\"><strong>Pr\u00e4vention und Resilienzf\u00f6rderung in Grundschulen &#8211; PRiGS<\/strong><\/a><\/td>\n<td style=\"width: 9.10245%\">1.-4. Klasse<\/td>\n<td style=\"width: 18.2049%\">Resilienz<\/td>\n<td style=\"width: 20.2276%;text-align: center\"><span class='pressbooks-hfh-circle pressbooks-hfh-circle--full' style='--pressbooks-hfh-circle-width: 1.375rem; --pressbooks-hfh-circle-color: #14776c;'><span class='hfh-sr-only'>Gef\u00fcllter Kreis<\/span><\/span><\/td>\n<td style=\"width: 22.9155%;text-align: center\"><span class='pressbooks-hfh-circle pressbooks-hfh-circle--full' style='--pressbooks-hfh-circle-width: 1.375rem; --pressbooks-hfh-circle-color: #14776c;'><span class='hfh-sr-only'>Gef\u00fcllter Kreis<\/span><\/span><\/td>\n<td style=\"width: 20.4471%;text-align: center\"><span class='pressbooks-hfh-circle pressbooks-hfh-circle--half' style='--pressbooks-hfh-circle-width: 1.375rem; --pressbooks-hfh-circle-color: #14776c;'><span class='hfh-sr-only'>Halb gef\u00fcllter Kreis<\/span><\/span><\/td>\n<td style=\"width: 4.01837%\"><\/td>\n<td style=\"width: 4.13318%\"><\/td>\n<\/tr>\n<tr>\n<td style=\"width: 9.10245%\"><a href=\"https:\/\/digital.hfh.ch\/wissenwaswirkt\/chapter\/praevention-und-resilienzfoerderung-in-kindertageseinrichtungen-prik\/\"><strong><span class=\"TextRun SCXW176688175 BCX8\" lang=\"DE-CH\" xml:lang=\"DE-CH\" data-contrast=\"none\"><span class=\"NormalTextRun SCXW176688175 BCX8\">Pr\u00e4vention und Resilienzf\u00f6rderung in Kindertageseinrichtungen (PRiK)<\/span><\/span><\/strong><\/a><\/td>\n<td style=\"width: 9.10245%\">4-6 Jahre<\/td>\n<td style=\"width: 18.2049%\">Resilienz<\/td>\n<td style=\"width: 20.2276%;text-align: center\"><span class='pressbooks-hfh-circle pressbooks-hfh-circle--full' style='--pressbooks-hfh-circle-width: 1.375rem; --pressbooks-hfh-circle-color: #14776c;'><span class='hfh-sr-only'>Gef\u00fcllter Kreis<\/span><\/span><\/td>\n<td style=\"width: 22.9155%;text-align: center\"><span class='pressbooks-hfh-circle pressbooks-hfh-circle--full' style='--pressbooks-hfh-circle-width: 1.375rem; --pressbooks-hfh-circle-color: #14776c;'><span class='hfh-sr-only'>Gef\u00fcllter Kreis<\/span><\/span><\/td>\n<td style=\"width: 20.4471%;text-align: center\"><span class='pressbooks-hfh-circle pressbooks-hfh-circle--full' style='--pressbooks-hfh-circle-width: 1.375rem; --pressbooks-hfh-circle-color: #14776c;'><span class='hfh-sr-only'>Gef\u00fcllter Kreis<\/span><\/span><\/td>\n<td style=\"width: 4.01837%\"><\/td>\n<td style=\"width: 4.13318%\"><\/td>\n<\/tr>\n<tr>\n<td style=\"width: 9.10245%\"><a href=\"https:\/\/digital.hfh.ch\/wissenwaswirkt\/chapter\/praevention-und-resilienzfoerderung-in-der-sekundarstufe-i-pris\/\"><strong><span class=\"TextRun SCXW176688175 BCX8\" lang=\"DE-CH\" xml:lang=\"DE-CH\" data-contrast=\"none\"><span class=\"NormalTextRun SCXW176688175 BCX8\">Pr\u00e4vention und Resilienzf\u00f6rderung in der Sekundarstufe I (PRiS)<\/span><\/span><\/strong><\/a><\/td>\n<td style=\"width: 9.10245%\">5.-10. Klasse<\/td>\n<td style=\"width: 18.2049%\">Resilienz<\/td>\n<td style=\"width: 20.2276%;text-align: center\"><span class='pressbooks-hfh-circle pressbooks-hfh-circle--full' style='--pressbooks-hfh-circle-width: 1.375rem; --pressbooks-hfh-circle-color: #14776c;'><span class='hfh-sr-only'>Gef\u00fcllter Kreis<\/span><\/span><\/td>\n<td style=\"width: 22.9155%;text-align: center\"><span class='pressbooks-hfh-circle pressbooks-hfh-circle--full' style='--pressbooks-hfh-circle-width: 1.375rem; --pressbooks-hfh-circle-color: #14776c;'><span class='hfh-sr-only'>Gef\u00fcllter Kreis<\/span><\/span><\/td>\n<td style=\"width: 20.4471%;text-align: center\"><span class='pressbooks-hfh-circle pressbooks-hfh-circle--half' style='--pressbooks-hfh-circle-width: 1.375rem; --pressbooks-hfh-circle-color: #14776c;'><span class='hfh-sr-only'>Halb gef\u00fcllter Kreis<\/span><\/span><\/td>\n<td style=\"width: 4.01837%\"><\/td>\n<td style=\"width: 4.13318%\"><\/td>\n<\/tr>\n<tr>\n<td style=\"width: 9.10245%\"><a href=\"https:\/\/digital.hfh.ch\/wissenwaswirkt\/chapter\/reise-durch-den-zoo\/\"><strong><span class=\"TextRun SCXW176688175 BCX8\" lang=\"DE-CH\" xml:lang=\"DE-CH\" data-contrast=\"none\"><span class=\"NormalTextRun SCXW176688175 BCX8\">Reise durch den Zoo<\/span><\/span><\/strong><\/a><\/td>\n<td style=\"width: 9.10245%\">Kindergarten<\/td>\n<td style=\"width: 18.2049%\">Grafomotorik, Motorik<\/td>\n<td style=\"width: 20.2276%;text-align: center\"><span class='pressbooks-hfh-circle pressbooks-hfh-circle--full' style='--pressbooks-hfh-circle-width: 1.375rem; --pressbooks-hfh-circle-color: #14776c;'><span class='hfh-sr-only'>Gef\u00fcllter Kreis<\/span><\/span><\/td>\n<td style=\"width: 22.9155%;text-align: center\"><span class='pressbooks-hfh-circle pressbooks-hfh-circle--full' style='--pressbooks-hfh-circle-width: 1.375rem; --pressbooks-hfh-circle-color: #14776c;'><span class='hfh-sr-only'>Gef\u00fcllter Kreis<\/span><\/span><\/td>\n<td style=\"width: 20.4471%;text-align: center\"><span class='pressbooks-hfh-circle pressbooks-hfh-circle--half' style='--pressbooks-hfh-circle-width: 1.375rem; --pressbooks-hfh-circle-color: #14776c;'><span class='hfh-sr-only'>Halb gef\u00fcllter Kreis<\/span><\/span><\/td>\n<td style=\"width: 4.01837%\"><\/td>\n<td style=\"width: 4.13318%\"><\/td>\n<\/tr>\n<tr>\n<td style=\"width: 9.10245%\"><a href=\"https:\/\/digital.hfh.ch\/wissenwaswirkt\/chapter\/rabe-socke\/\"><strong><span class=\"TextRun SCXW176688175 BCX8\" lang=\"DE-CH\" xml:lang=\"DE-CH\" data-contrast=\"none\"><span class=\"NormalTextRun SCXW176688175 BCX8\">Soziales Lernen mit dem kleinen Raben Socke 1.\/2. Klasse<\/span><\/span><\/strong><\/a><\/td>\n<td style=\"width: 9.10245%\">1. und 2. Klasse<\/td>\n<td style=\"width: 18.2049%\">Soziale Kompetenz, Sozialverhalten, Klassenklima<\/td>\n<td style=\"width: 20.2276%;text-align: center\"><span class='pressbooks-hfh-circle pressbooks-hfh-circle--full' style='--pressbooks-hfh-circle-width: 1.375rem; --pressbooks-hfh-circle-color: #14776c;'><span class='hfh-sr-only'>Gef\u00fcllter Kreis<\/span><\/span><\/td>\n<td style=\"width: 22.9155%;text-align: center\"><span class='pressbooks-hfh-circle pressbooks-hfh-circle--empty' style='--pressbooks-hfh-circle-width: 1.375rem; --pressbooks-hfh-circle-color: #14776c;'><span class='hfh-sr-only'>Leerer Kreis<\/span><\/span><\/td>\n<td style=\"width: 20.4471%;text-align: center\"><span class='pressbooks-hfh-circle pressbooks-hfh-circle--empty' style='--pressbooks-hfh-circle-width: 1.375rem; --pressbooks-hfh-circle-color: #14776c;'><span class='hfh-sr-only'>Leerer Kreis<\/span><\/span><\/td>\n<td style=\"width: 4.01837%\"><\/td>\n<td style=\"width: 4.13318%\"><\/td>\n<\/tr>\n<tr>\n<td style=\"width: 9.10245%\"><a href=\"https:\/\/digital.hfh.ch\/wissenwaswirkt\/chapter\/sozialtraining-in-der-schule\/\"><strong><span class=\"TextRun SCXW176688175 BCX8\" lang=\"DE-CH\" xml:lang=\"DE-CH\" data-contrast=\"none\"><span class=\"NormalTextRun SCXW176688175 BCX8\">Sozialtraining in der Schule<\/span><\/span><\/strong><\/a><\/td>\n<td style=\"width: 9.10245%\">3. bis 6. Klasse<\/td>\n<td style=\"width: 18.2049%\">Soziale Kompetenz, sozial-emotionale Kompetenzen<\/td>\n<td style=\"width: 20.2276%;text-align: center\"><span class='pressbooks-hfh-circle pressbooks-hfh-circle--full' style='--pressbooks-hfh-circle-width: 1.375rem; --pressbooks-hfh-circle-color: #14776c;'><span class='hfh-sr-only'>Gef\u00fcllter Kreis<\/span><\/span><\/td>\n<td style=\"width: 22.9155%;text-align: center\"><span class='pressbooks-hfh-circle pressbooks-hfh-circle--full' style='--pressbooks-hfh-circle-width: 1.375rem; --pressbooks-hfh-circle-color: #14776c;'><span class='hfh-sr-only'>Gef\u00fcllter Kreis<\/span><\/span><\/td>\n<td style=\"width: 20.4471%;text-align: center\"><span class='pressbooks-hfh-circle pressbooks-hfh-circle--half' style='--pressbooks-hfh-circle-width: 1.375rem; --pressbooks-hfh-circle-color: #14776c;'><span class='hfh-sr-only'>Halb gef\u00fcllter Kreis<\/span><\/span><\/td>\n<td style=\"width: 4.01837%\"><\/td>\n<td style=\"width: 4.13318%\"><\/td>\n<\/tr>\n<tr>\n<td style=\"width: 9.10245%\"><a href=\"https:\/\/digital.hfh.ch\/wissenwaswirkt\/chapter\/stressbewaeltigung-im-jugendalter-ein-trainingsprogramm-stress-nicht-als-katastrophe-erleben-snake\/\"><strong><span class=\"TextRun SCXW176688175 BCX8\" lang=\"DE-CH\" xml:lang=\"DE-CH\" data-contrast=\"none\"><span class=\"NormalTextRun SCXW176688175 BCX8\">Stress<\/span><span class=\"NormalTextRun SCXW176688175 BCX8\">bew\u00e4ltigung<\/span><span class=\"NormalTextRun SCXW176688175 BCX8\"> im Jugendalter<\/span><span class=\"NormalTextRun SCXW176688175 BCX8\">. Ein Trainingsprogramm<\/span><span class=\"NormalTextRun SCXW176688175 BCX8\">.<\/span><span class=\"NormalTextRun SCXW176688175 BCX8\">\u00a0<\/span><span class=\"NormalTextRun SCXW176688175 BCX8\">(Stress nicht als Katastrophe erleben; SNAKE)<\/span><\/span><span class=\"EOP SCXW176688175 BCX8\" data-ccp-props=\"{&quot;201341983&quot;:0,&quot;335559738&quot;:120,&quot;335559739&quot;:120,&quot;335559740&quot;:276,&quot;469777462&quot;:[340,680],&quot;469777927&quot;:[0,0],&quot;469777928&quot;:[1,1]}\">\u00a0<\/span><\/strong><\/a><\/td>\n<td style=\"width: 9.10245%\">8. und 9. Klasse<\/td>\n<td style=\"width: 18.2049%\">Stress, Entspannung, Probleml\u00f6sen<\/td>\n<td style=\"width: 20.2276%;text-align: center\"><span class='pressbooks-hfh-circle pressbooks-hfh-circle--full' style='--pressbooks-hfh-circle-width: 1.375rem; --pressbooks-hfh-circle-color: #14776c;'><span class='hfh-sr-only'>Gef\u00fcllter Kreis<\/span><\/span><\/td>\n<td style=\"width: 22.9155%;text-align: center\"><span class='pressbooks-hfh-circle pressbooks-hfh-circle--full' style='--pressbooks-hfh-circle-width: 1.375rem; --pressbooks-hfh-circle-color: #14776c;'><span class='hfh-sr-only'>Gef\u00fcllter Kreis<\/span><\/span><\/td>\n<td style=\"width: 20.4471%;text-align: center\"><span class='pressbooks-hfh-circle pressbooks-hfh-circle--full' style='--pressbooks-hfh-circle-width: 1.375rem; --pressbooks-hfh-circle-color: #14776c;'><span class='hfh-sr-only'>Gef\u00fcllter Kreis<\/span><\/span><\/td>\n<td style=\"width: 4.01837%\"><\/td>\n<td style=\"width: 4.13318%\"><\/td>\n<\/tr>\n<tr>\n<td style=\"width: 9.10245%\"><a href=\"https:\/\/digital.hfh.ch\/wissenwaswirkt\/chapter\/stresspraeventionstraining-fuer-kinder-im-grundschulalter\/\"><strong>Stresspr\u00e4ventionstraining f\u00fcr Kinder im Grundschulalter<\/strong><\/a><\/td>\n<td style=\"width: 9.10245%\">3. und 4. Klasse<\/td>\n<td style=\"width: 18.2049%\">Stress<\/td>\n<td style=\"width: 20.2276%;text-align: center\"><span class='pressbooks-hfh-circle pressbooks-hfh-circle--full' style='--pressbooks-hfh-circle-width: 1.375rem; --pressbooks-hfh-circle-color: #14776c;'><span class='hfh-sr-only'>Gef\u00fcllter Kreis<\/span><\/span><\/td>\n<td style=\"width: 22.9155%;text-align: center\"><span class='pressbooks-hfh-circle pressbooks-hfh-circle--full' style='--pressbooks-hfh-circle-width: 1.375rem; --pressbooks-hfh-circle-color: #14776c;'><span class='hfh-sr-only'>Gef\u00fcllter Kreis<\/span><\/span><\/td>\n<td style=\"width: 20.4471%;text-align: center\"><span class='pressbooks-hfh-circle pressbooks-hfh-circle--full' style='--pressbooks-hfh-circle-width: 1.375rem; --pressbooks-hfh-circle-color: #14776c;'><span class='hfh-sr-only'>Gef\u00fcllter Kreis<\/span><\/span><\/td>\n<td style=\"width: 4.01837%\"><\/td>\n<td style=\"width: 4.13318%\"><\/td>\n<\/tr>\n<tr>\n<td style=\"width: 9.10245%\"><a href=\"https:\/\/digital.hfh.ch\/wissenwaswirkt\/chapter\/training-fuer-kinder-mit-aufmerksamkeitsstoerungen-das-neuropsychologische-gruppenprogramm-attentioner\/\"><strong>Training f\u00fcr Kinder mit Aufmerksamkeitsst\u00f6rungen: Das neuropsychologische Gruppenprogramm ATTENTIONER<\/strong><\/a><\/td>\n<td style=\"width: 9.10245%\">4-14 Jahre<\/td>\n<td style=\"width: 18.2049%\">ADHS, Aufmerksamkeit, Selbstregulation<\/td>\n<td style=\"width: 20.2276%;text-align: center\"><span class='pressbooks-hfh-circle pressbooks-hfh-circle--full' style='--pressbooks-hfh-circle-width: 1.375rem; --pressbooks-hfh-circle-color: #14776c;'><span class='hfh-sr-only'>Gef\u00fcllter Kreis<\/span><\/span><\/td>\n<td style=\"width: 22.9155%;text-align: center\"><span class='pressbooks-hfh-circle pressbooks-hfh-circle--full' style='--pressbooks-hfh-circle-width: 1.375rem; --pressbooks-hfh-circle-color: #14776c;'><span class='hfh-sr-only'>Gef\u00fcllter Kreis<\/span><\/span><\/td>\n<td style=\"width: 20.4471%;text-align: center\"><span class='pressbooks-hfh-circle pressbooks-hfh-circle--half' style='--pressbooks-hfh-circle-width: 1.375rem; --pressbooks-hfh-circle-color: #14776c;'><span class='hfh-sr-only'>Halb gef\u00fcllter Kreis<\/span><\/span><\/td>\n<td style=\"width: 4.01837%\"><\/td>\n<td style=\"width: 4.13318%\"><\/td>\n<\/tr>\n<tr>\n<td style=\"width: 9.10245%\"><a href=\"https:\/\/digital.hfh.ch\/wissenwaswirkt\/chapter\/training-fuer-kinder-mit-gedaechtnisstoerungen-das-neuropsychologische-einzeltraining-reminder\/\"><strong>Training f\u00fcr Kinder mit Ged\u00e4chtnisst\u00f6rungen. Das neuropsychologische Einzeltraining REMINDER<\/strong><\/a><\/td>\n<td style=\"width: 9.10245%\">7-12 Jahre<\/td>\n<td style=\"width: 18.2049%\">Ged\u00e4chtnis<\/td>\n<td style=\"width: 20.2276%;text-align: center\"><span class='pressbooks-hfh-circle pressbooks-hfh-circle--full' style='--pressbooks-hfh-circle-width: 1.375rem; --pressbooks-hfh-circle-color: #14776c;'><span class='hfh-sr-only'>Gef\u00fcllter Kreis<\/span><\/span><\/td>\n<td style=\"width: 22.9155%;text-align: center\"><span class='pressbooks-hfh-circle pressbooks-hfh-circle--full' style='--pressbooks-hfh-circle-width: 1.375rem; --pressbooks-hfh-circle-color: #14776c;'><span class='hfh-sr-only'>Gef\u00fcllter Kreis<\/span><\/span><\/td>\n<td style=\"width: 20.4471%;text-align: center\"><span class='pressbooks-hfh-circle pressbooks-hfh-circle--half' style='--pressbooks-hfh-circle-width: 1.375rem; --pressbooks-hfh-circle-color: #14776c;'><span class='hfh-sr-only'>Halb gef\u00fcllter Kreis<\/span><\/span><\/td>\n<td style=\"width: 4.01837%\"><\/td>\n<td style=\"width: 4.13318%\"><\/td>\n<\/tr>\n<tr>\n<td style=\"width: 9.10245%\"><a href=\"https:\/\/digital.hfh.ch\/wissenwaswirkt\/chapter\/training-mit-aggressiven-kindern\/\"><strong>Training mit aggressiven Kindern<\/strong><\/a><\/td>\n<td style=\"width: 9.10245%\">6-12 Jahre<\/td>\n<td style=\"width: 18.2049%\">Aggression<\/td>\n<td style=\"width: 20.2276%;text-align: center\"><span class='pressbooks-hfh-circle pressbooks-hfh-circle--full' style='--pressbooks-hfh-circle-width: 1.375rem; --pressbooks-hfh-circle-color: #14776c;'><span class='hfh-sr-only'>Gef\u00fcllter Kreis<\/span><\/span><\/td>\n<td style=\"width: 22.9155%;text-align: center\"><span class='pressbooks-hfh-circle pressbooks-hfh-circle--full' style='--pressbooks-hfh-circle-width: 1.375rem; --pressbooks-hfh-circle-color: #14776c;'><span class='hfh-sr-only'>Gef\u00fcllter Kreis<\/span><\/span><\/td>\n<td style=\"width: 20.4471%;text-align: center\"><span class='pressbooks-hfh-circle pressbooks-hfh-circle--half' style='--pressbooks-hfh-circle-width: 1.375rem; --pressbooks-hfh-circle-color: #14776c;'><span class='hfh-sr-only'>Halb gef\u00fcllter Kreis<\/span><\/span><\/td>\n<td style=\"width: 4.01837%\"><\/td>\n<td style=\"width: 4.13318%\"><\/td>\n<\/tr>\n<tr>\n<td style=\"width: 9.10245%\"><a href=\"https:\/\/digital.hfh.ch\/wissenwaswirkt\/chapter\/training-mit-aufmerksamkeitsgestoerten-kindern-2\/\"><strong>Training mit aufmerksamkeitsgest\u00f6rten Kindern<\/strong><\/a><\/td>\n<td style=\"width: 9.10245%\">6-12 Jahre<\/td>\n<td style=\"width: 18.2049%\">ADHS, Aufmerksamkeit<\/td>\n<td style=\"width: 20.2276%;text-align: center\"><span class='pressbooks-hfh-circle pressbooks-hfh-circle--full' style='--pressbooks-hfh-circle-width: 1.375rem; --pressbooks-hfh-circle-color: #14776c;'><span class='hfh-sr-only'>Gef\u00fcllter Kreis<\/span><\/span><\/td>\n<td style=\"width: 22.9155%;text-align: center\"><span class='pressbooks-hfh-circle pressbooks-hfh-circle--full' style='--pressbooks-hfh-circle-width: 1.375rem; --pressbooks-hfh-circle-color: #14776c;'><span class='hfh-sr-only'>Gef\u00fcllter Kreis<\/span><\/span><\/td>\n<td style=\"width: 20.4471%;text-align: center\"><span class='pressbooks-hfh-circle pressbooks-hfh-circle--full' style='--pressbooks-hfh-circle-width: 1.375rem; --pressbooks-hfh-circle-color: #14776c;'><span class='hfh-sr-only'>Gef\u00fcllter Kreis<\/span><\/span><\/td>\n<td style=\"width: 4.01837%\"><\/td>\n<td style=\"width: 4.13318%\"><\/td>\n<\/tr>\n<tr>\n<td style=\"width: 9.10245%\"><a href=\"https:\/\/digital.hfh.ch\/wissenwaswirkt\/chapter\/training-mit-jugendlichen-aufbau-von-arbeits-und-sozialverhalten-jobfit-training\/\"><strong>Training mit Jugendlichen: Aufbau von Arbeits- und Sozialverhalten (JobFit-Training)<\/strong><\/a><\/td>\n<td style=\"width: 9.10245%\">13-20 Jahre<\/td>\n<td style=\"width: 18.2049%\">Arbeitsverhalten, Sozialverhalten<\/td>\n<td style=\"width: 20.2276%;text-align: center\"><span class='pressbooks-hfh-circle pressbooks-hfh-circle--full' style='--pressbooks-hfh-circle-width: 1.375rem; --pressbooks-hfh-circle-color: #14776c;'><span class='hfh-sr-only'>Gef\u00fcllter Kreis<\/span><\/span><\/td>\n<td style=\"width: 22.9155%;text-align: center\"><span class='pressbooks-hfh-circle pressbooks-hfh-circle--full' style='--pressbooks-hfh-circle-width: 1.375rem; --pressbooks-hfh-circle-color: #14776c;'><span class='hfh-sr-only'>Gef\u00fcllter Kreis<\/span><\/span><\/td>\n<td style=\"width: 20.4471%;text-align: center\"><span class='pressbooks-hfh-circle pressbooks-hfh-circle--full' style='--pressbooks-hfh-circle-width: 1.375rem; --pressbooks-hfh-circle-color: #14776c;'><span class='hfh-sr-only'>Gef\u00fcllter Kreis<\/span><\/span><\/td>\n<td style=\"width: 4.01837%\"><\/td>\n<td style=\"width: 4.13318%\"><\/td>\n<\/tr>\n<tr>\n<td style=\"width: 9.10245%\"><a href=\"https:\/\/digital.hfh.ch\/wissenwaswirkt\/chapter\/trainingsprogramm-kalkulie-diagnose-und-trainingsprogramm-fuer-rechenschwache-kinder\/\"><strong>Trainingsprogramm Kalkulie &#8211; Diagnose- und Trainingsprogramm f\u00fcr rechenschwache Kinder<\/strong><\/a><\/td>\n<td style=\"width: 9.10245%\">1.-3. Klasse<\/td>\n<td style=\"width: 18.2049%\">Mathematik<\/td>\n<td style=\"width: 20.2276%;text-align: center\"><span class='pressbooks-hfh-circle pressbooks-hfh-circle--full' style='--pressbooks-hfh-circle-width: 1.375rem; --pressbooks-hfh-circle-color: #14776c;'><span class='hfh-sr-only'>Gef\u00fcllter Kreis<\/span><\/span><\/td>\n<td style=\"width: 22.9155%;text-align: center\"><span class='pressbooks-hfh-circle pressbooks-hfh-circle--full' style='--pressbooks-hfh-circle-width: 1.375rem; --pressbooks-hfh-circle-color: #14776c;'><span class='hfh-sr-only'>Gef\u00fcllter Kreis<\/span><\/span><\/td>\n<td style=\"width: 20.4471%;text-align: center\"><span class='pressbooks-hfh-circle pressbooks-hfh-circle--empty' style='--pressbooks-hfh-circle-width: 1.375rem; --pressbooks-hfh-circle-color: #14776c;'><span class='hfh-sr-only'>Leerer Kreis<\/span><\/span><\/td>\n<td style=\"width: 4.01837%\"><\/td>\n<td style=\"width: 4.13318%\"><\/td>\n<\/tr>\n<tr>\n<td style=\"width: 9.10245%\"><a href=\"https:\/\/digital.hfh.ch\/wissenwaswirkt\/chapter\/training-zur-praevention-von-depressionen-bei-jugendlichen-lars-lisa-lust-an-realistischer-sicht-und-leichtigkeit-im-sozialen-alltag\/\"><strong>Training zur Pr\u00e4vention von Depressionen bei Jugendlichen<\/strong><\/a><\/p>\n<p><a href=\"https:\/\/digital.hfh.ch\/wissenwaswirkt\/chapter\/training-zur-praevention-von-depressionen-bei-jugendlichen-lars-lisa-lust-an-realistischer-sicht-und-leichtigkeit-im-sozialen-alltag\/\"><strong>LARS &amp; LISA: Lust an realistischer Sicht und Leichtigkeit im sozialen Alltag<\/strong><\/a><\/td>\n<td style=\"width: 9.10245%\">Jugendliche (12-16 Jahre)<\/td>\n<td style=\"width: 18.2049%\">Angst, Depression<\/td>\n<td style=\"width: 20.2276%;text-align: center\"><span class='pressbooks-hfh-circle pressbooks-hfh-circle--full' style='--pressbooks-hfh-circle-width: 1.375rem; --pressbooks-hfh-circle-color: #14776c;'><span class='hfh-sr-only'>Gef\u00fcllter Kreis<\/span><\/span><\/td>\n<td style=\"width: 22.9155%;text-align: center\"><span class='pressbooks-hfh-circle pressbooks-hfh-circle--full' style='--pressbooks-hfh-circle-width: 1.375rem; --pressbooks-hfh-circle-color: #14776c;'><span class='hfh-sr-only'>Gef\u00fcllter Kreis<\/span><\/span><\/td>\n<td style=\"width: 20.4471%;text-align: center\"><span class='pressbooks-hfh-circle pressbooks-hfh-circle--full' style='--pressbooks-hfh-circle-width: 1.375rem; --pressbooks-hfh-circle-color: #14776c;'><span class='hfh-sr-only'>Gef\u00fcllter Kreis<\/span><\/span><\/td>\n<td style=\"width: 4.01837%\"><\/td>\n<td style=\"width: 4.13318%\"><\/td>\n<\/tr>\n<tr>\n<td style=\"width: 9.10245%\"><a href=\"https:\/\/digital.hfh.ch\/wissenwaswirkt\/chapter\/verhaltenstraining-fuer-schulanfaenger-ein-programm-zur-foerderung-emotionaler-und-sozialer-kompetenzen\/\"><strong>Verhaltenstraining f\u00fcr Schulanf\u00e4nger: Ein Programm zur F\u00f6rderung emotionaler und sozialer Kompetenzen<\/strong><\/a><\/td>\n<td style=\"width: 9.10245%\">1. und 2. Klasse<\/td>\n<td style=\"width: 18.2049%\">Emotionale Kompetenz, soziale Kompetenz, sozial-emotionale Kompetenzen, sozial-kognitive Kompetenzen, Sozialverhalten<\/td>\n<td style=\"width: 20.2276%;text-align: center\"><span class='pressbooks-hfh-circle pressbooks-hfh-circle--full' style='--pressbooks-hfh-circle-width: 1.375rem; --pressbooks-hfh-circle-color: #14776c;'><span class='hfh-sr-only'>Gef\u00fcllter Kreis<\/span><\/span><\/td>\n<td style=\"width: 22.9155%;text-align: center\"><span class='pressbooks-hfh-circle pressbooks-hfh-circle--full' style='--pressbooks-hfh-circle-width: 1.375rem; --pressbooks-hfh-circle-color: #14776c;'><span class='hfh-sr-only'>Gef\u00fcllter Kreis<\/span><\/span><\/td>\n<td style=\"width: 20.4471%;text-align: center\"><span class='pressbooks-hfh-circle pressbooks-hfh-circle--full' style='--pressbooks-hfh-circle-width: 1.375rem; --pressbooks-hfh-circle-color: #14776c;'><span class='hfh-sr-only'>Gef\u00fcllter Kreis<\/span><\/span><\/td>\n<td style=\"width: 4.01837%\"><\/td>\n<td style=\"width: 4.13318%\"><\/td>\n<\/tr>\n<tr>\n<td style=\"width: 9.10245%\"><a href=\"https:\/\/digital.hfh.ch\/wissenwaswirkt\/chapter\/verhaltenstraining-im-kindergarten-ein-programm-zur-foerderung-emotionaler-und-sozialer-kompetenzen\/\"><strong>Verhaltenstraining im Kindergarten: Ein Programm zur F\u00f6rderung emotionaler und sozialer Kompetenzen<\/strong><\/a><\/td>\n<td style=\"width: 9.10245%\">3-6 Jahre (Kindergarten)<\/td>\n<td style=\"width: 18.2049%\">Emotionale Kompetenz, soziale Kompetenz, sozial-emotionale Kompetenzen, sozial-kognitive Kompetenzen, Sozialverhalten<\/td>\n<td style=\"width: 20.2276%;text-align: center\"><span class='pressbooks-hfh-circle pressbooks-hfh-circle--full' style='--pressbooks-hfh-circle-width: 1.375rem; --pressbooks-hfh-circle-color: #14776c;'><span class='hfh-sr-only'>Gef\u00fcllter Kreis<\/span><\/span><\/td>\n<td style=\"width: 22.9155%;text-align: center\"><span class='pressbooks-hfh-circle pressbooks-hfh-circle--full' style='--pressbooks-hfh-circle-width: 1.375rem; --pressbooks-hfh-circle-color: #14776c;'><span class='hfh-sr-only'>Gef\u00fcllter Kreis<\/span><\/span><\/td>\n<td style=\"width: 20.4471%;text-align: center\"><span class='pressbooks-hfh-circle pressbooks-hfh-circle--full' style='--pressbooks-hfh-circle-width: 1.375rem; --pressbooks-hfh-circle-color: #14776c;'><span class='hfh-sr-only'>Gef\u00fcllter Kreis<\/span><\/span><\/td>\n<td style=\"width: 4.01837%\"><\/td>\n<td style=\"width: 4.13318%\"><\/td>\n<\/tr>\n<tr>\n<td style=\"width: 9.10245%\"><a href=\"https:\/\/digital.hfh.ch\/wissenwaswirkt\/chapter\/verhaltenstraining-in-der-grundschule-ein-programm-zur-foerderung-emotionaler-und-sozialer-kompetenzen\/\"><strong>Verhaltenstraining in der Grundschule. Ein Programm zur F\u00f6rderung emotionaler und sozialer Kompetenzen<\/strong><\/a><\/td>\n<td style=\"width: 9.10245%\">3. und 4. Klasse (9-12 Jahre)<\/td>\n<td style=\"width: 18.2049%\">Emotionale Kompetenz, soziale Kompetenz, sozial-emotionale Kompetenzen, sozial-kognitive Kompetenzen, Sozialverhalten moralische Entwicklung<\/td>\n<td style=\"width: 20.2276%;text-align: center\"><span class='pressbooks-hfh-circle pressbooks-hfh-circle--full' style='--pressbooks-hfh-circle-width: 1.375rem; --pressbooks-hfh-circle-color: #14776c;'><span class='hfh-sr-only'>Gef\u00fcllter Kreis<\/span><\/span><\/td>\n<td style=\"width: 22.9155%;text-align: center\"><span class='pressbooks-hfh-circle pressbooks-hfh-circle--full' style='--pressbooks-hfh-circle-width: 1.375rem; --pressbooks-hfh-circle-color: #14776c;'><span class='hfh-sr-only'>Gef\u00fcllter Kreis<\/span><\/span><\/td>\n<td style=\"width: 20.4471%;text-align: center\"><span class='pressbooks-hfh-circle pressbooks-hfh-circle--full' style='--pressbooks-hfh-circle-width: 1.375rem; --pressbooks-hfh-circle-color: #14776c;'><span class='hfh-sr-only'>Gef\u00fcllter Kreis<\/span><\/span><\/td>\n<td style=\"width: 4.01837%\"><\/td>\n<td style=\"width: 4.13318%\"><\/td>\n<\/tr>\n<tr>\n<td style=\"width: 9.10245%\"><a href=\"https:\/\/digital.hfh.ch\/wissenwaswirkt\/chapter\/wir-werden-lesedetektive\/\"><strong>Wir werden Lesedetektive<\/strong><\/a><\/td>\n<td style=\"width: 9.10245%\">5. bis 8. Klasse<\/td>\n<td style=\"width: 18.2049%\">Lesen, Lesestrategien<\/td>\n<td style=\"width: 20.2276%;text-align: center\"><span class='pressbooks-hfh-circle pressbooks-hfh-circle--full' style='--pressbooks-hfh-circle-width: 1.375rem; --pressbooks-hfh-circle-color: #14776c;'><span class='hfh-sr-only'>Gef\u00fcllter Kreis<\/span><\/span><\/td>\n<td style=\"width: 22.9155%;text-align: center\"><span class='pressbooks-hfh-circle pressbooks-hfh-circle--full' style='--pressbooks-hfh-circle-width: 1.375rem; --pressbooks-hfh-circle-color: #14776c;'><span class='hfh-sr-only'>Gef\u00fcllter Kreis<\/span><\/span><\/td>\n<td style=\"width: 20.4471%;text-align: center\"><span class='pressbooks-hfh-circle pressbooks-hfh-circle--full' style='--pressbooks-hfh-circle-width: 1.375rem; --pressbooks-hfh-circle-color: #14776c;'><span class='hfh-sr-only'>Gef\u00fcllter Kreis<\/span><\/span><\/td>\n<td style=\"width: 4.01837%\"><\/td>\n<td style=\"width: 4.13318%\"><\/td>\n<\/tr>\n<tr>\n<td style=\"width: 9.10245%\"><a href=\"https:\/\/digital.hfh.ch\/wissenwaswirkt\/chapter\/wir-werden-textdetektive\/\"><strong>Wir werden Textdetektive<\/strong><\/a><\/td>\n<td style=\"width: 9.10245%\">4. bis 6. Klasse<\/td>\n<td style=\"width: 18.2049%\">Lesen, Lesestrategien<\/td>\n<td style=\"width: 20.2276%;text-align: center\"><span class='pressbooks-hfh-circle pressbooks-hfh-circle--full' style='--pressbooks-hfh-circle-width: 1.375rem; --pressbooks-hfh-circle-color: #14776c;'><span class='hfh-sr-only'>Gef\u00fcllter Kreis<\/span><\/span><\/td>\n<td style=\"width: 22.9155%;text-align: center\"><span class='pressbooks-hfh-circle pressbooks-hfh-circle--full' style='--pressbooks-hfh-circle-width: 1.375rem; --pressbooks-hfh-circle-color: #14776c;'><span class='hfh-sr-only'>Gef\u00fcllter Kreis<\/span><\/span><\/td>\n<td style=\"width: 20.4471%;text-align: center\"><span class='pressbooks-hfh-circle pressbooks-hfh-circle--full' style='--pressbooks-hfh-circle-width: 1.375rem; --pressbooks-hfh-circle-color: #14776c;'><span class='hfh-sr-only'>Gef\u00fcllter Kreis<\/span><\/span><\/td>\n<td style=\"width: 4.01837%\"><\/td>\n<td style=\"width: 4.13318%\"><\/td>\n<\/tr>\n<tr>\n<td style=\"width: 9.10245%\"><\/td>\n<td style=\"width: 9.10245%\"><\/td>\n<td style=\"width: 18.2049%\"><\/td>\n<td style=\"width: 20.2276%;text-align: center\"><span style=\"color: #14776c;font-size: 22px\">\u00a0<\/span><\/td>\n<td style=\"width: 22.9155%;text-align: center\"><span style=\"color: #14776c;font-size: 22px\">\u00a0<\/span><\/td>\n<td style=\"width: 20.4471%;text-align: center\"><span style=\"color: #14776c;font-size: 22px\">\u00a0<\/span><\/td>\n<td style=\"width: 4.01837%\"><\/td>\n<td style=\"width: 4.13318%\"><\/td>\n<\/tr>\n<\/tbody>\n<\/table>\n<p><img loading=\"lazy\" decoding=\"async\" class=\"alignnone wp-image-702\" src=\"https:\/\/digital.hfh.ch\/wissenwaswirkt\/wp-content\/uploads\/sites\/65\/2023\/08\/Logo-WissenWasWirkt.png\" alt=\"\" width=\"206\" height=\"107\" srcset=\"https:\/\/digital.hfh.ch\/wissenwaswirkt\/wp-content\/uploads\/sites\/65\/2023\/08\/Logo-WissenWasWirkt.png 346w, https:\/\/digital.hfh.ch\/wissenwaswirkt\/wp-content\/uploads\/sites\/65\/2023\/08\/Logo-WissenWasWirkt-300x156.png 300w, https:\/\/digital.hfh.ch\/wissenwaswirkt\/wp-content\/uploads\/sites\/65\/2023\/08\/Logo-WissenWasWirkt-65x34.png 65w, https:\/\/digital.hfh.ch\/wissenwaswirkt\/wp-content\/uploads\/sites\/65\/2023\/08\/Logo-WissenWasWirkt-225x117.png 225w\" sizes=\"auto, (max-width: 206px) 100vw, 206px\" \/><\/p>\n","protected":false},"excerpt":{"rendered":"<p>Programm Alter Stichworte Durchf\u00fchrbarkeit Theoretische Fundierung Evaluation Abl\u00f6sung vom z\u00e4hlenden Rechnen: F\u00f6rdereinheiten f\u00fcr heterogene Lerngruppen ab 1. Klasse Mathematik ADHS bei Jugendlichen. Das Lerntraining LeJA Jugendliche (12-17 Jahre) ADHS Animal Fun: Ein Bewegungsprogramm zur F\u00f6rderung von physischer Aktivit\u00e4t und psychischer Gesundheit 3-6 Jahre Motorik, Sozial-emotionale Kompetenz Ben &amp; Lee. Programm zur F\u00f6rderung sozial-emotionaler Kompetenzen in [&hellip;]<\/p>\n","protected":false},"parent":0,"menu_order":3,"template":"","meta":{"pb_part_invisible":false,"pb_part_invisible_string":""},"contributor":[],"license":[],"class_list":["post-367","part","type-part","status-publish","hentry"],"_links":{"self":[{"href":"https:\/\/digital.hfh.ch\/wissenwaswirkt\/wp-json\/pressbooks\/v2\/parts\/367","targetHints":{"allow":["GET"]}}],"collection":[{"href":"https:\/\/digital.hfh.ch\/wissenwaswirkt\/wp-json\/pressbooks\/v2\/parts"}],"about":[{"href":"https:\/\/digital.hfh.ch\/wissenwaswirkt\/wp-json\/wp\/v2\/types\/part"}],"version-history":[{"count":100,"href":"https:\/\/digital.hfh.ch\/wissenwaswirkt\/wp-json\/pressbooks\/v2\/parts\/367\/revisions"}],"predecessor-version":[{"id":1133,"href":"https:\/\/digital.hfh.ch\/wissenwaswirkt\/wp-json\/pressbooks\/v2\/parts\/367\/revisions\/1133"}],"wp:attachment":[{"href":"https:\/\/digital.hfh.ch\/wissenwaswirkt\/wp-json\/wp\/v2\/media?parent=367"}],"wp:term":[{"taxonomy":"contributor","embeddable":true,"href":"https:\/\/digital.hfh.ch\/wissenwaswirkt\/wp-json\/wp\/v2\/contributor?post=367"},{"taxonomy":"license","embeddable":true,"href":"https:\/\/digital.hfh.ch\/wissenwaswirkt\/wp-json\/wp\/v2\/license?post=367"}],"curies":[{"name":"wp","href":"https:\/\/api.w.org\/{rel}","templated":true}]}}