{"id":80,"date":"2021-02-04T11:21:11","date_gmt":"2021-02-04T10:21:11","guid":{"rendered":"https:\/\/digital.hfh.ch\/lp21komplexebehinderung\/?post_type=chapter&#038;p=80"},"modified":"2023-08-29T08:20:57","modified_gmt":"2023-08-29T06:20:57","slug":"3-2-befaehigung-und-diagnostik","status":"publish","type":"chapter","link":"https:\/\/digital.hfh.ch\/lp21komplexebehinderung\/chapter\/3-2-befaehigung-und-diagnostik\/","title":{"raw":"3.2. Bef\u00e4higung und Diagnostik","rendered":"3.2. Bef\u00e4higung und Diagnostik"},"content":{"raw":"<div>\r\n\r\nVerf\u00fcgen Sie \u00fcber alle relevanten diagnostischen Informationen, um eine bef\u00e4higungsorientierte F\u00f6rderung zu planen? Sind diese Informationen so organisiert, dass Sie schnell einen \u00dcberblick gewinnen, ob eine geplante Aktivit\u00e4t erlernbar, anwendbar und bef\u00e4higend ist? In diesem Kapitel erfahren Sie, wie diagnostische Informationen\u00a0 zur Beantwortung dieser Fragen strukturiert sein sollten. Zur Illustration werden die diagnostischen Informationen zu Nils verwendet. Am Ende dieses Kapitels haben Sie die M\u00f6glichkeit, die Informationen zu einem eigenen Fallbeispiel einzuf\u00fcgen. Sie k\u00f6nnen die <a href=\"https:\/\/digital.hfh.ch\/lp21komplexebehinderung\/wp-content\/uploads\/sites\/21\/2021\/02\/Vorlage_Teil1_RelevanteInformationen_Situationsanalyse_final.docx\" target=\"_blank\" rel=\"noopener\">Word-Vorlage<\/a> verwenden, um sich bereits w\u00e4hrend der Bearbeitung Notizen zu machen.\r\n<h2>Wo und wie lebt Nils? Informationen zur Lebens- und Schulsituation<\/h2>\r\nAllgemeine Informationen zur Lebens- und Schulsituation sind wichtig, um zu verstehen, in welchen Lebens- und Lernwelten Nils sich bewegt.\r\n<div class=\"textbox textbox--examples\"><header class=\"textbox__header\">\r\n<p class=\"textbox__title\"><strong>Beispiel Nils - Informationen zur Lebens- und Schulsituation<\/strong><\/p>\r\n\r\n<\/header>\r\n<div class=\"textbox__content\">\r\n<div class=\"textbox\" style=\"background-color: #ffffff\"><details><summary><strong>Allgemeine Anmerkungen zur aktuellen Lebenssituation<\/strong> - <em>hier klicken<\/em><\/summary><img class=\"aligncenter wp-image-996\" src=\"https:\/\/digital.hfh.ch\/lp21komplexebehinderung\/wp-content\/uploads\/sites\/21\/2021\/02\/Bildschirmfoto-2021-09-01-um-08.26.03.png\" alt=\"\" width=\"282\" height=\"221\" \/>\r\n\r\nNils, 5 Jahre alt, Schweizer Nationalit\u00e4t, Deutsch als Muttersprache, hat eine zwei Jahr \u00e4ltere Schwester, lebt mit seiner Familie in einer Kleinstadt, die Familie unternimmt viel; seit einem Jahr besucht er die Basisstufe der Heilp\u00e4dagogischen Schule, an 1 Tag ganz-, sonst halbt\u00e4gig; kommt sehr gerne zur Schule und ist gut aufgehoben in der Klasse. M. ist sein bester Freund.\r\n\r\n<\/details><\/div>\r\n<\/div>\r\n<\/div>\r\n<h2><span style=\"color: #000000\">Erlernbar? Informationen zur Behinderungssituation<\/span><\/h2>\r\n<span style=\"color: #000000\">Zur Beantwortung der Frage, ob eine F\u00e4higkeit oder Fertigkeit erlernbar ist, muss die Behinderungssituation der Sch\u00fclerin oder des Sch\u00fclers verstanden werden. Damit gemeint sind die aktuell kaum ver\u00e4nderbaren Funktionseinschr\u00e4nkungen und die damit verbundenen Einschr\u00e4nkungen beim Ausf\u00fchren von Aktivit\u00e4ten, der Partizipation und der relevanten Umweltfaktoren. Zur Erfassung der Behinderungssituation wird die Internationale Klassifikation der Funktionsf\u00e4higkeit, Behinderung und Gesundheit (ICF) sowie allenfalls in Erg\u00e4nzung dazu die Internationale Klassifikation der Krankheiten (ICD) verwendet.<\/span>\r\n<h3>Informationen zur Behinderung<\/h3>\r\n<table>\r\n<thead>\r\n<tr>\r\n<th>Informationstyp<\/th>\r\n<th>Umschreibung<\/th>\r\n<\/tr>\r\n<\/thead>\r\n<tbody>\r\n<tr>\r\n<td>Gesundheitszustand und K\u00f6rperfunktionen<\/td>\r\n<td>Beeintr\u00e4chtigungen der K\u00f6rperfunktionen gem\u00e4ss ICF, Diagnose(n) gem\u00e4ss ICF, allgemeiner Gesundheitszustand, Bedarf an Medikamenten<\/td>\r\n<\/tr>\r\n<tr>\r\n<td>Hilfsmittel, Umweltanpassungen<\/td>\r\n<td>behinderungsspezifische Hilfsmittel (z.B. Rollstuhl, Lupe, Kommunikationssysteme), Arbeitsplatzgestaltung, schalld\u00e4mmende Massnahmen, Zug\u00e4nglichkeit<\/td>\r\n<\/tr>\r\n<tr>\r\n<td>Unterrichtserg\u00e4nzende Massnahmen<\/td>\r\n<td>vorhandene Massnahmen zur Verbesserung der Lernvoraussetzungen und Beteiligungsm\u00f6glichkeiten, z.B. p\u00e4dagogisch-therapeutische oder medizinische Massnahmen<\/td>\r\n<\/tr>\r\n<\/tbody>\r\n<\/table>\r\n<\/div>\r\n&nbsp;\r\n<div>\r\n<div>\r\n<div class=\"textbox textbox--examples\"><header class=\"textbox__header\">\r\n<p class=\"textbox__title\"><strong>Beispiel Nils - Informationen zur Behinderungssituation<\/strong><\/p>\r\n\r\n<\/header>\r\n<div class=\"textbox__content\">\r\n<div class=\"textbox\" style=\"background-color: #ffffff\"><details><summary><strong>Erlernbar - Informationen zur Behinderung\u00a0 <\/strong>- <em>hier klicken<\/em><\/summary>&nbsp;\r\n\r\n<strong>Gesundheitszustand und K\u00f6rperfunktionen<\/strong>\r\n\r\nAllg. Entwicklungsr\u00fcckstand, selten krank, hat eine robuste Gesundheit, die h\u00f6here kognitiven Funktionen sind eingeschr\u00e4nkt (konkret-gegenst\u00e4ndliche Aneignungsm\u00f6glichkeiten mit Symbolik im \u00dcbergang zu konkret-vorstellenden Aneignungsm\u00f6glichkeiten); ist kurzsichtig\u00a0 und schielt (Sehfunktionen Strabismus); bei den\u00a0 neuromuskuloskeletale Funktionen f\u00e4llt die Beeintr\u00e4chtigung der Feinmotorik (Muskeltonus) sowie Probleme bei der Koordination der K\u00f6rperh\u00e4lften auf. Braucht keine Medikamente.\r\n\r\n<strong>Hilfsmittel, Umweltanpassungen<\/strong>\r\n\r\nBrille (muss richtig sitzen), Unterst\u00fctzte Kommunikation und TEACCH, sowie klare Strukturierung sind zentral.\r\n\r\n<strong>Unterrichtserg\u00e4nzende Massnahmen<\/strong>\r\n\r\nLogop\u00e4die (1 Lektion alle zwei Wochen)\r\n\r\n<\/details><\/div>\r\n<\/div>\r\n&nbsp;\r\n\r\n<\/div>\r\n<\/div>\r\n<h2>Anwendbar? Informationen zur Beteiligungssituation<\/h2>\r\nBei der Analyse der Beteiligungssituation steht die Frage im Zentrum, ob die Sch\u00fclerin oder der Sch\u00fcler das geplante Lernangebot nutzen und ob die zu erlernende F\u00e4higkeit oder F\u00e4higkeit auch tats\u00e4chlich angewendet werden kann. Hierzu braucht es eine Analyse von dem, was die Sch\u00fclerin oder der Sch\u00fcler bereits kann, welche Lernsituationen bereits vertraut sind und welche Lernstrategien bereits verf\u00fcgbar sind. Zum besseren Verst\u00e4ndnis der Beteiligungssituation kann gepr\u00fcft werden, wieweit eine Sch\u00fclerin oder ein Sch\u00fcler in bedeutsame Lebenssituationen einbezogen ist. Zur Erfassung k\u00f6nnen die Lebensbereiche der ICF oder die Kompetenzbereiche des Lehrplans verwendet werden.\r\n<h3>Informationen zur Beteiligung<\/h3>\r\n<table>\r\n<thead>\r\n<tr>\r\n<th style=\"width: 33.1746%\">Informationstyp<\/th>\r\n<th style=\"width: 66.8254%\">Umschreibung<\/th>\r\n<\/tr>\r\n<\/thead>\r\n<tbody>\r\n<tr>\r\n<td style=\"width: 33.1746%\">Aktivit\u00e4ten in den Lebensbereichen der ICF<\/td>\r\n<td style=\"width: 66.8254%\">F\u00e4higkeiten und Fertigkeiten, die f\u00fcr die Beteiligung an einem Lebensbereich wichtig sind. Das Schulische Standortgespr\u00e4ch generiert diese Informationen im gemeinsamen Gespr\u00e4ch.<\/td>\r\n<\/tr>\r\n<tr>\r\n<td style=\"width: 33.1746%\">Fachbereiche des Lehrplans 21<\/td>\r\n<td style=\"width: 66.8254%\">F\u00e4higkeiten und Fertigkeiten, die f\u00fcr den Kompetenzerwerb in den Fachbereichen wichtig sind. Im Lehrplan finden sich die entsprechenden Informationen in den Kompetenzstufen.<\/td>\r\n<\/tr>\r\n<\/tbody>\r\n<\/table>\r\n&nbsp;\r\n<div>\r\n<div class=\"textbox textbox--examples\"><header class=\"textbox__header\">\r\n<p class=\"textbox__title\"><strong>Beispiel Nils - Informationen zur Beteiligungssituation<\/strong><\/p>\r\n\r\n<\/header>\r\n<div class=\"textbox__content\">\r\n<div class=\"textbox\" style=\"background-color: #ffffff\"><details><summary><strong>Anwendbar - Informationen zur Beteiligung <\/strong>- <em>hier klicken<\/em><\/summary>&nbsp;\r\n\r\n<strong>Aktivit\u00e4ten in den Lebensbereichen der ICF<\/strong>\r\n\r\nNils kann sich an Ritualen und allt\u00e4glichen Situation sowie an visuellen (Fotos) seriellen Abl\u00e4ufen gut orientieren.\r\nEr kann einfache Bed\u00fcrfnisse sprachlich ausdr\u00fccken. Er begleitet angeleitet serielle Handlungen sprachlich. Er kommuniziert in allt\u00e4glichen Situationen gerne mit Erwachsenen und Mitsch\u00fclern.\r\nIm Alltag bewegt er sich sicher auf unebenen Fl\u00e4chen, Treppensteigen gelingt ihm ohne Nachstellschritt. Er greift Dinge mehrheitlich mit dem Faustgriff.\r\nMit Anleitung kann er sich im Schulalltag selber versorgen. Beim Verschliessen und \u00d6ffnen von Jacken, Hosen, etc. ist er auf Hilfe angewiesen.\r\nEr geht von sich aus auf andere Lehrpersonen und Mitsch\u00fcler\/innen zu.\r\n\r\n<strong>Fachbereiche des Lehrplans 21<\/strong>\r\n\r\nSprache (D.1 Lesen): Er kann aus Fotos und Piktogrammen Informationen entnehmen und sie angemessen umsetzen.\r\n<span style=\"font-family: inherit\">Mathematik (MA.2 Zahl und Variable): <\/span><span style=\"font-family: inherit\">Er z\u00e4hlt Dinge und Personen ab, beherrscht die Zahlwortreihe bis 10, Grundfarben kann er benennen.\r\nNMG: Kennt viele Tieren (NMG.2) Kennt viele Nahrungsmittel (NMG.1)<\/span>\r\n\r\n<\/details><\/div>\r\n<\/div>\r\n&nbsp;\r\n\r\n<\/div>\r\n<\/div>\r\n<h2>Bef\u00e4higend? Informationen zur Bef\u00e4higungssituation<\/h2>\r\nUm einzusch\u00e4tzen, ob eine zwar m\u00f6glicherweise erlernbare und anwendbare F\u00e4higkeit oder Fertigkeit auch bef\u00e4higend ist, muss die Frage nach der Verbesserung der Zukunftsaussichten der Sch\u00fclerin oder des Sch\u00fclers gestellt werden. Was muss die Sch\u00fclerin oder der Sch\u00fcler lernen, damit sie oder er sp\u00e4ter die gr\u00f6sstm\u00f6gliche Chance hat, ein selbst\u00e4ndiges und selbstverantwortliches Leben zu f\u00fchren und am gesellschaftlichen Leben mitwirken zu k\u00f6nnen? Die dazu notwendigen Informationen lassen sich nicht allein aus der Behinderung oder der aktuellen Beteiligungsproblemen ableiten. Zur Einsch\u00e4tzung der Bef\u00e4higungssituation k\u00f6nnen die sechs Bef\u00e4higungsbereiche verwendet werden. Die Informationen zur Bef\u00e4higung der Sch\u00fclerin oder des Sch\u00fclers stellt den Bezug zu den Bildungszielen im Lehrplan 21 her. Hier liegt der Fokus auf dem Verstehen der Bildungssituation.\r\n<h3>Informationen zur Bef\u00e4higung<\/h3>\r\n<table>\r\n<thead>\r\n<tr style=\"height: 34px\">\r\n<th style=\"height: 34px;width: 221.391px\">Informationstyp<\/th>\r\n<th style=\"height: 34px;width: 476.859px\">Umschreibung<\/th>\r\n<\/tr>\r\n<\/thead>\r\n<tbody>\r\n<tr style=\"height: 50px\">\r\n<td style=\"height: 50px;width: 221.391px\">Interessen, Bereitschaften, St\u00e4rken<\/td>\r\n<td style=\"height: 50px;width: 476.859px\">geliebte Besch\u00e4ftigungen und Orte, Ressourcen des Kindes, Fortschritte, welche f\u00fcr das Erreichen der Bildungsziele und des Kompetenzerwerbs gem\u00e4ss Lehrplan 21 relevant sind<\/td>\r\n<\/tr>\r\n<tr style=\"height: 50px\">\r\n<td style=\"height: 50px;width: 221.391px\">Entwicklungs- und Bildungspotenziale<\/td>\r\n<td style=\"height: 50px;width: 476.859px\">Entwicklungsm\u00f6glichkeiten, Zone der n\u00e4chsten Entwicklung, sich anbahnende F\u00e4higkeiten und Fertigkeiten, welche f\u00fcr das Erreichen der Bildungsziele und des Kompetenzerwerbs gem\u00e4ss Lehrplan 21 relevant sind<\/td>\r\n<\/tr>\r\n<\/tbody>\r\n<\/table>\r\n<div>\r\n<div class=\"textbox textbox--examples\"><header class=\"textbox__header\">\r\n<p class=\"textbox__title\"><strong>Beispiel Nils - Informationen zur Bef\u00e4higungssituation<\/strong><\/p>\r\n\r\n<\/header>\r\n<div class=\"textbox__content\">\r\n<div class=\"textbox\" style=\"background-color: #ffffff\"><details><summary><strong>Bef\u00e4higend - Informationen zur Bef\u00e4higung <\/strong>- <em>hier klicken<\/em><\/summary>&nbsp;\r\n\r\n<strong>Interessen, Bereitschaften, St\u00e4rken<\/strong>\r\n\r\nHat grosses Interesse an anderen Personen und Tieren, kommuniziert gerne. Besonders gerne h\u00e4lt er sich in der K\u00fcche auf. Er interessiert sich f\u00fcr Nahrungsmittel und deren Zubereitung und Ver\u00e4nderungen. Er hantiert gerne mit verschiedenen Werkzeugen (explorieren und experimentieren) und kann dabei verweilen. Es gelingt immer besser einfache Handlungsschritte zu antizipieren.\r\n\r\n<strong>Entwicklungs- und Bildungspotenziale<\/strong>\r\n\r\nSeine Handlungsschemata erweitern sich stark und er kann immer l\u00e4ngere Handlungsketten bilden, dabei bereit mehrere Handlungsschritte antizipieren.\r\nEr orientiert sich visuell und es gelingt immer zuverl\u00e4ssiger und besser aus visuellen Anleitungen Informationen zu entnehmen.\r\n\r\n<\/details><\/div>\r\n<\/div>\r\n<\/div>\r\n<\/div>\r\n<div class=\"textbox textbox--exercises\"><header class=\"textbox__header\">\r\n<p class=\"textbox__title\"><span style=\"text-align: initial;font-size: 0.9em\"><strong>Erarbeitung eines eigenen Beispiels<\/strong>\r\n(Zeitaufwand &gt; 30 Minuten)<\/span><\/p>\r\n\r\n<\/header>\r\n<div class=\"textbox__content\"><details><summary class=\"plus\"><strong><em>Relevante Informationen<\/em><\/strong><\/summary>&nbsp;\r\n\r\nW\u00e4hlen Sie eine Sch\u00fclerin oder einen Sch\u00fcler aus und halten sie die relevanten Informationen zur allgemeinen Lebenssituation, zur Behinderung, Beteiligung und Bef\u00e4higung fest.\r\n\r\nBitte beachten: Die Notizen werden jeweils nicht abgespeichert. Sie m\u00fcssen vor Verlassen des Kapitels exportiert werden. Dies kann auf der letzten Seite der drei Notizb\u00fccher gemacht werden.\r\n[h5p id=\"34\"]\r\n\r\n<\/details><\/div>\r\n<\/div>\r\n<span style=\"color: #000000\"><a href=\"https:\/\/digital.hfh.ch\/lp21komplexebehinderung\/wp-content\/uploads\/sites\/21\/2021\/02\/Vorlage_Teil1_RelevanteInformationen_Situationsanalyse_final.docx\" target=\"_blank\" rel=\"noopener\">Hier finden Sie eine Word-Vorlage <\/a>zur Zusammenstellung aller relevanten diagnostischen Informationen <\/span>(vgl. <a href=\"https:\/\/edudoc.ch\/record\/204678?ln=de\" target=\"_blank\" rel=\"noopener\">DVK 2019, S.37, 40, 44<\/a>).\r\n<div class=\"textbox shaded\">Im Kapitel 3.3 erhalten Sie Hinweise f\u00fcr eine bef\u00e4higungsorientierte F\u00f6rderung.<\/div>\r\n<\/div>","rendered":"<div>\n<p>Verf\u00fcgen Sie \u00fcber alle relevanten diagnostischen Informationen, um eine bef\u00e4higungsorientierte F\u00f6rderung zu planen? Sind diese Informationen so organisiert, dass Sie schnell einen \u00dcberblick gewinnen, ob eine geplante Aktivit\u00e4t erlernbar, anwendbar und bef\u00e4higend ist? In diesem Kapitel erfahren Sie, wie diagnostische Informationen\u00a0 zur Beantwortung dieser Fragen strukturiert sein sollten. Zur Illustration werden die diagnostischen Informationen zu Nils verwendet. Am Ende dieses Kapitels haben Sie die M\u00f6glichkeit, die Informationen zu einem eigenen Fallbeispiel einzuf\u00fcgen. Sie k\u00f6nnen die <a href=\"https:\/\/digital.hfh.ch\/lp21komplexebehinderung\/wp-content\/uploads\/sites\/21\/2021\/02\/Vorlage_Teil1_RelevanteInformationen_Situationsanalyse_final.docx\" target=\"_blank\" rel=\"noopener\">Word-Vorlage<\/a> verwenden, um sich bereits w\u00e4hrend der Bearbeitung Notizen zu machen.<\/p>\n<h2>Wo und wie lebt Nils? Informationen zur Lebens- und Schulsituation<\/h2>\n<p>Allgemeine Informationen zur Lebens- und Schulsituation sind wichtig, um zu verstehen, in welchen Lebens- und Lernwelten Nils sich bewegt.<\/p>\n<div class=\"textbox textbox--examples\">\n<header class=\"textbox__header\">\n<p class=\"textbox__title\"><strong>Beispiel Nils &#8211; Informationen zur Lebens- und Schulsituation<\/strong><\/p>\n<\/header>\n<div class=\"textbox__content\">\n<div class=\"textbox\" style=\"background-color: #ffffff\">\n<details>\n<summary><strong>Allgemeine Anmerkungen zur aktuellen Lebenssituation<\/strong> &#8211; <em>hier klicken<\/em><\/summary>\n<p><img loading=\"lazy\" decoding=\"async\" class=\"aligncenter wp-image-996\" src=\"https:\/\/digital.hfh.ch\/lp21komplexebehinderung\/wp-content\/uploads\/sites\/21\/2021\/02\/Bildschirmfoto-2021-09-01-um-08.26.03.png\" alt=\"\" width=\"282\" height=\"221\" srcset=\"https:\/\/digital.hfh.ch\/lp21komplexebehinderung\/wp-content\/uploads\/sites\/21\/2021\/02\/Bildschirmfoto-2021-09-01-um-08.26.03.png 1474w, https:\/\/digital.hfh.ch\/lp21komplexebehinderung\/wp-content\/uploads\/sites\/21\/2021\/02\/Bildschirmfoto-2021-09-01-um-08.26.03-300x235.png 300w, https:\/\/digital.hfh.ch\/lp21komplexebehinderung\/wp-content\/uploads\/sites\/21\/2021\/02\/Bildschirmfoto-2021-09-01-um-08.26.03-1024x803.png 1024w, https:\/\/digital.hfh.ch\/lp21komplexebehinderung\/wp-content\/uploads\/sites\/21\/2021\/02\/Bildschirmfoto-2021-09-01-um-08.26.03-768x602.png 768w, https:\/\/digital.hfh.ch\/lp21komplexebehinderung\/wp-content\/uploads\/sites\/21\/2021\/02\/Bildschirmfoto-2021-09-01-um-08.26.03-65x51.png 65w, https:\/\/digital.hfh.ch\/lp21komplexebehinderung\/wp-content\/uploads\/sites\/21\/2021\/02\/Bildschirmfoto-2021-09-01-um-08.26.03-225x176.png 225w, https:\/\/digital.hfh.ch\/lp21komplexebehinderung\/wp-content\/uploads\/sites\/21\/2021\/02\/Bildschirmfoto-2021-09-01-um-08.26.03-350x274.png 350w\" sizes=\"auto, (max-width: 282px) 100vw, 282px\" \/><\/p>\n<p>Nils, 5 Jahre alt, Schweizer Nationalit\u00e4t, Deutsch als Muttersprache, hat eine zwei Jahr \u00e4ltere Schwester, lebt mit seiner Familie in einer Kleinstadt, die Familie unternimmt viel; seit einem Jahr besucht er die Basisstufe der Heilp\u00e4dagogischen Schule, an 1 Tag ganz-, sonst halbt\u00e4gig; kommt sehr gerne zur Schule und ist gut aufgehoben in der Klasse. M. ist sein bester Freund.<\/p>\n<\/details>\n<\/div>\n<\/div>\n<\/div>\n<h2><span style=\"color: #000000\">Erlernbar? Informationen zur Behinderungssituation<\/span><\/h2>\n<p><span style=\"color: #000000\">Zur Beantwortung der Frage, ob eine F\u00e4higkeit oder Fertigkeit erlernbar ist, muss die Behinderungssituation der Sch\u00fclerin oder des Sch\u00fclers verstanden werden. Damit gemeint sind die aktuell kaum ver\u00e4nderbaren Funktionseinschr\u00e4nkungen und die damit verbundenen Einschr\u00e4nkungen beim Ausf\u00fchren von Aktivit\u00e4ten, der Partizipation und der relevanten Umweltfaktoren. Zur Erfassung der Behinderungssituation wird die Internationale Klassifikation der Funktionsf\u00e4higkeit, Behinderung und Gesundheit (ICF) sowie allenfalls in Erg\u00e4nzung dazu die Internationale Klassifikation der Krankheiten (ICD) verwendet.<\/span><\/p>\n<h3>Informationen zur Behinderung<\/h3>\n<table>\n<thead>\n<tr>\n<th>Informationstyp<\/th>\n<th>Umschreibung<\/th>\n<\/tr>\n<\/thead>\n<tbody>\n<tr>\n<td>Gesundheitszustand und K\u00f6rperfunktionen<\/td>\n<td>Beeintr\u00e4chtigungen der K\u00f6rperfunktionen gem\u00e4ss ICF, Diagnose(n) gem\u00e4ss ICF, allgemeiner Gesundheitszustand, Bedarf an Medikamenten<\/td>\n<\/tr>\n<tr>\n<td>Hilfsmittel, Umweltanpassungen<\/td>\n<td>behinderungsspezifische Hilfsmittel (z.B. Rollstuhl, Lupe, Kommunikationssysteme), Arbeitsplatzgestaltung, schalld\u00e4mmende Massnahmen, Zug\u00e4nglichkeit<\/td>\n<\/tr>\n<tr>\n<td>Unterrichtserg\u00e4nzende Massnahmen<\/td>\n<td>vorhandene Massnahmen zur Verbesserung der Lernvoraussetzungen und Beteiligungsm\u00f6glichkeiten, z.B. p\u00e4dagogisch-therapeutische oder medizinische Massnahmen<\/td>\n<\/tr>\n<\/tbody>\n<\/table>\n<\/div>\n<p>&nbsp;<\/p>\n<div>\n<div>\n<div class=\"textbox textbox--examples\">\n<header class=\"textbox__header\">\n<p class=\"textbox__title\"><strong>Beispiel Nils &#8211; Informationen zur Behinderungssituation<\/strong><\/p>\n<\/header>\n<div class=\"textbox__content\">\n<div class=\"textbox\" style=\"background-color: #ffffff\">\n<details>\n<summary><strong>Erlernbar &#8211; Informationen zur Behinderung\u00a0 <\/strong>&#8211; <em>hier klicken<\/em><\/summary>\n<p>&nbsp;<\/p>\n<p><strong>Gesundheitszustand und K\u00f6rperfunktionen<\/strong><\/p>\n<p>Allg. Entwicklungsr\u00fcckstand, selten krank, hat eine robuste Gesundheit, die h\u00f6here kognitiven Funktionen sind eingeschr\u00e4nkt (konkret-gegenst\u00e4ndliche Aneignungsm\u00f6glichkeiten mit Symbolik im \u00dcbergang zu konkret-vorstellenden Aneignungsm\u00f6glichkeiten); ist kurzsichtig\u00a0 und schielt (Sehfunktionen Strabismus); bei den\u00a0 neuromuskuloskeletale Funktionen f\u00e4llt die Beeintr\u00e4chtigung der Feinmotorik (Muskeltonus) sowie Probleme bei der Koordination der K\u00f6rperh\u00e4lften auf. Braucht keine Medikamente.<\/p>\n<p><strong>Hilfsmittel, Umweltanpassungen<\/strong><\/p>\n<p>Brille (muss richtig sitzen), Unterst\u00fctzte Kommunikation und TEACCH, sowie klare Strukturierung sind zentral.<\/p>\n<p><strong>Unterrichtserg\u00e4nzende Massnahmen<\/strong><\/p>\n<p>Logop\u00e4die (1 Lektion alle zwei Wochen)<\/p>\n<\/details>\n<\/div>\n<\/div>\n<p>&nbsp;<\/p>\n<\/div>\n<\/div>\n<h2>Anwendbar? Informationen zur Beteiligungssituation<\/h2>\n<p>Bei der Analyse der Beteiligungssituation steht die Frage im Zentrum, ob die Sch\u00fclerin oder der Sch\u00fcler das geplante Lernangebot nutzen und ob die zu erlernende F\u00e4higkeit oder F\u00e4higkeit auch tats\u00e4chlich angewendet werden kann. Hierzu braucht es eine Analyse von dem, was die Sch\u00fclerin oder der Sch\u00fcler bereits kann, welche Lernsituationen bereits vertraut sind und welche Lernstrategien bereits verf\u00fcgbar sind. Zum besseren Verst\u00e4ndnis der Beteiligungssituation kann gepr\u00fcft werden, wieweit eine Sch\u00fclerin oder ein Sch\u00fcler in bedeutsame Lebenssituationen einbezogen ist. Zur Erfassung k\u00f6nnen die Lebensbereiche der ICF oder die Kompetenzbereiche des Lehrplans verwendet werden.<\/p>\n<h3>Informationen zur Beteiligung<\/h3>\n<table>\n<thead>\n<tr>\n<th style=\"width: 33.1746%\">Informationstyp<\/th>\n<th style=\"width: 66.8254%\">Umschreibung<\/th>\n<\/tr>\n<\/thead>\n<tbody>\n<tr>\n<td style=\"width: 33.1746%\">Aktivit\u00e4ten in den Lebensbereichen der ICF<\/td>\n<td style=\"width: 66.8254%\">F\u00e4higkeiten und Fertigkeiten, die f\u00fcr die Beteiligung an einem Lebensbereich wichtig sind. Das Schulische Standortgespr\u00e4ch generiert diese Informationen im gemeinsamen Gespr\u00e4ch.<\/td>\n<\/tr>\n<tr>\n<td style=\"width: 33.1746%\">Fachbereiche des Lehrplans 21<\/td>\n<td style=\"width: 66.8254%\">F\u00e4higkeiten und Fertigkeiten, die f\u00fcr den Kompetenzerwerb in den Fachbereichen wichtig sind. Im Lehrplan finden sich die entsprechenden Informationen in den Kompetenzstufen.<\/td>\n<\/tr>\n<\/tbody>\n<\/table>\n<p>&nbsp;<\/p>\n<div>\n<div class=\"textbox textbox--examples\">\n<header class=\"textbox__header\">\n<p class=\"textbox__title\"><strong>Beispiel Nils &#8211; Informationen zur Beteiligungssituation<\/strong><\/p>\n<\/header>\n<div class=\"textbox__content\">\n<div class=\"textbox\" style=\"background-color: #ffffff\">\n<details>\n<summary><strong>Anwendbar &#8211; Informationen zur Beteiligung <\/strong>&#8211; <em>hier klicken<\/em><\/summary>\n<p>&nbsp;<\/p>\n<p><strong>Aktivit\u00e4ten in den Lebensbereichen der ICF<\/strong><\/p>\n<p>Nils kann sich an Ritualen und allt\u00e4glichen Situation sowie an visuellen (Fotos) seriellen Abl\u00e4ufen gut orientieren.<br \/>\nEr kann einfache Bed\u00fcrfnisse sprachlich ausdr\u00fccken. Er begleitet angeleitet serielle Handlungen sprachlich. Er kommuniziert in allt\u00e4glichen Situationen gerne mit Erwachsenen und Mitsch\u00fclern.<br \/>\nIm Alltag bewegt er sich sicher auf unebenen Fl\u00e4chen, Treppensteigen gelingt ihm ohne Nachstellschritt. Er greift Dinge mehrheitlich mit dem Faustgriff.<br \/>\nMit Anleitung kann er sich im Schulalltag selber versorgen. Beim Verschliessen und \u00d6ffnen von Jacken, Hosen, etc. ist er auf Hilfe angewiesen.<br \/>\nEr geht von sich aus auf andere Lehrpersonen und Mitsch\u00fcler\/innen zu.<\/p>\n<p><strong>Fachbereiche des Lehrplans 21<\/strong><\/p>\n<p>Sprache (D.1 Lesen): Er kann aus Fotos und Piktogrammen Informationen entnehmen und sie angemessen umsetzen.<br \/>\n<span style=\"font-family: inherit\">Mathematik (MA.2 Zahl und Variable): <\/span><span style=\"font-family: inherit\">Er z\u00e4hlt Dinge und Personen ab, beherrscht die Zahlwortreihe bis 10, Grundfarben kann er benennen.<br \/>\nNMG: Kennt viele Tieren (NMG.2) Kennt viele Nahrungsmittel (NMG.1)<\/span><\/p>\n<\/details>\n<\/div>\n<\/div>\n<p>&nbsp;<\/p>\n<\/div>\n<\/div>\n<h2>Bef\u00e4higend? Informationen zur Bef\u00e4higungssituation<\/h2>\n<p>Um einzusch\u00e4tzen, ob eine zwar m\u00f6glicherweise erlernbare und anwendbare F\u00e4higkeit oder Fertigkeit auch bef\u00e4higend ist, muss die Frage nach der Verbesserung der Zukunftsaussichten der Sch\u00fclerin oder des Sch\u00fclers gestellt werden. Was muss die Sch\u00fclerin oder der Sch\u00fcler lernen, damit sie oder er sp\u00e4ter die gr\u00f6sstm\u00f6gliche Chance hat, ein selbst\u00e4ndiges und selbstverantwortliches Leben zu f\u00fchren und am gesellschaftlichen Leben mitwirken zu k\u00f6nnen? Die dazu notwendigen Informationen lassen sich nicht allein aus der Behinderung oder der aktuellen Beteiligungsproblemen ableiten. Zur Einsch\u00e4tzung der Bef\u00e4higungssituation k\u00f6nnen die sechs Bef\u00e4higungsbereiche verwendet werden. Die Informationen zur Bef\u00e4higung der Sch\u00fclerin oder des Sch\u00fclers stellt den Bezug zu den Bildungszielen im Lehrplan 21 her. Hier liegt der Fokus auf dem Verstehen der Bildungssituation.<\/p>\n<h3>Informationen zur Bef\u00e4higung<\/h3>\n<table>\n<thead>\n<tr style=\"height: 34px\">\n<th style=\"height: 34px;width: 221.391px\">Informationstyp<\/th>\n<th style=\"height: 34px;width: 476.859px\">Umschreibung<\/th>\n<\/tr>\n<\/thead>\n<tbody>\n<tr style=\"height: 50px\">\n<td style=\"height: 50px;width: 221.391px\">Interessen, Bereitschaften, St\u00e4rken<\/td>\n<td style=\"height: 50px;width: 476.859px\">geliebte Besch\u00e4ftigungen und Orte, Ressourcen des Kindes, Fortschritte, welche f\u00fcr das Erreichen der Bildungsziele und des Kompetenzerwerbs gem\u00e4ss Lehrplan 21 relevant sind<\/td>\n<\/tr>\n<tr style=\"height: 50px\">\n<td style=\"height: 50px;width: 221.391px\">Entwicklungs- und Bildungspotenziale<\/td>\n<td style=\"height: 50px;width: 476.859px\">Entwicklungsm\u00f6glichkeiten, Zone der n\u00e4chsten Entwicklung, sich anbahnende F\u00e4higkeiten und Fertigkeiten, welche f\u00fcr das Erreichen der Bildungsziele und des Kompetenzerwerbs gem\u00e4ss Lehrplan 21 relevant sind<\/td>\n<\/tr>\n<\/tbody>\n<\/table>\n<div>\n<div class=\"textbox textbox--examples\">\n<header class=\"textbox__header\">\n<p class=\"textbox__title\"><strong>Beispiel Nils &#8211; Informationen zur Bef\u00e4higungssituation<\/strong><\/p>\n<\/header>\n<div class=\"textbox__content\">\n<div class=\"textbox\" style=\"background-color: #ffffff\">\n<details>\n<summary><strong>Bef\u00e4higend &#8211; Informationen zur Bef\u00e4higung <\/strong>&#8211; <em>hier klicken<\/em><\/summary>\n<p>&nbsp;<\/p>\n<p><strong>Interessen, Bereitschaften, St\u00e4rken<\/strong><\/p>\n<p>Hat grosses Interesse an anderen Personen und Tieren, kommuniziert gerne. Besonders gerne h\u00e4lt er sich in der K\u00fcche auf. Er interessiert sich f\u00fcr Nahrungsmittel und deren Zubereitung und Ver\u00e4nderungen. Er hantiert gerne mit verschiedenen Werkzeugen (explorieren und experimentieren) und kann dabei verweilen. Es gelingt immer besser einfache Handlungsschritte zu antizipieren.<\/p>\n<p><strong>Entwicklungs- und Bildungspotenziale<\/strong><\/p>\n<p>Seine Handlungsschemata erweitern sich stark und er kann immer l\u00e4ngere Handlungsketten bilden, dabei bereit mehrere Handlungsschritte antizipieren.<br \/>\nEr orientiert sich visuell und es gelingt immer zuverl\u00e4ssiger und besser aus visuellen Anleitungen Informationen zu entnehmen.<\/p>\n<\/details>\n<\/div>\n<\/div>\n<\/div>\n<\/div>\n<div class=\"textbox textbox--exercises\">\n<header class=\"textbox__header\">\n<p class=\"textbox__title\"><span style=\"text-align: initial;font-size: 0.9em\"><strong>Erarbeitung eines eigenen Beispiels<\/strong><br \/>\n(Zeitaufwand &gt; 30 Minuten)<\/span><\/p>\n<\/header>\n<div class=\"textbox__content\">\n<details>\n<summary class=\"plus\"><strong><em>Relevante Informationen<\/em><\/strong><\/summary>\n<p>&nbsp;<\/p>\n<p>W\u00e4hlen Sie eine Sch\u00fclerin oder einen Sch\u00fcler aus und halten sie die relevanten Informationen zur allgemeinen Lebenssituation, zur Behinderung, Beteiligung und Bef\u00e4higung fest.<\/p>\n<p>Bitte beachten: Die Notizen werden jeweils nicht abgespeichert. Sie m\u00fcssen vor Verlassen des Kapitels exportiert werden. Dies kann auf der letzten Seite der drei Notizb\u00fccher gemacht werden.<\/p>\n<div id=\"h5p-34\">\n<div class=\"h5p-iframe-wrapper\"><iframe id=\"h5p-iframe-34\" class=\"h5p-iframe\" data-content-id=\"34\" style=\"height:1px\" src=\"about:blank\" frameBorder=\"0\" scrolling=\"no\" title=\"Eigenes Beispiel: relevante Informationen\"><\/iframe><\/div>\n<\/div>\n<\/details>\n<\/div>\n<\/div>\n<p><span style=\"color: #000000\"><a href=\"https:\/\/digital.hfh.ch\/lp21komplexebehinderung\/wp-content\/uploads\/sites\/21\/2021\/02\/Vorlage_Teil1_RelevanteInformationen_Situationsanalyse_final.docx\" target=\"_blank\" rel=\"noopener\">Hier finden Sie eine Word-Vorlage <\/a>zur Zusammenstellung aller relevanten diagnostischen Informationen <\/span>(vgl. <a href=\"https:\/\/edudoc.ch\/record\/204678?ln=de\" target=\"_blank\" rel=\"noopener\">DVK 2019, S.37, 40, 44<\/a>).<\/p>\n<div class=\"textbox shaded\">Im Kapitel 3.3 erhalten Sie Hinweise f\u00fcr eine bef\u00e4higungsorientierte F\u00f6rderung.<\/div>\n<\/div>\n","protected":false},"excerpt":{"rendered":"<p>Verf\u00fcgen Sie \u00fcber alle relevanten diagnostischen Informationen, um eine bef\u00e4higungsorientierte F\u00f6rderung zu planen? Sind diese Informationen so organisiert, dass Sie schnell einen \u00dcberblick gewinnen, ob eine geplante Aktivit\u00e4t erlernbar, anwendbar und bef\u00e4higend ist? In diesem Kapitel erfahren Sie, wie diagnostische Informationen\u00a0 zur Beantwortung dieser Fragen strukturiert sein sollten. Zur Illustration werden die diagnostischen Informationen zu [&hellip;]<\/p>\n","protected":false},"author":1456,"menu_order":3,"template":"","meta":{"pb_show_title":"on","pb_short_title":"","pb_subtitle":"","pb_authors":[],"pb_section_license":""},"categories":[],"chapter-type":[],"contributor":[],"license":[],"class_list":["post-80","chapter","type-chapter","status-publish","hentry"],"part":50,"_links":{"self":[{"href":"https:\/\/digital.hfh.ch\/lp21komplexebehinderung\/wp-json\/pressbooks\/v2\/chapters\/80","targetHints":{"allow":["GET"]}}],"collection":[{"href":"https:\/\/digital.hfh.ch\/lp21komplexebehinderung\/wp-json\/pressbooks\/v2\/chapters"}],"about":[{"href":"https:\/\/digital.hfh.ch\/lp21komplexebehinderung\/wp-json\/wp\/v2\/types\/chapter"}],"author":[{"embeddable":true,"href":"https:\/\/digital.hfh.ch\/lp21komplexebehinderung\/wp-json\/wp\/v2\/users\/1456"}],"version-history":[{"count":127,"href":"https:\/\/digital.hfh.ch\/lp21komplexebehinderung\/wp-json\/pressbooks\/v2\/chapters\/80\/revisions"}],"predecessor-version":[{"id":1733,"href":"https:\/\/digital.hfh.ch\/lp21komplexebehinderung\/wp-json\/pressbooks\/v2\/chapters\/80\/revisions\/1733"}],"part":[{"href":"https:\/\/digital.hfh.ch\/lp21komplexebehinderung\/wp-json\/pressbooks\/v2\/parts\/50"}],"metadata":[{"href":"https:\/\/digital.hfh.ch\/lp21komplexebehinderung\/wp-json\/pressbooks\/v2\/chapters\/80\/metadata\/"}],"wp:attachment":[{"href":"https:\/\/digital.hfh.ch\/lp21komplexebehinderung\/wp-json\/wp\/v2\/media?parent=80"}],"wp:term":[{"taxonomy":"category","embeddable":true,"href":"https:\/\/digital.hfh.ch\/lp21komplexebehinderung\/wp-json\/wp\/v2\/categories?post=80"},{"taxonomy":"chapter-type","embeddable":true,"href":"https:\/\/digital.hfh.ch\/lp21komplexebehinderung\/wp-json\/pressbooks\/v2\/chapter-type?post=80"},{"taxonomy":"contributor","embeddable":true,"href":"https:\/\/digital.hfh.ch\/lp21komplexebehinderung\/wp-json\/wp\/v2\/contributor?post=80"},{"taxonomy":"license","embeddable":true,"href":"https:\/\/digital.hfh.ch\/lp21komplexebehinderung\/wp-json\/wp\/v2\/license?post=80"}],"curies":[{"name":"wp","href":"https:\/\/api.w.org\/{rel}","templated":true}]}}