{"id":43,"date":"2021-01-08T10:30:23","date_gmt":"2021-01-08T09:30:23","guid":{"rendered":"https:\/\/digital.hfh.ch\/lp21komplexebehinderung\/?post_type=chapter&#038;p=43"},"modified":"2023-07-19T17:30:15","modified_gmt":"2023-07-19T15:30:15","slug":"1-2-lehrplan-als-grundlage-fuer-lernplaene","status":"publish","type":"chapter","link":"https:\/\/digital.hfh.ch\/lp21komplexebehinderung\/chapter\/1-2-lehrplan-als-grundlage-fuer-lernplaene\/","title":{"raw":"1.2. Lehrplan als Grundlage f\u00fcr Lernpl\u00e4ne","rendered":"1.2. Lehrplan als Grundlage f\u00fcr Lernpl\u00e4ne"},"content":{"raw":"Die Volksschule erf\u00fcllt ihren Bildungsauftrag durch die Gestaltung des Unterrichts und des Zusammenlebens in der Schule. Sie stellt angemessene Bildungsangebote und Lernsettings bereit, dazu geh\u00f6ren auch alle sonderp\u00e4dagogischen Massnahmen (siehe <a href=\"http:\/\/www2.zhlex.zh.ch\/appl\/zhlex_r.nsf\/0\/B6DFC1347AA5482FC12575C1003D4B7F\/$file\/412.100_7.2.05_65.pdf\" target=\"_blank\" rel=\"noopener noreferrer\">Volksschulgesetz<\/a>). Der Lehrplan umschreibt, welche Kompetenzen die Sch\u00fclerinnen und Sch\u00fcler bis zum Ende der obligatorischen Schulzeit erwerben sollen, er ist also aus der Perspektive der Lernenden formuliert. Eigentlich ist der Lehrplan also ein Lernplan. Doch was passiert, wenn das Lernen nicht nach Plan l\u00e4uft?\r\n\r\nAlle an Bildung beteiligten Fachpersonen sind in der gleichen Situation: Sie gestalten Lerngelegenheiten, ohne genau zu wissen, wie das Gegen\u00fcber diese nutzt und was tats\u00e4chlich gelernt wird. Regelm\u00e4ssige Erhebungen der Grundkompetenzen \u00fcberpr\u00fcfen deshalb, ob Sch\u00fclerinnen und Sch\u00fcler die Grundanspr\u00fcche erreichen. Das Bildungssystem \u00fcberpr\u00fcft die Leistungen der Sch\u00fclerinnen und Sch\u00fcler, um zu erfahren, ob die Schule ihren Bildungsauftrag erf\u00fcllt (siehe <a href=\"https:\/\/www.edk.ch\/de\/themen\/harmos\/nationale-bildungsziele\" target=\"_blank\" rel=\"noopener\">Nationale Bildungsziele der EDK<\/a>). Grunds\u00e4tzlich hat die Schule eine Leistungspflicht gegen\u00fcber den Sch\u00fclerinnen und Sch\u00fclern \u2013 nicht umgekehrt!\r\n\r\nDoch was ist, wenn Sch\u00fclerinnen und Sch\u00fcler nicht entlang der vorgesehenen Kompetenzstufen lernen? Bei Kindern und Jugendlichen mit komplexen Behinderungen bieten nicht erbrachte Leistungen wenig Informationen dazu, ob die Schule ihren Bildungsauftrag wahrnimmt.\u00a0 Wenn nicht an messbaren oder beobachtbaren Leistungen, an was soll sich der Bildungsprozess dann orientieren? Statt sich gleich auf die 363 Kompetenzen und 2304 Kompetenzstufen zu konzentrieren, lohnt sich ein Blick auf die im Lehrplan 21 formulierten <a href=\"https:\/\/zh.lehrplan.ch\/index.php?code=e|200|1\" target=\"_blank\" rel=\"noopener noreferrer\">Bildungsziele<\/a>.\r\n<div class=\"textbox textbox--exercises\"><header class=\"textbox__header\">\r\n<p class=\"textbox__title\"><b>Bildungsziele: Anregung zur Vertiefung\r\n<\/b>(Zeitaufwand &lt; 1 Minute)<b>\r\n<\/b><\/p>\r\n\r\n<\/header>\r\n<div class=\"textbox__content\">\r\n\r\nBitte lesen Sie die <a href=\"https:\/\/zh.lehrplan.ch\/index.php?code=e|200|1\" target=\"_blank\" rel=\"noopener noreferrer\">Bildungsziele<\/a> durch und notieren Sie sich die f\u00fcr Sie wichtigsten Begriffe!\r\n\r\n<\/div>\r\n<\/div>\r\n<div>\r\n<div><span style=\"text-align: initial; font-size: 1em;\">Die Abschnitte \u00abBildung erm\u00f6glicht\u2026\u00bb und \u00abBildung bef\u00e4higt\u2026\u00bb verweisen auf die zwei Perspektiven, unter denen man \u00abBildung\u00bb denken kann: Bildung ist einerseits ein Angebot der Lehrenden und andererseits ein Prozess und Ziel der Lernenden. Die Schule erm\u00f6glicht Erkundungen, bietet Lerngelegenheiten f\u00fcr die Auseinandersetzung mit sich, der Welt und anderen Menschen und begleitet die Entfaltung der Potenziale. <\/span><span style=\"text-align: initial; font-size: 1em;\">\u00a0Wenn also standardisierte Lernangebote nicht zielf\u00fchrend sind und ganz anders gestaltete Lernwege gesucht werden m\u00fcssen \u2013 was bietet dann Orientierung?<\/span><\/div>\r\n<\/div>\r\n<div>\r\n<div class=\"textbox textbox--exercises\"><header class=\"textbox__header\">\r\n<p class=\"textbox__title\"><strong>Anregung zur Vertiefung\r\n<\/strong>(Zeitaufwand &lt; 3 Minuten)<\/p>\r\n\r\n<\/header>\r\n<div class=\"textbox__content\"><details><summary class=\"plus\"><strong><em>Perspektivenwechsel<\/em><\/strong><\/summary>Bildung als Angebot und Auftrag der Schule vs. Bildung als Prozess und Ziel des Kindes: Welche Begriffe geh\u00f6ren zur welcher Perspektive? Ordnen Sie die Begriffe der entsprechenden Perspektive zu:\r\n\r\n[h5p id=\"8\"]\r\n\r\n<\/details><\/div>\r\n<\/div>\r\n<span style=\"text-align: initial; font-size: 1em;\">\u00abBildung bef\u00e4higt zu einer eigenst\u00e4ndigen und selbstverantwortlichen Lebensf\u00fchrung\u00bb. Wenn dies gelingt, wird das Recht auf Bildung eingel\u00f6st. Die schweizerischen und kantonalen gesetzlichen Grundlagen wurden bereits eingangs erw\u00e4hnt. Von Bedeutung ist ebenfalls die Behindertenrechtskonvention (BRK), insbesondere Artikel 24, dessen <\/span><a style=\"text-align: initial; font-size: 1em;\" href=\"https:\/\/www.fedlex.admin.ch\/eli\/cc\/2014\/245\/de#art_24\" target=\"_blank\" rel=\"noopener noreferrer\">Zielsetzungen in Abschnitt 1<\/a><span style=\"text-align: initial; font-size: 1em;\"> den Bildungszielen im Lehrplan 21 \u00e4hnlich sind. <\/span><span style=\"text-align: initial; font-size: 1em;\">Zur Information: die BRK steht auch in <\/span><a href=\"https:\/\/digital.hfh.ch\/lp21komplexebehinderung\/wp-content\/uploads\/sites\/21\/2021\/01\/BRK_leichte_Sprache.pdf\" target=\"_blank\" rel=\"noopener\">leichter Sprache<\/a><span style=\"text-align: initial; font-size: 1em;\"> zur Verf\u00fcgung.<\/span>\r\n\r\n<\/div>\r\n<div class=\"textbox textbox--exercises\"><header class=\"textbox__header\">\r\n<p class=\"textbox__title\"><strong>Anregung zur Vertiefung\r\n<\/strong>(Zeitaufwand &lt; 2 Minuten)<strong>\r\n<\/strong><\/p>\r\n\r\n<\/header>\r\n<div class=\"textbox__content\"><details><summary class=\"plus\"><strong><em>Behindertenrechtskonvention<\/em><\/strong><\/summary>Lesen Sie <a href=\"https:\/\/www.fedlex.admin.ch\/eli\/cc\/2014\/245\/de#art_24\" target=\"_blank\" rel=\"noopener noreferrer\">Abschnitt 1<\/a> Art. 24 und vergleichen Sie die Ziele unter a) bis c) mit den Bildungszielen im Lehrplan 21. Konkretisieren Sie die Ziele a) bis c) am Beispiel von Nick, Chris oder Luc. Wird der Lehrplan den Forderungen der Behindertenrechtskonvention gerecht?\r\n\r\n[h5p id=\"6\"]\r\n\r\n<\/details><\/div>\r\n<\/div>","rendered":"<p>Die Volksschule erf\u00fcllt ihren Bildungsauftrag durch die Gestaltung des Unterrichts und des Zusammenlebens in der Schule. Sie stellt angemessene Bildungsangebote und Lernsettings bereit, dazu geh\u00f6ren auch alle sonderp\u00e4dagogischen Massnahmen (siehe <a href=\"http:\/\/www2.zhlex.zh.ch\/appl\/zhlex_r.nsf\/0\/B6DFC1347AA5482FC12575C1003D4B7F\/$file\/412.100_7.2.05_65.pdf\" target=\"_blank\" rel=\"noopener noreferrer\">Volksschulgesetz<\/a>). Der Lehrplan umschreibt, welche Kompetenzen die Sch\u00fclerinnen und Sch\u00fcler bis zum Ende der obligatorischen Schulzeit erwerben sollen, er ist also aus der Perspektive der Lernenden formuliert. Eigentlich ist der Lehrplan also ein Lernplan. Doch was passiert, wenn das Lernen nicht nach Plan l\u00e4uft?<\/p>\n<p>Alle an Bildung beteiligten Fachpersonen sind in der gleichen Situation: Sie gestalten Lerngelegenheiten, ohne genau zu wissen, wie das Gegen\u00fcber diese nutzt und was tats\u00e4chlich gelernt wird. Regelm\u00e4ssige Erhebungen der Grundkompetenzen \u00fcberpr\u00fcfen deshalb, ob Sch\u00fclerinnen und Sch\u00fcler die Grundanspr\u00fcche erreichen. Das Bildungssystem \u00fcberpr\u00fcft die Leistungen der Sch\u00fclerinnen und Sch\u00fcler, um zu erfahren, ob die Schule ihren Bildungsauftrag erf\u00fcllt (siehe <a href=\"https:\/\/www.edk.ch\/de\/themen\/harmos\/nationale-bildungsziele\" target=\"_blank\" rel=\"noopener\">Nationale Bildungsziele der EDK<\/a>). Grunds\u00e4tzlich hat die Schule eine Leistungspflicht gegen\u00fcber den Sch\u00fclerinnen und Sch\u00fclern \u2013 nicht umgekehrt!<\/p>\n<p>Doch was ist, wenn Sch\u00fclerinnen und Sch\u00fcler nicht entlang der vorgesehenen Kompetenzstufen lernen? Bei Kindern und Jugendlichen mit komplexen Behinderungen bieten nicht erbrachte Leistungen wenig Informationen dazu, ob die Schule ihren Bildungsauftrag wahrnimmt.\u00a0 Wenn nicht an messbaren oder beobachtbaren Leistungen, an was soll sich der Bildungsprozess dann orientieren? Statt sich gleich auf die 363 Kompetenzen und 2304 Kompetenzstufen zu konzentrieren, lohnt sich ein Blick auf die im Lehrplan 21 formulierten <a href=\"https:\/\/zh.lehrplan.ch\/index.php?code=e|200|1\" target=\"_blank\" rel=\"noopener noreferrer\">Bildungsziele<\/a>.<\/p>\n<div class=\"textbox textbox--exercises\">\n<header class=\"textbox__header\">\n<p class=\"textbox__title\"><b>Bildungsziele: Anregung zur Vertiefung<br \/>\n<\/b>(Zeitaufwand &lt; 1 Minute)<b><br \/>\n<\/b><\/p>\n<\/header>\n<div class=\"textbox__content\">\n<p>Bitte lesen Sie die <a href=\"https:\/\/zh.lehrplan.ch\/index.php?code=e|200|1\" target=\"_blank\" rel=\"noopener noreferrer\">Bildungsziele<\/a> durch und notieren Sie sich die f\u00fcr Sie wichtigsten Begriffe!<\/p>\n<\/div>\n<\/div>\n<div>\n<div><span style=\"text-align: initial; font-size: 1em;\">Die Abschnitte \u00abBildung erm\u00f6glicht\u2026\u00bb und \u00abBildung bef\u00e4higt\u2026\u00bb verweisen auf die zwei Perspektiven, unter denen man \u00abBildung\u00bb denken kann: Bildung ist einerseits ein Angebot der Lehrenden und andererseits ein Prozess und Ziel der Lernenden. Die Schule erm\u00f6glicht Erkundungen, bietet Lerngelegenheiten f\u00fcr die Auseinandersetzung mit sich, der Welt und anderen Menschen und begleitet die Entfaltung der Potenziale. <\/span><span style=\"text-align: initial; font-size: 1em;\">\u00a0Wenn also standardisierte Lernangebote nicht zielf\u00fchrend sind und ganz anders gestaltete Lernwege gesucht werden m\u00fcssen \u2013 was bietet dann Orientierung?<\/span><\/div>\n<\/div>\n<div>\n<div class=\"textbox textbox--exercises\">\n<header class=\"textbox__header\">\n<p class=\"textbox__title\"><strong>Anregung zur Vertiefung<br \/>\n<\/strong>(Zeitaufwand &lt; 3 Minuten)<\/p>\n<\/header>\n<div class=\"textbox__content\">\n<details>\n<summary class=\"plus\"><strong><em>Perspektivenwechsel<\/em><\/strong><\/summary>\n<p>Bildung als Angebot und Auftrag der Schule vs. Bildung als Prozess und Ziel des Kindes: Welche Begriffe geh\u00f6ren zur welcher Perspektive? Ordnen Sie die Begriffe der entsprechenden Perspektive zu:<\/p>\n<div id=\"h5p-8\">\n<div class=\"h5p-iframe-wrapper\"><iframe id=\"h5p-iframe-8\" class=\"h5p-iframe\" data-content-id=\"8\" style=\"height:1px\" src=\"about:blank\" frameBorder=\"0\" scrolling=\"no\" title=\"Perspektivenwechsel Bildungsauftrag\"><\/iframe><\/div>\n<\/div>\n<\/details>\n<\/div>\n<\/div>\n<p><span style=\"text-align: initial; font-size: 1em;\">\u00abBildung bef\u00e4higt zu einer eigenst\u00e4ndigen und selbstverantwortlichen Lebensf\u00fchrung\u00bb. Wenn dies gelingt, wird das Recht auf Bildung eingel\u00f6st. Die schweizerischen und kantonalen gesetzlichen Grundlagen wurden bereits eingangs erw\u00e4hnt. Von Bedeutung ist ebenfalls die Behindertenrechtskonvention (BRK), insbesondere Artikel 24, dessen <\/span><a style=\"text-align: initial; font-size: 1em;\" href=\"https:\/\/www.fedlex.admin.ch\/eli\/cc\/2014\/245\/de#art_24\" target=\"_blank\" rel=\"noopener noreferrer\">Zielsetzungen in Abschnitt 1<\/a><span style=\"text-align: initial; font-size: 1em;\"> den Bildungszielen im Lehrplan 21 \u00e4hnlich sind. <\/span><span style=\"text-align: initial; font-size: 1em;\">Zur Information: die BRK steht auch in <\/span><a href=\"https:\/\/digital.hfh.ch\/lp21komplexebehinderung\/wp-content\/uploads\/sites\/21\/2021\/01\/BRK_leichte_Sprache.pdf\" target=\"_blank\" rel=\"noopener\">leichter Sprache<\/a><span style=\"text-align: initial; font-size: 1em;\"> zur Verf\u00fcgung.<\/span><\/p>\n<\/div>\n<div class=\"textbox textbox--exercises\">\n<header class=\"textbox__header\">\n<p class=\"textbox__title\"><strong>Anregung zur Vertiefung<br \/>\n<\/strong>(Zeitaufwand &lt; 2 Minuten)<strong><br \/>\n<\/strong><\/p>\n<\/header>\n<div class=\"textbox__content\">\n<details>\n<summary class=\"plus\"><strong><em>Behindertenrechtskonvention<\/em><\/strong><\/summary>\n<p>Lesen Sie <a href=\"https:\/\/www.fedlex.admin.ch\/eli\/cc\/2014\/245\/de#art_24\" target=\"_blank\" rel=\"noopener noreferrer\">Abschnitt 1<\/a> Art. 24 und vergleichen Sie die Ziele unter a) bis c) mit den Bildungszielen im Lehrplan 21. Konkretisieren Sie die Ziele a) bis c) am Beispiel von Nick, Chris oder Luc. Wird der Lehrplan den Forderungen der Behindertenrechtskonvention gerecht?<\/p>\n<div id=\"h5p-6\">\n<div class=\"h5p-iframe-wrapper\"><iframe id=\"h5p-iframe-6\" class=\"h5p-iframe\" data-content-id=\"6\" style=\"height:1px\" src=\"about:blank\" frameBorder=\"0\" scrolling=\"no\" title=\"Rechte von Menschen mit Behinderungen\"><\/iframe><\/div>\n<\/div>\n<\/details>\n<\/div>\n<\/div>\n","protected":false},"excerpt":{"rendered":"<p>Die Volksschule erf\u00fcllt ihren Bildungsauftrag durch die Gestaltung des Unterrichts und des Zusammenlebens in der Schule. Sie stellt angemessene Bildungsangebote und Lernsettings bereit, dazu geh\u00f6ren auch alle sonderp\u00e4dagogischen Massnahmen (siehe Volksschulgesetz). Der Lehrplan umschreibt, welche Kompetenzen die Sch\u00fclerinnen und Sch\u00fcler bis zum Ende der obligatorischen Schulzeit erwerben sollen, er ist also aus der Perspektive der [&hellip;]<\/p>\n","protected":false},"author":1,"menu_order":3,"template":"","meta":{"pb_show_title":"on","pb_short_title":"","pb_subtitle":"","pb_authors":[],"pb_section_license":""},"categories":[],"chapter-type":[],"contributor":[],"license":[],"class_list":["post-43","chapter","type-chapter","status-publish","hentry"],"part":24,"_links":{"self":[{"href":"https:\/\/digital.hfh.ch\/lp21komplexebehinderung\/wp-json\/pressbooks\/v2\/chapters\/43","targetHints":{"allow":["GET"]}}],"collection":[{"href":"https:\/\/digital.hfh.ch\/lp21komplexebehinderung\/wp-json\/pressbooks\/v2\/chapters"}],"about":[{"href":"https:\/\/digital.hfh.ch\/lp21komplexebehinderung\/wp-json\/wp\/v2\/types\/chapter"}],"author":[{"embeddable":true,"href":"https:\/\/digital.hfh.ch\/lp21komplexebehinderung\/wp-json\/wp\/v2\/users\/1"}],"version-history":[{"count":84,"href":"https:\/\/digital.hfh.ch\/lp21komplexebehinderung\/wp-json\/pressbooks\/v2\/chapters\/43\/revisions"}],"predecessor-version":[{"id":1684,"href":"https:\/\/digital.hfh.ch\/lp21komplexebehinderung\/wp-json\/pressbooks\/v2\/chapters\/43\/revisions\/1684"}],"part":[{"href":"https:\/\/digital.hfh.ch\/lp21komplexebehinderung\/wp-json\/pressbooks\/v2\/parts\/24"}],"metadata":[{"href":"https:\/\/digital.hfh.ch\/lp21komplexebehinderung\/wp-json\/pressbooks\/v2\/chapters\/43\/metadata\/"}],"wp:attachment":[{"href":"https:\/\/digital.hfh.ch\/lp21komplexebehinderung\/wp-json\/wp\/v2\/media?parent=43"}],"wp:term":[{"taxonomy":"category","embeddable":true,"href":"https:\/\/digital.hfh.ch\/lp21komplexebehinderung\/wp-json\/wp\/v2\/categories?post=43"},{"taxonomy":"chapter-type","embeddable":true,"href":"https:\/\/digital.hfh.ch\/lp21komplexebehinderung\/wp-json\/pressbooks\/v2\/chapter-type?post=43"},{"taxonomy":"contributor","embeddable":true,"href":"https:\/\/digital.hfh.ch\/lp21komplexebehinderung\/wp-json\/wp\/v2\/contributor?post=43"},{"taxonomy":"license","embeddable":true,"href":"https:\/\/digital.hfh.ch\/lp21komplexebehinderung\/wp-json\/wp\/v2\/license?post=43"}],"curies":[{"name":"wp","href":"https:\/\/api.w.org\/{rel}","templated":true}]}}