{"id":111,"date":"2021-02-12T11:41:57","date_gmt":"2021-02-12T10:41:57","guid":{"rendered":"https:\/\/digital.hfh.ch\/lp21komplexebehinderung\/?post_type=back-matter&#038;p=111"},"modified":"2023-07-19T17:30:11","modified_gmt":"2023-07-19T15:30:11","slug":"impressum","status":"publish","type":"back-matter","link":"https:\/\/digital.hfh.ch\/lp21komplexebehinderung\/back-matter\/impressum\/","title":{"raw":"Impressum","rendered":"Impressum"},"content":{"raw":"<h2 class=\"p1\">Impressum<\/h2>\r\n<p class=\"p1\">Herausgeber: Interkantonale Hochschule f\u00fcr Heilp\u00e4dagogik Z\u00fcrich (HfH) &amp; P\u00e4dagogische Hochschule Z\u00fcrich (PHZH)<\/p>\r\n\r\n<h2 class=\"p2\">September 2021<\/h2>\r\n<p class=\"p2\">Layout und Produktion: Digital Learning Center (HfH)\u00a0 - Sarah Frederickx\r\n@ 2021 Interkantonale Hochschule f\u00fcr Heilp\u00e4dagogik Z\u00fcrich (HfH)\u00a0 und P\u00e4dagogische Hochschule Z\u00fcrich (PHZH)<\/p>\r\n\r\n<h2 class=\"p3\">Adresse<\/h2>\r\n<p class=\"p2\">Interkantonale Hochschule f\u00fcr Heilp\u00e4dagogik Z\u00fcrich\r\nSchaffhauserstrasse 239\r\nPostfach 5850\r\n8050 Z\u00fcrich<\/p>\r\n<p class=\"p4\"><span class=\"s1\">\u2192\u00a0<a href=\"https:\/\/hfh.ch\/\"><span class=\"s2\">www.hfh.ch<\/span><\/a><\/span><\/p>\r\n<p class=\"p2\">\u2192 info@hfh.ch<\/p>\r\nPHZH\r\nLagerstrasse 2\r\n8090 Z\u00fcrich\r\n\r\n\u2192 <a href=\"https:\/\/phzh.ch\/de\/\" target=\"_blank\" rel=\"noopener noreferrer\">www.phzh.ch<\/a>\r\n\r\n\u2192 info@phzh.ch\r\n<h2 class=\"p3\">Autorinnen<\/h2>\r\n<p class=\"p2\"><a href=\"https:\/\/www.hfh.ch\/person\/ariane-buehler\" target=\"_blank\" rel=\"noopener\">Ariane B\u00fchler<\/a>, lic.phil.<\/p>\r\n<p class=\"p2\">Ariane B\u00fchler ist Dozentin an der Interkantonalen Hochschule f\u00fcr Heilp\u00e4dagogik HfH Z\u00fcrich am Institut f\u00fcr Behinderung und Partizipation, Studienschwerpunkt geistige Entwicklung. Der Schwerpunkt ihrer Arbeiten liegt auf inklusiver Didaktik, praxisnahen didaktischen Fragestellungen und Umsetzungen. Ein weiterer thematischer Schwerpunkt bildet das Themenfeld die K\u00fcnste in der Heilp\u00e4dagogik. Vielf\u00e4ltige T\u00e4tigkeiten in Weiterbildung, Dienstleistung, Beratung und Forschung erg\u00e4nzen das Arbeitsfeld.<\/p>\r\n<p class=\"p2\">\u2192Mail: ariane.buehler@hfh.ch<\/p>\r\n<a title=\"Profil von Judith Hollenweger\" href=\"https:\/\/phzh.ch\/personen\/judith.hollenweger\" target=\"_blank\" rel=\"noopener\">Judith Hollenweger Haskell<\/a>, Prof.Dr.\r\n\r\nJudith Hollenweger Haskell ist Professorin an der PH Z\u00fcrich, Professur Bildung und Diversity und leitet den Leistungsschwerpunkt \"Inklusive Bildung\". Der Schwerpunkt ihrer Arbeiten liegt auf Forschung und Entwicklung zu Fragen der Gestaltung inklusiver Bildungssysteme und inklusiver Schulen im heutigen gesellschaftlichen Kontext. Im Zentrum des Interesses der Professur steht insbesondere die Entwicklung von fach\u00fcbergreifenden Konzepten als Antwort auf Diver\u00adsit\u00e4t und Inklusion in Bildungskontexten.\r\n<p class=\"p2\">\u2192Mail: judith.hollenweger@phzh.ch<\/p>\r\n\r\n<h2 class=\"p3\">Interaktive Module<\/h2>\r\n<p class=\"p2\">Die interaktiven Module wurden von Ariane B\u00fchler &amp; Judith Hollenweger Haskell erstellt.<\/p>\r\n\r\n<h2>Filmbeispiele<\/h2>\r\nstammen aus\u00a0 dem E-Book \"<a href=\"https:\/\/digital.hfh.ch\/impulseinklusiverunterricht\/\" target=\"_blank\" rel=\"noopener\">Impulse f\u00fcr inklusiven Unterricht<\/a>\" (B\u00fchler &amp; Dietrich 2020) und aus einer weiteren ausgew\u00e4hlten Aufnahme einer Unterrichtssituation (aufgenommen von Ariane B\u00fchler).\r\n<h2 class=\"p3\">Dank<\/h2>\r\n<p class=\"p2\">Unser Dank gilt dem Volksschulamt Z\u00fcrich (VSA), das mit seinem Auftrag der Erstellung einer Online-Lerneinheit erm\u00f6glichte die Ausf\u00fchrungen der Brosch\u00fcre \"Anwendung des Lehrplans 21 bei komplexer Behinderung\" (DVK 2019) zu konkretisieren. Ebenso gilt er allen weitere Personen, die uns bei der Realisierung unterst\u00fctzt haben.<\/p>\r\n\r\n<h2 class=\"p3\">Copyright<\/h2>\r\n<p class=\"p2\">Die Online-Lerneinheit ist urheberrechtlich gesch\u00fctzt und dient der Weiterbildung von Lehrpersonen.\r\nDas Copyright an den Inhalten (Texte, Grafiken, Materialien, Filme, Animationen etc.) liegt bei Interkantonale Hochschule f\u00fcr Heilp\u00e4dagogik Z\u00fcrich und der P\u00e4dagogischen Hochschule Z\u00fcrich.<\/p>\r\n<p class=\"p2\">F\u00fcr die Reproduktion, Weitergabe oder Ver\u00f6ffentlichung von Materialien ist im Voraus die ausdr\u00fcckliche, schriftliche Genehmigung der Interkantonalen Hochschule f\u00fcr Heilp\u00e4dagogik Z\u00fcrich und der P\u00e4dagogischen Hochschule Z\u00fcrich einzuholen.<\/p>\r\n<p class=\"p2\">Vorlagen \u2013 soweit vorhanden \u2013 d\u00fcrfen f\u00fcr den pers\u00f6nlichen Gebrauch oder im Rahmen der Lehrt\u00e4tigkeit unter Nennung der Urheberschaft verwendet und\u00a0werden.<\/p>","rendered":"<h2 class=\"p1\">Impressum<\/h2>\n<p class=\"p1\">Herausgeber: Interkantonale Hochschule f\u00fcr Heilp\u00e4dagogik Z\u00fcrich (HfH) &amp; P\u00e4dagogische Hochschule Z\u00fcrich (PHZH)<\/p>\n<h2 class=\"p2\">September 2021<\/h2>\n<p class=\"p2\">Layout und Produktion: Digital Learning Center (HfH)\u00a0 &#8211; Sarah Frederickx<br \/>\n@ 2021 Interkantonale Hochschule f\u00fcr Heilp\u00e4dagogik Z\u00fcrich (HfH)\u00a0 und P\u00e4dagogische Hochschule Z\u00fcrich (PHZH)<\/p>\n<h2 class=\"p3\">Adresse<\/h2>\n<p class=\"p2\">Interkantonale Hochschule f\u00fcr Heilp\u00e4dagogik Z\u00fcrich<br \/>\nSchaffhauserstrasse 239<br \/>\nPostfach 5850<br \/>\n8050 Z\u00fcrich<\/p>\n<p class=\"p4\"><span class=\"s1\">\u2192\u00a0<a href=\"https:\/\/hfh.ch\/\"><span class=\"s2\">www.hfh.ch<\/span><\/a><\/span><\/p>\n<p class=\"p2\">\u2192 info@hfh.ch<\/p>\n<p>PHZH<br \/>\nLagerstrasse 2<br \/>\n8090 Z\u00fcrich<\/p>\n<p>\u2192 <a href=\"https:\/\/phzh.ch\/de\/\" target=\"_blank\" rel=\"noopener noreferrer\">www.phzh.ch<\/a><\/p>\n<p>\u2192 info@phzh.ch<\/p>\n<h2 class=\"p3\">Autorinnen<\/h2>\n<p class=\"p2\"><a href=\"https:\/\/www.hfh.ch\/person\/ariane-buehler\" target=\"_blank\" rel=\"noopener\">Ariane B\u00fchler<\/a>, lic.phil.<\/p>\n<p class=\"p2\">Ariane B\u00fchler ist Dozentin an der Interkantonalen Hochschule f\u00fcr Heilp\u00e4dagogik HfH Z\u00fcrich am Institut f\u00fcr Behinderung und Partizipation, Studienschwerpunkt geistige Entwicklung. Der Schwerpunkt ihrer Arbeiten liegt auf inklusiver Didaktik, praxisnahen didaktischen Fragestellungen und Umsetzungen. Ein weiterer thematischer Schwerpunkt bildet das Themenfeld die K\u00fcnste in der Heilp\u00e4dagogik. Vielf\u00e4ltige T\u00e4tigkeiten in Weiterbildung, Dienstleistung, Beratung und Forschung erg\u00e4nzen das Arbeitsfeld.<\/p>\n<p class=\"p2\">\u2192Mail: ariane.buehler@hfh.ch<\/p>\n<p><a title=\"Profil von Judith Hollenweger\" href=\"https:\/\/phzh.ch\/personen\/judith.hollenweger\" target=\"_blank\" rel=\"noopener\">Judith Hollenweger Haskell<\/a>, Prof.Dr.<\/p>\n<p>Judith Hollenweger Haskell ist Professorin an der PH Z\u00fcrich, Professur Bildung und Diversity und leitet den Leistungsschwerpunkt &#8222;Inklusive Bildung&#8220;. Der Schwerpunkt ihrer Arbeiten liegt auf Forschung und Entwicklung zu Fragen der Gestaltung inklusiver Bildungssysteme und inklusiver Schulen im heutigen gesellschaftlichen Kontext. Im Zentrum des Interesses der Professur steht insbesondere die Entwicklung von fach\u00fcbergreifenden Konzepten als Antwort auf Diver\u00adsit\u00e4t und Inklusion in Bildungskontexten.<\/p>\n<p class=\"p2\">\u2192Mail: judith.hollenweger@phzh.ch<\/p>\n<h2 class=\"p3\">Interaktive Module<\/h2>\n<p class=\"p2\">Die interaktiven Module wurden von Ariane B\u00fchler &amp; Judith Hollenweger Haskell erstellt.<\/p>\n<h2>Filmbeispiele<\/h2>\n<p>stammen aus\u00a0 dem E-Book &#8222;<a href=\"https:\/\/digital.hfh.ch\/impulseinklusiverunterricht\/\" target=\"_blank\" rel=\"noopener\">Impulse f\u00fcr inklusiven Unterricht<\/a>&#8220; (B\u00fchler &amp; Dietrich 2020) und aus einer weiteren ausgew\u00e4hlten Aufnahme einer Unterrichtssituation (aufgenommen von Ariane B\u00fchler).<\/p>\n<h2 class=\"p3\">Dank<\/h2>\n<p class=\"p2\">Unser Dank gilt dem Volksschulamt Z\u00fcrich (VSA), das mit seinem Auftrag der Erstellung einer Online-Lerneinheit erm\u00f6glichte die Ausf\u00fchrungen der Brosch\u00fcre &#8222;Anwendung des Lehrplans 21 bei komplexer Behinderung&#8220; (DVK 2019) zu konkretisieren. Ebenso gilt er allen weitere Personen, die uns bei der Realisierung unterst\u00fctzt haben.<\/p>\n<h2 class=\"p3\">Copyright<\/h2>\n<p class=\"p2\">Die Online-Lerneinheit ist urheberrechtlich gesch\u00fctzt und dient der Weiterbildung von Lehrpersonen.<br \/>\nDas Copyright an den Inhalten (Texte, Grafiken, Materialien, Filme, Animationen etc.) liegt bei Interkantonale Hochschule f\u00fcr Heilp\u00e4dagogik Z\u00fcrich und der P\u00e4dagogischen Hochschule Z\u00fcrich.<\/p>\n<p class=\"p2\">F\u00fcr die Reproduktion, Weitergabe oder Ver\u00f6ffentlichung von Materialien ist im Voraus die ausdr\u00fcckliche, schriftliche Genehmigung der Interkantonalen Hochschule f\u00fcr Heilp\u00e4dagogik Z\u00fcrich und der P\u00e4dagogischen Hochschule Z\u00fcrich einzuholen.<\/p>\n<p class=\"p2\">Vorlagen \u2013 soweit vorhanden \u2013 d\u00fcrfen f\u00fcr den pers\u00f6nlichen Gebrauch oder im Rahmen der Lehrt\u00e4tigkeit unter Nennung der Urheberschaft verwendet und\u00a0werden.<\/p>\n","protected":false},"excerpt":{"rendered":"<p>Impressum Herausgeber: Interkantonale Hochschule f\u00fcr Heilp\u00e4dagogik Z\u00fcrich (HfH) &amp; P\u00e4dagogische Hochschule Z\u00fcrich (PHZH) September 2021 Layout und Produktion: Digital Learning Center (HfH)\u00a0 &#8211; Sarah Frederickx @ 2021 Interkantonale Hochschule f\u00fcr Heilp\u00e4dagogik Z\u00fcrich (HfH)\u00a0 und P\u00e4dagogische Hochschule Z\u00fcrich (PHZH) Adresse Interkantonale Hochschule f\u00fcr Heilp\u00e4dagogik Z\u00fcrich Schaffhauserstrasse 239 Postfach 5850 8050 Z\u00fcrich \u2192\u00a0www.hfh.ch \u2192 info@hfh.ch PHZH Lagerstrasse [&hellip;]<\/p>\n","protected":false},"author":1456,"menu_order":2,"template":"","meta":{"pb_show_title":"on","pb_short_title":"","pb_subtitle":"","pb_authors":[],"pb_section_license":""},"back-matter-type":[],"contributor":[],"license":[],"class_list":["post-111","back-matter","type-back-matter","status-publish","hentry"],"_links":{"self":[{"href":"https:\/\/digital.hfh.ch\/lp21komplexebehinderung\/wp-json\/pressbooks\/v2\/back-matter\/111","targetHints":{"allow":["GET"]}}],"collection":[{"href":"https:\/\/digital.hfh.ch\/lp21komplexebehinderung\/wp-json\/pressbooks\/v2\/back-matter"}],"about":[{"href":"https:\/\/digital.hfh.ch\/lp21komplexebehinderung\/wp-json\/wp\/v2\/types\/back-matter"}],"author":[{"embeddable":true,"href":"https:\/\/digital.hfh.ch\/lp21komplexebehinderung\/wp-json\/wp\/v2\/users\/1456"}],"version-history":[{"count":14,"href":"https:\/\/digital.hfh.ch\/lp21komplexebehinderung\/wp-json\/pressbooks\/v2\/back-matter\/111\/revisions"}],"predecessor-version":[{"id":1694,"href":"https:\/\/digital.hfh.ch\/lp21komplexebehinderung\/wp-json\/pressbooks\/v2\/back-matter\/111\/revisions\/1694"}],"metadata":[{"href":"https:\/\/digital.hfh.ch\/lp21komplexebehinderung\/wp-json\/pressbooks\/v2\/back-matter\/111\/metadata\/"}],"wp:attachment":[{"href":"https:\/\/digital.hfh.ch\/lp21komplexebehinderung\/wp-json\/wp\/v2\/media?parent=111"}],"wp:term":[{"taxonomy":"back-matter-type","embeddable":true,"href":"https:\/\/digital.hfh.ch\/lp21komplexebehinderung\/wp-json\/pressbooks\/v2\/back-matter-type?post=111"},{"taxonomy":"contributor","embeddable":true,"href":"https:\/\/digital.hfh.ch\/lp21komplexebehinderung\/wp-json\/wp\/v2\/contributor?post=111"},{"taxonomy":"license","embeddable":true,"href":"https:\/\/digital.hfh.ch\/lp21komplexebehinderung\/wp-json\/wp\/v2\/license?post=111"}],"curies":[{"name":"wp","href":"https:\/\/api.w.org\/{rel}","templated":true}]}}