{"id":81,"date":"2024-10-10T17:18:56","date_gmt":"2024-10-10T15:18:56","guid":{"rendered":"https:\/\/digital.hfh.ch\/interview\/?post_type=chapter&#038;p=81"},"modified":"2025-03-05T12:24:35","modified_gmt":"2025-03-05T11:24:35","slug":"empathie-und-verstehen-cuomo","status":"publish","type":"chapter","link":"https:\/\/digital.hfh.ch\/interview\/chapter\/empathie-und-verstehen-cuomo\/","title":{"raw":"Empathie und Verstehen (Cuomo)","rendered":"Empathie und Verstehen (Cuomo)"},"content":{"raw":"<div class=\"feature\">\r\n<h2 class=\"Stil3\">Kurzportrait<\/h2>\r\nDas Methodenkonzept \"Empathie und Verstehen\" ist die \u00dcbersetzung des systemischen und interdisziplin\u00e4ren Inklusionskonzepts \"l'emozione di conoscere ed il desiderio di esistere\" von Nicola Cuomo (1946-2016). W\u00e4hrend rund vier Jahrzehnten wurde es an der Universit\u00e4t Bologna entwickelt, erforscht und differenziert. Dabei konnten Handlungsmodelle entwickelt werden, mit denen Behinderungen verstanden und \u00fcberwunden werden k\u00f6nnen. Die Defizitorientierung arbeitet mit Begriffen wie Trisomie 21, geistige Behinderung, Autismus, Fragiles-X-Syndrom, Lernst\u00f6rung, Verhaltensst\u00f6rung, Blindheit, Taubheit, u.v.a. Die Logik dieser Begriffe schl\u00e4gt permanent\u00a0<em>Defizite vor, welche den Vorurteilen und der Selektion \u00abNat\u00fcrlichkeit\u00bb verleihen.<\/em>\u00a0Cuomos Methode erreichte internationalen Ruf. Parallel zur befreienden P\u00e4dagogik von Paulo Freire erkannte Cuomo durch die Analyse der sozialen und existenziellen Verh\u00e4ltnisse, dass Entfremdung, Unterdr\u00fcckung und Behinderung nur \u00fcberwunden werden k\u00f6nnen, wenn die Erziehung und die Erkenntnis als\u00a0Forschungsprozesse\u00a0aufgefasst werden (Freire 1977, S. 58f.; Cuomo, 1989, 2007).<a href=\"https:\/\/www.researchgate.net\/publication\/346605147_Begegnungen_mit_Nicola_Cuomo_und_Vorurteile_sind_wie_Gefangnisse\">\u00a0Zwei kurze Artikel leiten in die Vita des Inklusionsforschers ein.<\/a>\r\n\r\nDas Konzept basiert auf wenigen strategischen Prinzipien, welche in Wechselwirkung stehen:\r\n\r\n<img class=\"alignnone wp-image-429\" src=\"https:\/\/digital.hfh.ch\/interview\/wp-content\/uploads\/sites\/81\/2025\/03\/EDC_Strategien.png\" alt=\"\" width=\"359\" height=\"355\" \/>\r\n<ol>\r\n \t<li>\u00a0Progetto di vita (globale Perspektive, mit den Eltern als Kerngruppe), das heisst, dass die P\u00e4dagogik und deren Massnahmen ausgehend von der <strong><a href=\"https:\/\/digital.hfh.ch\/interview\/wp-content\/uploads\/sites\/81\/2025\/03\/progetto_di_vita.png\" target=\"_blank\" rel=\"noopener\">Bedeutsamkeit f\u00fcr das Leben<\/a><\/strong>\u00a0untersucht werden, einem Leben, das die Person autonom, sozialisiert und kompetent gestalten darf.<\/li>\r\n \t<li>Kontext zuerst, d.h. Inklusion gelingt nur, wenn zuerst der Kontext erforscht, erzogen und ver\u00e4ndert wird (Familiensystem, Schule und Lehrsystem, Werkpl\u00e4tze, Systeme der Freizeit).<\/li>\r\n \t<li>Ressourcen zuerst, d.h.Defizite werden i.d.R. zur Begr\u00fcndung von summativen Diagnosen sowie der Selektion verwendet. Die F\u00f6rderung von Inklusion baut rigoros auf Ressourcen, auch emotional und relational.<\/li>\r\n \t<li>\u00a0Die Indikatoren der Inklusion sind in der progressiven Entwicklung von Autonomie, Sozialisation und Kompetenz beobachtbar.<\/li>\r\n \t<li>\u00a0F\u00fcr die Gestaltung inklusiver Prozesse braucht es Handlungsmodelle (piste di lavoro, Projekte sowie empathisch-relationale Kompetenzen).<\/li>\r\n \t<li>Kontrolle und Qualit\u00e4tsentwicklung werden mittels Supervision und dermehrperspektivischen Aktionsforschung (vgl. Bruce &amp; Pine, 2010) realisiert.<\/li>\r\n<\/ol>\r\n<a href=\"https:\/\/digital.hfh.ch\/interview\/wp-content\/uploads\/sites\/81\/2025\/03\/metodo_EMC_D_20120216-1.pdf\" target=\"_blank\" rel=\"noopener\">Quelle: Das Methodenkonzept \"Empathie und Verstehen\" (Nicola Cuomo, 2011; deutsche Version)<\/a>. Der Artikel von\u00a0<a href=\"https:\/\/www.researchgate.net\/publication\/344890189_Empathie_und_Verstehen_Die_Methode_von_Nicola_Cuomo\">Imola, Bacciaglia, Filippini &amp; Meyer (2020)<\/a>\u00a0gibt einen aktuellen Einblick.\r\n\r\nDie Pfeiler und Strategien von \"Empathie und Verstehen\" wurden von Cuomo (1989; vgl.\u00a0<a href=\"https:\/\/www.zeitschriftmenschen.at\/content\/view\/full\/116412\">Sch\u00f6ler, 2019<\/a>; Imola et al., 2019;\u00a0<a href=\"https:\/\/www.zeitschriftmenschen.at\/content\/view\/full\/116416\">Meyer, 2019<\/a>) in Fallstudien konkretisiert und in Fallportraits dargestellt. Diese Fallportraits (vgl. Lawrence-Lightfoot &amp; Hoffmann Davis, 2002) verdeutlichen, wie inklusive P\u00e4dagogik als systemische Wissenschaft vorgeht und wie sie begr\u00fcndet wird. In Anlehnung an eine Metapher von Wygotski (1986, S. 359) kann gefolgert werden, dass sich im Wort dieser Fallstudien das systemische Bewusstsein spiegelt \"wie die Sonne in einem Wassertropfen. Das Wort verh\u00e4lt sich zum Bewusstsein wie die kleine Welt zur grossen, wie die lebende Zelle zum Organismus, wie das Atom zum Kosmos. Das sinnvolle Wort ist der Mikrokosmos des Bewusstseins (ebd., S. 359).\r\n\r\nIn den ersten Gespr\u00e4chen mit Familien und P\u00e4dagoginnen werden das\u00a0K\u00f6nnen\u00a0der Person mit Defizit und die Erziehungsstile im Sinn einer systemischen Ethnografie untersucht, siehe\u00a0<a href=\"https:\/\/www.researchgate.net\/publication\/371632009_Studium_der_Erziehungsstile_nach_der_Methode_von_Nicola_Cuomo_vgl_Imola_2010_Fokus_Bedeutsamkeit_gemeinsam_erzeugen\">Studium der Erziehungsstile nach der Methode von Nicola Cuomo\"<\/a><a href=\"https:\/\/www.researchgate.net\/project\/Emotion-To-Know-lemozione-di-conoscere-ed-il-desiderio-di-esistere-Empathie-und-Verstehen-transformative-pedagogy\/update\/630ef9d0df58b43f60661101\">.<\/a>\u00a0In Anlehnung an Macedo &amp; Freire (1987, S. 141) werden die Erziehungsstile (vissuto-subito; freudvoll \/ bedeutsam - unterdr\u00fcckend) und auch die Literacy dahingehend analysiert, ob sie der Reproduktion bestehender sozialer Formationen (Unterdr\u00fcckung, Ausgrenzung) dient oder ob sie kulturelle Praktiken enth\u00e4lt, die einen demokratischen, integrativen und emanzipatorischen Wandel f\u00f6rdern.\r\n\r\nW\u00fcnschen Sie einen Kontakt f\u00fcr eine Projektbegleitung?\u00a0<a href=\"mailto:stefan.meyer@em.hfh.ch\">E-Mail<\/a>\r\n\r\n<a href=\"https:\/\/digital.hfh.ch\/interview\/chapter\/fi-und-spiele\/\" target=\"_blank\" rel=\"noopener\">St\u00e4be werfen<\/a>: Ein Spiel der Apachen, selbst erfundene Spielanordnung<img class=\"alignnone wp-image-400\" src=\"https:\/\/digital.hfh.ch\/interview\/wp-content\/uploads\/sites\/81\/2025\/03\/GB_gatto.jpg\" alt=\"\" width=\"456\" height=\"188\" \/>\r\n<p class=\"story\">Foto: Silvia Fallani (2011)<\/p>\r\n<img class=\"alignnone size-full wp-image-433\" src=\"https:\/\/digital.hfh.ch\/interview\/wp-content\/uploads\/sites\/81\/2025\/03\/W237_Bild.png\" alt=\"\" width=\"282\" height=\"112\" \/>Masterarbeiten auf der Basis von \"Empathie und Verstehen\":<img class=\"alignnone wp-image-419\" src=\"https:\/\/digital.hfh.ch\/interview\/wp-content\/uploads\/sites\/81\/2025\/03\/MA_Frommelt_Monsch.jpg\" alt=\"\" width=\"176\" height=\"138\" \/>\r\n\r\n<img class=\"alignnone wp-image-436\" src=\"https:\/\/digital.hfh.ch\/interview\/wp-content\/uploads\/sites\/81\/2025\/03\/Ma_Catarina_Oliveira_Bild.png\" alt=\"\" width=\"239\" height=\"229\" \/><a href=\"https:\/\/zenodo.org\/record\/4892600\">Inklusive Lesef\u00f6rderung auf der Sekundarstufe 1. Fallstudie von Tamara von Siebenthal (2020)<\/a>\r\n\r\n<\/div>\r\n<div class=\"story\"><img class=\"alignnone wp-image-438\" src=\"https:\/\/digital.hfh.ch\/interview\/wp-content\/uploads\/sites\/81\/2025\/03\/MA_Titelblatt_Tamara_vS.png\" alt=\"\" width=\"299\" height=\"247\" \/>\r\n<a href=\"https:\/\/www.youtube.com\/watch?v=sPRR3RsMoe4\">\"Ich werd's versuchen\". Dokumentarfilm von Susana Pilgrim \u00fcber Luigi Fantinelli, Universit\u00e4t Bologna, der sich als Erasmus-Student nach Murcia, Spanien, begab.<\/a>\u00a0Nicola Cuomo kommentiert das Methodenkonzept.<a href=\"https:\/\/www.youtube.com\/watch?v=sPRR3RsMoe4\"><img class=\"alignnone wp-image-407\" src=\"https:\/\/digital.hfh.ch\/interview\/wp-content\/uploads\/sites\/81\/2025\/03\/ci_provo.png\" alt=\"\" width=\"390\" height=\"218\" \/><\/a>\u00a0Prof. Nicola Cuomo, Luigi Fantinelli\r\n\r\n<hr \/>\r\n\r\n<h2>Extras<\/h2>\r\n[private] Link nicht gefunden\r\n\r\n<img class=\"alignnone wp-image-426\" src=\"https:\/\/digital.hfh.ch\/interview\/wp-content\/uploads\/sites\/81\/2025\/03\/farfalla.jpg\" alt=\"\" width=\"264\" height=\"210\" \/>\r\n\r\n<a href=\"http:\/\/www.rivistaemozione.com\/\">\u00a0Rivista l'emozione di conoscere<\/a>\r\n\r\n[\/private]\r\n\r\n<\/div>\r\n<a href=\"https:\/\/www.emozionediconoscere.com\/\">Aemocon \u2013 Centro per lo sviluppo del pensiero e del linguaggio<\/a>\r\n<div class=\"story\">\r\n\r\n<img class=\"alignnone size-full wp-image-422\" src=\"https:\/\/digital.hfh.ch\/interview\/wp-content\/uploads\/sites\/81\/2025\/03\/aemocon.png\" alt=\"\" width=\"180\" height=\"154\" \/>\r\n\r\n<a href=\"https:\/\/www.youtube.com\/user\/nicolacuomo\" target=\"_blank\" rel=\"noopener\">Videos Youtube<\/a>\r\n\r\n<img class=\"alignnone size-full wp-image-415\" src=\"https:\/\/digital.hfh.ch\/interview\/wp-content\/uploads\/sites\/81\/2025\/03\/youtube_cuomo.png\" alt=\"\" width=\"108\" height=\"42\" \/>\r\n\r\n<\/div>\r\n<div class=\"story\">\r\n\r\n<a href=\"http:\/\/www.magazine.unibo.it\/archivio\/2016\/05\/04\/lutto-in-ateneo-e-scomparso-nicola-cuomo\">\u00a0Prof. Nicola Cuomo, Universit\u00e0 di Bologna <\/a>(Nachruf)\r\n\r\nBild von\u00a0<span class=\"story\">Prof. Nicola Cuomo (1946-2016), Dott.ssa Alice Imola (Foto S. Meyer, 2011) <a href=\"https:\/\/www.zeitschriftmenschen.at\/content\/view\/full\/116323\">Zeitschrift \"Menschen\" (vormals \"behinderte menschen\" 3\/2019<img class=\"alignnone wp-image-423\" src=\"https:\/\/digital.hfh.ch\/interview\/wp-content\/uploads\/sites\/81\/2025\/03\/Cuomo_Imola-1.jpg\" alt=\"\" width=\"252\" height=\"125\" \/><\/a><\/span>\r\n\r\n<a href=\"http:\/\/xfragile.forumattivo.com\/\">X-Fragile Il filo di Arianna<\/a>\r\n\r\n<img class=\"alignnone wp-image-413\" src=\"https:\/\/digital.hfh.ch\/interview\/wp-content\/uploads\/sites\/81\/2025\/03\/teseo_10.jpg\" alt=\"\" width=\"192\" height=\"184\" \/>\r\n\r\n<\/div>\r\n<a href=\"http:\/\/www.amazon.it\/Piaget-Vygotskij-sociale-pensiero-monografie-psicologia\/dp\/8809213920\/ref=sr_1_1?ie=UTF8&amp;qid=1336484962&amp;sr=8-1\">Tryphon, Von\u00e8che (ed.) (1996). Piaget-Vygotskij. La genesi sociale del pensiero.<\/a>\r\n<div class=\"story\">\r\n\r\n<img class=\"alignnone size-full wp-image-412\" src=\"https:\/\/digital.hfh.ch\/interview\/wp-content\/uploads\/sites\/81\/2025\/03\/Pia_Vyg_it.jpg\" alt=\"\" width=\"162\" height=\"234\" \/>\r\n\r\n<\/div>","rendered":"<div class=\"feature\">\n<h2 class=\"Stil3\">Kurzportrait<\/h2>\n<p>Das Methodenkonzept &#8222;Empathie und Verstehen&#8220; ist die \u00dcbersetzung des systemischen und interdisziplin\u00e4ren Inklusionskonzepts &#8222;l&#8217;emozione di conoscere ed il desiderio di esistere&#8220; von Nicola Cuomo (1946-2016). W\u00e4hrend rund vier Jahrzehnten wurde es an der Universit\u00e4t Bologna entwickelt, erforscht und differenziert. Dabei konnten Handlungsmodelle entwickelt werden, mit denen Behinderungen verstanden und \u00fcberwunden werden k\u00f6nnen. Die Defizitorientierung arbeitet mit Begriffen wie Trisomie 21, geistige Behinderung, Autismus, Fragiles-X-Syndrom, Lernst\u00f6rung, Verhaltensst\u00f6rung, Blindheit, Taubheit, u.v.a. Die Logik dieser Begriffe schl\u00e4gt permanent\u00a0<em>Defizite vor, welche den Vorurteilen und der Selektion \u00abNat\u00fcrlichkeit\u00bb verleihen.<\/em>\u00a0Cuomos Methode erreichte internationalen Ruf. Parallel zur befreienden P\u00e4dagogik von Paulo Freire erkannte Cuomo durch die Analyse der sozialen und existenziellen Verh\u00e4ltnisse, dass Entfremdung, Unterdr\u00fcckung und Behinderung nur \u00fcberwunden werden k\u00f6nnen, wenn die Erziehung und die Erkenntnis als\u00a0Forschungsprozesse\u00a0aufgefasst werden (Freire 1977, S. 58f.; Cuomo, 1989, 2007).<a href=\"https:\/\/www.researchgate.net\/publication\/346605147_Begegnungen_mit_Nicola_Cuomo_und_Vorurteile_sind_wie_Gefangnisse\">\u00a0Zwei kurze Artikel leiten in die Vita des Inklusionsforschers ein.<\/a><\/p>\n<p>Das Konzept basiert auf wenigen strategischen Prinzipien, welche in Wechselwirkung stehen:<\/p>\n<p><img loading=\"lazy\" decoding=\"async\" class=\"alignnone wp-image-429\" src=\"https:\/\/digital.hfh.ch\/interview\/wp-content\/uploads\/sites\/81\/2025\/03\/EDC_Strategien.png\" alt=\"\" width=\"359\" height=\"355\" srcset=\"https:\/\/digital.hfh.ch\/interview\/wp-content\/uploads\/sites\/81\/2025\/03\/EDC_Strategien.png 819w, https:\/\/digital.hfh.ch\/interview\/wp-content\/uploads\/sites\/81\/2025\/03\/EDC_Strategien-300x296.png 300w, https:\/\/digital.hfh.ch\/interview\/wp-content\/uploads\/sites\/81\/2025\/03\/EDC_Strategien-768x759.png 768w, https:\/\/digital.hfh.ch\/interview\/wp-content\/uploads\/sites\/81\/2025\/03\/EDC_Strategien-65x64.png 65w, https:\/\/digital.hfh.ch\/interview\/wp-content\/uploads\/sites\/81\/2025\/03\/EDC_Strategien-225x222.png 225w, https:\/\/digital.hfh.ch\/interview\/wp-content\/uploads\/sites\/81\/2025\/03\/EDC_Strategien-350x346.png 350w\" sizes=\"auto, (max-width: 359px) 100vw, 359px\" \/><\/p>\n<ol>\n<li>\u00a0Progetto di vita (globale Perspektive, mit den Eltern als Kerngruppe), das heisst, dass die P\u00e4dagogik und deren Massnahmen ausgehend von der <strong><a href=\"https:\/\/digital.hfh.ch\/interview\/wp-content\/uploads\/sites\/81\/2025\/03\/progetto_di_vita.png\" target=\"_blank\" rel=\"noopener\">Bedeutsamkeit f\u00fcr das Leben<\/a><\/strong>\u00a0untersucht werden, einem Leben, das die Person autonom, sozialisiert und kompetent gestalten darf.<\/li>\n<li>Kontext zuerst, d.h. Inklusion gelingt nur, wenn zuerst der Kontext erforscht, erzogen und ver\u00e4ndert wird (Familiensystem, Schule und Lehrsystem, Werkpl\u00e4tze, Systeme der Freizeit).<\/li>\n<li>Ressourcen zuerst, d.h.Defizite werden i.d.R. zur Begr\u00fcndung von summativen Diagnosen sowie der Selektion verwendet. Die F\u00f6rderung von Inklusion baut rigoros auf Ressourcen, auch emotional und relational.<\/li>\n<li>\u00a0Die Indikatoren der Inklusion sind in der progressiven Entwicklung von Autonomie, Sozialisation und Kompetenz beobachtbar.<\/li>\n<li>\u00a0F\u00fcr die Gestaltung inklusiver Prozesse braucht es Handlungsmodelle (piste di lavoro, Projekte sowie empathisch-relationale Kompetenzen).<\/li>\n<li>Kontrolle und Qualit\u00e4tsentwicklung werden mittels Supervision und dermehrperspektivischen Aktionsforschung (vgl. Bruce &amp; Pine, 2010) realisiert.<\/li>\n<\/ol>\n<p><a href=\"https:\/\/digital.hfh.ch\/interview\/wp-content\/uploads\/sites\/81\/2025\/03\/metodo_EMC_D_20120216-1.pdf\" target=\"_blank\" rel=\"noopener\">Quelle: Das Methodenkonzept &#8222;Empathie und Verstehen&#8220; (Nicola Cuomo, 2011; deutsche Version)<\/a>. Der Artikel von\u00a0<a href=\"https:\/\/www.researchgate.net\/publication\/344890189_Empathie_und_Verstehen_Die_Methode_von_Nicola_Cuomo\">Imola, Bacciaglia, Filippini &amp; Meyer (2020)<\/a>\u00a0gibt einen aktuellen Einblick.<\/p>\n<p>Die Pfeiler und Strategien von &#8222;Empathie und Verstehen&#8220; wurden von Cuomo (1989; vgl.\u00a0<a href=\"https:\/\/www.zeitschriftmenschen.at\/content\/view\/full\/116412\">Sch\u00f6ler, 2019<\/a>; Imola et al., 2019;\u00a0<a href=\"https:\/\/www.zeitschriftmenschen.at\/content\/view\/full\/116416\">Meyer, 2019<\/a>) in Fallstudien konkretisiert und in Fallportraits dargestellt. Diese Fallportraits (vgl. Lawrence-Lightfoot &amp; Hoffmann Davis, 2002) verdeutlichen, wie inklusive P\u00e4dagogik als systemische Wissenschaft vorgeht und wie sie begr\u00fcndet wird. In Anlehnung an eine Metapher von Wygotski (1986, S. 359) kann gefolgert werden, dass sich im Wort dieser Fallstudien das systemische Bewusstsein spiegelt &#8222;wie die Sonne in einem Wassertropfen. Das Wort verh\u00e4lt sich zum Bewusstsein wie die kleine Welt zur grossen, wie die lebende Zelle zum Organismus, wie das Atom zum Kosmos. Das sinnvolle Wort ist der Mikrokosmos des Bewusstseins (ebd., S. 359).<\/p>\n<p>In den ersten Gespr\u00e4chen mit Familien und P\u00e4dagoginnen werden das\u00a0K\u00f6nnen\u00a0der Person mit Defizit und die Erziehungsstile im Sinn einer systemischen Ethnografie untersucht, siehe\u00a0<a href=\"https:\/\/www.researchgate.net\/publication\/371632009_Studium_der_Erziehungsstile_nach_der_Methode_von_Nicola_Cuomo_vgl_Imola_2010_Fokus_Bedeutsamkeit_gemeinsam_erzeugen\">Studium der Erziehungsstile nach der Methode von Nicola Cuomo&#8220;<\/a><a href=\"https:\/\/www.researchgate.net\/project\/Emotion-To-Know-lemozione-di-conoscere-ed-il-desiderio-di-esistere-Empathie-und-Verstehen-transformative-pedagogy\/update\/630ef9d0df58b43f60661101\">.<\/a>\u00a0In Anlehnung an Macedo &amp; Freire (1987, S. 141) werden die Erziehungsstile (vissuto-subito; freudvoll \/ bedeutsam &#8211; unterdr\u00fcckend) und auch die Literacy dahingehend analysiert, ob sie der Reproduktion bestehender sozialer Formationen (Unterdr\u00fcckung, Ausgrenzung) dient oder ob sie kulturelle Praktiken enth\u00e4lt, die einen demokratischen, integrativen und emanzipatorischen Wandel f\u00f6rdern.<\/p>\n<p>W\u00fcnschen Sie einen Kontakt f\u00fcr eine Projektbegleitung?\u00a0<a href=\"mailto:stefan.meyer@em.hfh.ch\">E-Mail<\/a><\/p>\n<p><a href=\"https:\/\/digital.hfh.ch\/interview\/chapter\/fi-und-spiele\/\" target=\"_blank\" rel=\"noopener\">St\u00e4be werfen<\/a>: Ein Spiel der Apachen, selbst erfundene Spielanordnung<img loading=\"lazy\" decoding=\"async\" class=\"alignnone wp-image-400\" src=\"https:\/\/digital.hfh.ch\/interview\/wp-content\/uploads\/sites\/81\/2025\/03\/GB_gatto.jpg\" alt=\"\" width=\"456\" height=\"188\" srcset=\"https:\/\/digital.hfh.ch\/interview\/wp-content\/uploads\/sites\/81\/2025\/03\/GB_gatto.jpg 640w, https:\/\/digital.hfh.ch\/interview\/wp-content\/uploads\/sites\/81\/2025\/03\/GB_gatto-300x124.jpg 300w, https:\/\/digital.hfh.ch\/interview\/wp-content\/uploads\/sites\/81\/2025\/03\/GB_gatto-65x27.jpg 65w, https:\/\/digital.hfh.ch\/interview\/wp-content\/uploads\/sites\/81\/2025\/03\/GB_gatto-225x93.jpg 225w, https:\/\/digital.hfh.ch\/interview\/wp-content\/uploads\/sites\/81\/2025\/03\/GB_gatto-350x144.jpg 350w\" sizes=\"auto, (max-width: 456px) 100vw, 456px\" \/><\/p>\n<p class=\"story\">Foto: Silvia Fallani (2011)<\/p>\n<p><img loading=\"lazy\" decoding=\"async\" class=\"alignnone size-full wp-image-433\" src=\"https:\/\/digital.hfh.ch\/interview\/wp-content\/uploads\/sites\/81\/2025\/03\/W237_Bild.png\" alt=\"\" width=\"282\" height=\"112\" srcset=\"https:\/\/digital.hfh.ch\/interview\/wp-content\/uploads\/sites\/81\/2025\/03\/W237_Bild.png 282w, https:\/\/digital.hfh.ch\/interview\/wp-content\/uploads\/sites\/81\/2025\/03\/W237_Bild-65x26.png 65w, https:\/\/digital.hfh.ch\/interview\/wp-content\/uploads\/sites\/81\/2025\/03\/W237_Bild-225x89.png 225w\" sizes=\"auto, (max-width: 282px) 100vw, 282px\" \/>Masterarbeiten auf der Basis von &#8222;Empathie und Verstehen&#8220;:<img loading=\"lazy\" decoding=\"async\" class=\"alignnone wp-image-419\" src=\"https:\/\/digital.hfh.ch\/interview\/wp-content\/uploads\/sites\/81\/2025\/03\/MA_Frommelt_Monsch.jpg\" alt=\"\" width=\"176\" height=\"138\" srcset=\"https:\/\/digital.hfh.ch\/interview\/wp-content\/uploads\/sites\/81\/2025\/03\/MA_Frommelt_Monsch.jpg 554w, https:\/\/digital.hfh.ch\/interview\/wp-content\/uploads\/sites\/81\/2025\/03\/MA_Frommelt_Monsch-300x235.jpg 300w, https:\/\/digital.hfh.ch\/interview\/wp-content\/uploads\/sites\/81\/2025\/03\/MA_Frommelt_Monsch-65x51.jpg 65w, https:\/\/digital.hfh.ch\/interview\/wp-content\/uploads\/sites\/81\/2025\/03\/MA_Frommelt_Monsch-225x176.jpg 225w, https:\/\/digital.hfh.ch\/interview\/wp-content\/uploads\/sites\/81\/2025\/03\/MA_Frommelt_Monsch-350x274.jpg 350w\" sizes=\"auto, (max-width: 176px) 100vw, 176px\" \/><\/p>\n<p><img loading=\"lazy\" decoding=\"async\" class=\"alignnone wp-image-436\" src=\"https:\/\/digital.hfh.ch\/interview\/wp-content\/uploads\/sites\/81\/2025\/03\/Ma_Catarina_Oliveira_Bild.png\" alt=\"\" width=\"239\" height=\"229\" srcset=\"https:\/\/digital.hfh.ch\/interview\/wp-content\/uploads\/sites\/81\/2025\/03\/Ma_Catarina_Oliveira_Bild.png 433w, https:\/\/digital.hfh.ch\/interview\/wp-content\/uploads\/sites\/81\/2025\/03\/Ma_Catarina_Oliveira_Bild-300x288.png 300w, https:\/\/digital.hfh.ch\/interview\/wp-content\/uploads\/sites\/81\/2025\/03\/Ma_Catarina_Oliveira_Bild-65x62.png 65w, https:\/\/digital.hfh.ch\/interview\/wp-content\/uploads\/sites\/81\/2025\/03\/Ma_Catarina_Oliveira_Bild-225x216.png 225w, https:\/\/digital.hfh.ch\/interview\/wp-content\/uploads\/sites\/81\/2025\/03\/Ma_Catarina_Oliveira_Bild-350x335.png 350w\" sizes=\"auto, (max-width: 239px) 100vw, 239px\" \/><a href=\"https:\/\/zenodo.org\/record\/4892600\">Inklusive Lesef\u00f6rderung auf der Sekundarstufe 1. Fallstudie von Tamara von Siebenthal (2020)<\/a><\/p>\n<\/div>\n<div class=\"story\"><img loading=\"lazy\" decoding=\"async\" class=\"alignnone wp-image-438\" src=\"https:\/\/digital.hfh.ch\/interview\/wp-content\/uploads\/sites\/81\/2025\/03\/MA_Titelblatt_Tamara_vS.png\" alt=\"\" width=\"299\" height=\"247\" srcset=\"https:\/\/digital.hfh.ch\/interview\/wp-content\/uploads\/sites\/81\/2025\/03\/MA_Titelblatt_Tamara_vS.png 450w, https:\/\/digital.hfh.ch\/interview\/wp-content\/uploads\/sites\/81\/2025\/03\/MA_Titelblatt_Tamara_vS-300x248.png 300w, https:\/\/digital.hfh.ch\/interview\/wp-content\/uploads\/sites\/81\/2025\/03\/MA_Titelblatt_Tamara_vS-65x54.png 65w, https:\/\/digital.hfh.ch\/interview\/wp-content\/uploads\/sites\/81\/2025\/03\/MA_Titelblatt_Tamara_vS-225x186.png 225w, https:\/\/digital.hfh.ch\/interview\/wp-content\/uploads\/sites\/81\/2025\/03\/MA_Titelblatt_Tamara_vS-350x289.png 350w\" sizes=\"auto, (max-width: 299px) 100vw, 299px\" \/><br \/>\n<a href=\"https:\/\/www.youtube.com\/watch?v=sPRR3RsMoe4\">&#8222;Ich werd&#8217;s versuchen&#8220;. Dokumentarfilm von Susana Pilgrim \u00fcber Luigi Fantinelli, Universit\u00e4t Bologna, der sich als Erasmus-Student nach Murcia, Spanien, begab.<\/a>\u00a0Nicola Cuomo kommentiert das Methodenkonzept.<a href=\"https:\/\/www.youtube.com\/watch?v=sPRR3RsMoe4\"><img loading=\"lazy\" decoding=\"async\" class=\"alignnone wp-image-407\" src=\"https:\/\/digital.hfh.ch\/interview\/wp-content\/uploads\/sites\/81\/2025\/03\/ci_provo.png\" alt=\"\" width=\"390\" height=\"218\" srcset=\"https:\/\/digital.hfh.ch\/interview\/wp-content\/uploads\/sites\/81\/2025\/03\/ci_provo.png 914w, https:\/\/digital.hfh.ch\/interview\/wp-content\/uploads\/sites\/81\/2025\/03\/ci_provo-300x168.png 300w, https:\/\/digital.hfh.ch\/interview\/wp-content\/uploads\/sites\/81\/2025\/03\/ci_provo-768x429.png 768w, https:\/\/digital.hfh.ch\/interview\/wp-content\/uploads\/sites\/81\/2025\/03\/ci_provo-65x36.png 65w, https:\/\/digital.hfh.ch\/interview\/wp-content\/uploads\/sites\/81\/2025\/03\/ci_provo-225x126.png 225w, https:\/\/digital.hfh.ch\/interview\/wp-content\/uploads\/sites\/81\/2025\/03\/ci_provo-350x196.png 350w\" sizes=\"auto, (max-width: 390px) 100vw, 390px\" \/><\/a>\u00a0Prof. Nicola Cuomo, Luigi Fantinelli<\/p>\n<hr \/>\n<h2>Extras<\/h2>\n<\/div>\n<p><a href=\"https:\/\/www.emozionediconoscere.com\/\">Aemocon \u2013 Centro per lo sviluppo del pensiero e del linguaggio<\/a><\/p>\n<div class=\"story\">\n<p><img loading=\"lazy\" decoding=\"async\" class=\"alignnone size-full wp-image-422\" src=\"https:\/\/digital.hfh.ch\/interview\/wp-content\/uploads\/sites\/81\/2025\/03\/aemocon.png\" alt=\"\" width=\"180\" height=\"154\" srcset=\"https:\/\/digital.hfh.ch\/interview\/wp-content\/uploads\/sites\/81\/2025\/03\/aemocon.png 180w, https:\/\/digital.hfh.ch\/interview\/wp-content\/uploads\/sites\/81\/2025\/03\/aemocon-65x56.png 65w\" sizes=\"auto, (max-width: 180px) 100vw, 180px\" \/><\/p>\n<p><a href=\"https:\/\/www.youtube.com\/user\/nicolacuomo\" target=\"_blank\" rel=\"noopener\">Videos Youtube<\/a><\/p>\n<p><img loading=\"lazy\" decoding=\"async\" class=\"alignnone size-full wp-image-415\" src=\"https:\/\/digital.hfh.ch\/interview\/wp-content\/uploads\/sites\/81\/2025\/03\/youtube_cuomo.png\" alt=\"\" width=\"108\" height=\"42\" srcset=\"https:\/\/digital.hfh.ch\/interview\/wp-content\/uploads\/sites\/81\/2025\/03\/youtube_cuomo.png 108w, https:\/\/digital.hfh.ch\/interview\/wp-content\/uploads\/sites\/81\/2025\/03\/youtube_cuomo-65x25.png 65w\" sizes=\"auto, (max-width: 108px) 100vw, 108px\" \/><\/p>\n<\/div>\n<div class=\"story\">\n<p><a href=\"http:\/\/www.magazine.unibo.it\/archivio\/2016\/05\/04\/lutto-in-ateneo-e-scomparso-nicola-cuomo\">\u00a0Prof. Nicola Cuomo, Universit\u00e0 di Bologna <\/a>(Nachruf)<\/p>\n<p>Bild von\u00a0<span class=\"story\">Prof. Nicola Cuomo (1946-2016), Dott.ssa Alice Imola (Foto S. Meyer, 2011) <a href=\"https:\/\/www.zeitschriftmenschen.at\/content\/view\/full\/116323\">Zeitschrift &#8222;Menschen&#8220; (vormals &#8222;behinderte menschen&#8220; 3\/2019<img loading=\"lazy\" decoding=\"async\" class=\"alignnone wp-image-423\" src=\"https:\/\/digital.hfh.ch\/interview\/wp-content\/uploads\/sites\/81\/2025\/03\/Cuomo_Imola-1.jpg\" alt=\"\" width=\"252\" height=\"125\" srcset=\"https:\/\/digital.hfh.ch\/interview\/wp-content\/uploads\/sites\/81\/2025\/03\/Cuomo_Imola-1.jpg 423w, https:\/\/digital.hfh.ch\/interview\/wp-content\/uploads\/sites\/81\/2025\/03\/Cuomo_Imola-1-300x149.jpg 300w, https:\/\/digital.hfh.ch\/interview\/wp-content\/uploads\/sites\/81\/2025\/03\/Cuomo_Imola-1-65x32.jpg 65w, https:\/\/digital.hfh.ch\/interview\/wp-content\/uploads\/sites\/81\/2025\/03\/Cuomo_Imola-1-225x112.jpg 225w, https:\/\/digital.hfh.ch\/interview\/wp-content\/uploads\/sites\/81\/2025\/03\/Cuomo_Imola-1-350x174.jpg 350w\" sizes=\"auto, (max-width: 252px) 100vw, 252px\" \/><\/a><\/span><\/p>\n<p><a href=\"http:\/\/xfragile.forumattivo.com\/\">X-Fragile Il filo di Arianna<\/a><\/p>\n<p><img loading=\"lazy\" decoding=\"async\" class=\"alignnone wp-image-413\" src=\"https:\/\/digital.hfh.ch\/interview\/wp-content\/uploads\/sites\/81\/2025\/03\/teseo_10.jpg\" alt=\"\" width=\"192\" height=\"184\" srcset=\"https:\/\/digital.hfh.ch\/interview\/wp-content\/uploads\/sites\/81\/2025\/03\/teseo_10.jpg 295w, https:\/\/digital.hfh.ch\/interview\/wp-content\/uploads\/sites\/81\/2025\/03\/teseo_10-65x62.jpg 65w, https:\/\/digital.hfh.ch\/interview\/wp-content\/uploads\/sites\/81\/2025\/03\/teseo_10-225x216.jpg 225w\" sizes=\"auto, (max-width: 192px) 100vw, 192px\" \/><\/p>\n<\/div>\n<p><a href=\"http:\/\/www.amazon.it\/Piaget-Vygotskij-sociale-pensiero-monografie-psicologia\/dp\/8809213920\/ref=sr_1_1?ie=UTF8&amp;qid=1336484962&amp;sr=8-1\">Tryphon, Von\u00e8che (ed.) (1996). Piaget-Vygotskij. La genesi sociale del pensiero.<\/a><\/p>\n<div class=\"story\">\n<p><img loading=\"lazy\" decoding=\"async\" class=\"alignnone size-full wp-image-412\" src=\"https:\/\/digital.hfh.ch\/interview\/wp-content\/uploads\/sites\/81\/2025\/03\/Pia_Vyg_it.jpg\" alt=\"\" width=\"162\" height=\"234\" srcset=\"https:\/\/digital.hfh.ch\/interview\/wp-content\/uploads\/sites\/81\/2025\/03\/Pia_Vyg_it.jpg 162w, https:\/\/digital.hfh.ch\/interview\/wp-content\/uploads\/sites\/81\/2025\/03\/Pia_Vyg_it-65x94.jpg 65w\" sizes=\"auto, (max-width: 162px) 100vw, 162px\" \/><\/p>\n<\/div>\n","protected":false},"excerpt":{"rendered":"<p>Kurzportrait Das Methodenkonzept &#8222;Empathie und Verstehen&#8220; ist die \u00dcbersetzung des systemischen und interdisziplin\u00e4ren Inklusionskonzepts &#8222;l&#8217;emozione di conoscere ed il desiderio di esistere&#8220; von Nicola Cuomo (1946-2016). W\u00e4hrend rund vier Jahrzehnten wurde es an der Universit\u00e4t Bologna entwickelt, erforscht und differenziert. Dabei konnten Handlungsmodelle entwickelt werden, mit denen Behinderungen verstanden und \u00fcberwunden werden k\u00f6nnen. Die Defizitorientierung [&hellip;]<\/p>\n","protected":false},"author":2160,"menu_order":10,"template":"","meta":{"pb_show_title":"on","pb_short_title":"","pb_subtitle":"","pb_authors":[],"pb_section_license":""},"categories":[],"chapter-type":[],"contributor":[],"license":[],"class_list":["post-81","chapter","type-chapter","status-publish","hentry"],"part":28,"_links":{"self":[{"href":"https:\/\/digital.hfh.ch\/interview\/wp-json\/pressbooks\/v2\/chapters\/81","targetHints":{"allow":["GET"]}}],"collection":[{"href":"https:\/\/digital.hfh.ch\/interview\/wp-json\/pressbooks\/v2\/chapters"}],"about":[{"href":"https:\/\/digital.hfh.ch\/interview\/wp-json\/wp\/v2\/types\/chapter"}],"author":[{"embeddable":true,"href":"https:\/\/digital.hfh.ch\/interview\/wp-json\/wp\/v2\/users\/2160"}],"version-history":[{"count":16,"href":"https:\/\/digital.hfh.ch\/interview\/wp-json\/pressbooks\/v2\/chapters\/81\/revisions"}],"predecessor-version":[{"id":444,"href":"https:\/\/digital.hfh.ch\/interview\/wp-json\/pressbooks\/v2\/chapters\/81\/revisions\/444"}],"part":[{"href":"https:\/\/digital.hfh.ch\/interview\/wp-json\/pressbooks\/v2\/parts\/28"}],"metadata":[{"href":"https:\/\/digital.hfh.ch\/interview\/wp-json\/pressbooks\/v2\/chapters\/81\/metadata\/"}],"wp:attachment":[{"href":"https:\/\/digital.hfh.ch\/interview\/wp-json\/wp\/v2\/media?parent=81"}],"wp:term":[{"taxonomy":"category","embeddable":true,"href":"https:\/\/digital.hfh.ch\/interview\/wp-json\/wp\/v2\/categories?post=81"},{"taxonomy":"chapter-type","embeddable":true,"href":"https:\/\/digital.hfh.ch\/interview\/wp-json\/pressbooks\/v2\/chapter-type?post=81"},{"taxonomy":"contributor","embeddable":true,"href":"https:\/\/digital.hfh.ch\/interview\/wp-json\/wp\/v2\/contributor?post=81"},{"taxonomy":"license","embeddable":true,"href":"https:\/\/digital.hfh.ch\/interview\/wp-json\/wp\/v2\/license?post=81"}],"curies":[{"name":"wp","href":"https:\/\/api.w.org\/{rel}","templated":true}]}}