{"id":204,"date":"2024-04-03T10:42:09","date_gmt":"2024-04-03T08:42:09","guid":{"rendered":"https:\/\/digital.hfh.ch\/argumentarium-leitfragen-qualitaetsaspekte\/?post_type=chapter&#038;p=204"},"modified":"2024-09-11T09:33:19","modified_gmt":"2024-09-11T07:33:19","slug":"menschen-mit-beeintraechtigungen-lernen-ihre-kompetenzen-einzubringen-und-eine-tragende-rolle-in-der-gesellschaft-zu-uebernehmen","status":"publish","type":"chapter","link":"https:\/\/digital.hfh.ch\/argumentarium-leitfragen-qualitaetsaspekte\/chapter\/menschen-mit-beeintraechtigungen-lernen-ihre-kompetenzen-einzubringen-und-eine-tragende-rolle-in-der-gesellschaft-zu-uebernehmen\/","title":{"raw":"1.7 Menschen mit Beeintr\u00e4chtigung lernen ihre F\u00e4higkeiten einzubringen","rendered":"1.7 Menschen mit Beeintr\u00e4chtigung lernen ihre F\u00e4higkeiten einzubringen"},"content":{"raw":"<div style=\"font-weight: 400\">\r\n<div>\r\n<ul>\r\n \t<li data-leveltext=\"\uf0b7\" data-font=\"Symbol\" data-listid=\"38\" data-list-defn-props=\"{&quot;335552541&quot;:1,&quot;335559685&quot;:720,&quot;335559991&quot;:360,&quot;469769226&quot;:&quot;Symbol&quot;,&quot;469769242&quot;:[8226],&quot;469777803&quot;:&quot;left&quot;,&quot;469777804&quot;:&quot;\uf0b7&quot;,&quot;469777815&quot;:&quot;hybridMultilevel&quot;}\" data-aria-posinset=\"13\" data-aria-level=\"1\">Wie wird gepflegt, dass Beitr\u00e4gen von Menschen mit Beeintr\u00e4chtigung wertsch\u00e4tzend begegnet wird?<\/li>\r\n \t<li data-leveltext=\"\uf0b7\" data-font=\"Symbol\" data-listid=\"38\" data-list-defn-props=\"{&quot;335552541&quot;:1,&quot;335559685&quot;:720,&quot;335559991&quot;:360,&quot;469769226&quot;:&quot;Symbol&quot;,&quot;469769242&quot;:[8226],&quot;469777803&quot;:&quot;left&quot;,&quot;469777804&quot;:&quot;\uf0b7&quot;,&quot;469777815&quot;:&quot;hybridMultilevel&quot;}\" data-aria-posinset=\"14\" data-aria-level=\"1\">Wie werden Menschen darin unterst\u00fctzt, sich einzubringen (z.B. Coaching, Supervision)?<\/li>\r\n \t<li data-leveltext=\"\uf0b7\" data-font=\"Symbol\" data-listid=\"38\" data-list-defn-props=\"{&quot;335552541&quot;:1,&quot;335559685&quot;:720,&quot;335559991&quot;:360,&quot;469769226&quot;:&quot;Symbol&quot;,&quot;469769242&quot;:[8226],&quot;469777803&quot;:&quot;left&quot;,&quot;469777804&quot;:&quot;\uf0b7&quot;,&quot;469777815&quot;:&quot;hybridMultilevel&quot;}\" data-aria-posinset=\"15\" data-aria-level=\"1\">Wie wird nicht vergessen, dass Expert:innen in eigener Sache f\u00fcr Vortr\u00e4ge angefragt werden k\u00f6nnen?<\/li>\r\n \t<li data-leveltext=\"\uf0b7\" data-font=\"Symbol\" data-listid=\"38\" data-list-defn-props=\"{&quot;335552541&quot;:1,&quot;335559685&quot;:720,&quot;335559991&quot;:360,&quot;469769226&quot;:&quot;Symbol&quot;,&quot;469769242&quot;:[8226],&quot;469777803&quot;:&quot;left&quot;,&quot;469777804&quot;:&quot;\uf0b7&quot;,&quot;469777815&quot;:&quot;hybridMultilevel&quot;}\" data-aria-posinset=\"16\" data-aria-level=\"1\">Wie ist das Studium aufgebaut, dass Theorie und Praxis vorkommen?<\/li>\r\n \t<li data-leveltext=\"\uf0b7\" data-font=\"Symbol\" data-listid=\"38\" data-list-defn-props=\"{&quot;335552541&quot;:1,&quot;335559685&quot;:720,&quot;335559991&quot;:360,&quot;469769226&quot;:&quot;Symbol&quot;,&quot;469769242&quot;:[8226],&quot;469777803&quot;:&quot;left&quot;,&quot;469777804&quot;:&quot;\uf0b7&quot;,&quot;469777815&quot;:&quot;hybridMultilevel&quot;}\" data-aria-posinset=\"17\" data-aria-level=\"1\">Wie werden Menschen in der praktischen Arbeit ausgebildet, gest\u00e4rkt, begleitet?<\/li>\r\n \t<li data-leveltext=\"\uf0b7\" data-font=\"Symbol\" data-listid=\"38\" data-list-defn-props=\"{&quot;335552541&quot;:1,&quot;335559685&quot;:720,&quot;335559991&quot;:360,&quot;469769226&quot;:&quot;Symbol&quot;,&quot;469769242&quot;:[8226],&quot;469777803&quot;:&quot;left&quot;,&quot;469777804&quot;:&quot;\uf0b7&quot;,&quot;469777815&quot;:&quot;hybridMultilevel&quot;}\" data-aria-posinset=\"18\" data-aria-level=\"1\">Wie werden Kompetenzen einzelner Menschen mit kognitiver Beeintr\u00e4chtigung festgehalten, dokumentiert und weiterentwickelt (z.B. Individueller Kompetenznachweis IKN)?<\/li>\r\n \t<li data-leveltext=\"\uf0b7\" data-font=\"Symbol\" data-listid=\"38\" data-list-defn-props=\"{&quot;335552541&quot;:1,&quot;335559685&quot;:720,&quot;335559991&quot;:360,&quot;469769226&quot;:&quot;Symbol&quot;,&quot;469769242&quot;:[8226],&quot;469777803&quot;:&quot;left&quot;,&quot;469777804&quot;:&quot;\uf0b7&quot;,&quot;469777815&quot;:&quot;hybridMultilevel&quot;}\" data-aria-posinset=\"18\" data-aria-level=\"1\">Wie gelingt es, diese Kompetenzen sichtbar zu machen (z.B. e-Portfolio)?<\/li>\r\n<\/ul>\r\n<\/div>\r\n<\/div>\r\n<div style=\"font-weight: 400\">\r\n<div>\r\n<ul>\r\n \t<li data-leveltext=\"\uf0b7\" data-font=\"Symbol\" data-listid=\"38\" data-list-defn-props=\"{&quot;335552541&quot;:1,&quot;335559685&quot;:720,&quot;335559991&quot;:360,&quot;469769226&quot;:&quot;Symbol&quot;,&quot;469769242&quot;:[8226],&quot;469777803&quot;:&quot;left&quot;,&quot;469777804&quot;:&quot;\uf0b7&quot;,&quot;469777815&quot;:&quot;hybridMultilevel&quot;}\" data-aria-posinset=\"2\" data-aria-level=\"1\">Wie gelingt es, Menschen mit kognitiver Beeintr\u00e4chtigung aktiv in Arbeits- und Lernprozesse einzubeziehen?<\/li>\r\n \t<li data-leveltext=\"\uf0b7\" data-font=\"Symbol\" data-listid=\"38\" data-list-defn-props=\"{&quot;335552541&quot;:1,&quot;335559685&quot;:720,&quot;335559991&quot;:360,&quot;469769226&quot;:&quot;Symbol&quot;,&quot;469769242&quot;:[8226],&quot;469777803&quot;:&quot;left&quot;,&quot;469777804&quot;:&quot;\uf0b7&quot;,&quot;469777815&quot;:&quot;hybridMultilevel&quot;}\" data-aria-posinset=\"3\" data-aria-level=\"1\">Wie werden Menschen mit kognitiver Beeintr\u00e4chtigung nachhaltig begleitet, damit sie ihre St\u00e4rken l\u00e4ngerfristig in die Gesellschaft einbringen k\u00f6nnen?<\/li>\r\n \t<li data-leveltext=\"\uf0b7\" data-font=\"Symbol\" data-listid=\"38\" data-list-defn-props=\"{&quot;335552541&quot;:1,&quot;335559685&quot;:720,&quot;335559991&quot;:360,&quot;469769226&quot;:&quot;Symbol&quot;,&quot;469769242&quot;:[8226],&quot;469777803&quot;:&quot;left&quot;,&quot;469777804&quot;:&quot;\uf0b7&quot;,&quot;469777815&quot;:&quot;hybridMultilevel&quot;}\" data-aria-posinset=\"4\" data-aria-level=\"1\">Wie \u00fcbernimmt die Hochschule Aufkl\u00e4rungsaufgaben in unterschiedlichen Gesellschaftsfeldern?<\/li>\r\n<\/ul>\r\n<\/div>\r\n<\/div>","rendered":"<div style=\"font-weight: 400\">\n<div>\n<ul>\n<li data-leveltext=\"\uf0b7\" data-font=\"Symbol\" data-listid=\"38\" data-list-defn-props=\"{&quot;335552541&quot;:1,&quot;335559685&quot;:720,&quot;335559991&quot;:360,&quot;469769226&quot;:&quot;Symbol&quot;,&quot;469769242&quot;:[8226],&quot;469777803&quot;:&quot;left&quot;,&quot;469777804&quot;:&quot;\uf0b7&quot;,&quot;469777815&quot;:&quot;hybridMultilevel&quot;}\" data-aria-posinset=\"13\" data-aria-level=\"1\">Wie wird gepflegt, dass Beitr\u00e4gen von Menschen mit Beeintr\u00e4chtigung wertsch\u00e4tzend begegnet wird?<\/li>\n<li data-leveltext=\"\uf0b7\" data-font=\"Symbol\" data-listid=\"38\" data-list-defn-props=\"{&quot;335552541&quot;:1,&quot;335559685&quot;:720,&quot;335559991&quot;:360,&quot;469769226&quot;:&quot;Symbol&quot;,&quot;469769242&quot;:[8226],&quot;469777803&quot;:&quot;left&quot;,&quot;469777804&quot;:&quot;\uf0b7&quot;,&quot;469777815&quot;:&quot;hybridMultilevel&quot;}\" data-aria-posinset=\"14\" data-aria-level=\"1\">Wie werden Menschen darin unterst\u00fctzt, sich einzubringen (z.B. Coaching, Supervision)?<\/li>\n<li data-leveltext=\"\uf0b7\" data-font=\"Symbol\" data-listid=\"38\" data-list-defn-props=\"{&quot;335552541&quot;:1,&quot;335559685&quot;:720,&quot;335559991&quot;:360,&quot;469769226&quot;:&quot;Symbol&quot;,&quot;469769242&quot;:[8226],&quot;469777803&quot;:&quot;left&quot;,&quot;469777804&quot;:&quot;\uf0b7&quot;,&quot;469777815&quot;:&quot;hybridMultilevel&quot;}\" data-aria-posinset=\"15\" data-aria-level=\"1\">Wie wird nicht vergessen, dass Expert:innen in eigener Sache f\u00fcr Vortr\u00e4ge angefragt werden k\u00f6nnen?<\/li>\n<li data-leveltext=\"\uf0b7\" data-font=\"Symbol\" data-listid=\"38\" data-list-defn-props=\"{&quot;335552541&quot;:1,&quot;335559685&quot;:720,&quot;335559991&quot;:360,&quot;469769226&quot;:&quot;Symbol&quot;,&quot;469769242&quot;:[8226],&quot;469777803&quot;:&quot;left&quot;,&quot;469777804&quot;:&quot;\uf0b7&quot;,&quot;469777815&quot;:&quot;hybridMultilevel&quot;}\" data-aria-posinset=\"16\" data-aria-level=\"1\">Wie ist das Studium aufgebaut, dass Theorie und Praxis vorkommen?<\/li>\n<li data-leveltext=\"\uf0b7\" data-font=\"Symbol\" data-listid=\"38\" data-list-defn-props=\"{&quot;335552541&quot;:1,&quot;335559685&quot;:720,&quot;335559991&quot;:360,&quot;469769226&quot;:&quot;Symbol&quot;,&quot;469769242&quot;:[8226],&quot;469777803&quot;:&quot;left&quot;,&quot;469777804&quot;:&quot;\uf0b7&quot;,&quot;469777815&quot;:&quot;hybridMultilevel&quot;}\" data-aria-posinset=\"17\" data-aria-level=\"1\">Wie werden Menschen in der praktischen Arbeit ausgebildet, gest\u00e4rkt, begleitet?<\/li>\n<li data-leveltext=\"\uf0b7\" data-font=\"Symbol\" data-listid=\"38\" data-list-defn-props=\"{&quot;335552541&quot;:1,&quot;335559685&quot;:720,&quot;335559991&quot;:360,&quot;469769226&quot;:&quot;Symbol&quot;,&quot;469769242&quot;:[8226],&quot;469777803&quot;:&quot;left&quot;,&quot;469777804&quot;:&quot;\uf0b7&quot;,&quot;469777815&quot;:&quot;hybridMultilevel&quot;}\" data-aria-posinset=\"18\" data-aria-level=\"1\">Wie werden Kompetenzen einzelner Menschen mit kognitiver Beeintr\u00e4chtigung festgehalten, dokumentiert und weiterentwickelt (z.B. Individueller Kompetenznachweis IKN)?<\/li>\n<li data-leveltext=\"\uf0b7\" data-font=\"Symbol\" data-listid=\"38\" data-list-defn-props=\"{&quot;335552541&quot;:1,&quot;335559685&quot;:720,&quot;335559991&quot;:360,&quot;469769226&quot;:&quot;Symbol&quot;,&quot;469769242&quot;:[8226],&quot;469777803&quot;:&quot;left&quot;,&quot;469777804&quot;:&quot;\uf0b7&quot;,&quot;469777815&quot;:&quot;hybridMultilevel&quot;}\" data-aria-posinset=\"18\" data-aria-level=\"1\">Wie gelingt es, diese Kompetenzen sichtbar zu machen (z.B. e-Portfolio)?<\/li>\n<\/ul>\n<\/div>\n<\/div>\n<div style=\"font-weight: 400\">\n<div>\n<ul>\n<li data-leveltext=\"\uf0b7\" data-font=\"Symbol\" data-listid=\"38\" data-list-defn-props=\"{&quot;335552541&quot;:1,&quot;335559685&quot;:720,&quot;335559991&quot;:360,&quot;469769226&quot;:&quot;Symbol&quot;,&quot;469769242&quot;:[8226],&quot;469777803&quot;:&quot;left&quot;,&quot;469777804&quot;:&quot;\uf0b7&quot;,&quot;469777815&quot;:&quot;hybridMultilevel&quot;}\" data-aria-posinset=\"2\" data-aria-level=\"1\">Wie gelingt es, Menschen mit kognitiver Beeintr\u00e4chtigung aktiv in Arbeits- und Lernprozesse einzubeziehen?<\/li>\n<li data-leveltext=\"\uf0b7\" data-font=\"Symbol\" data-listid=\"38\" data-list-defn-props=\"{&quot;335552541&quot;:1,&quot;335559685&quot;:720,&quot;335559991&quot;:360,&quot;469769226&quot;:&quot;Symbol&quot;,&quot;469769242&quot;:[8226],&quot;469777803&quot;:&quot;left&quot;,&quot;469777804&quot;:&quot;\uf0b7&quot;,&quot;469777815&quot;:&quot;hybridMultilevel&quot;}\" data-aria-posinset=\"3\" data-aria-level=\"1\">Wie werden Menschen mit kognitiver Beeintr\u00e4chtigung nachhaltig begleitet, damit sie ihre St\u00e4rken l\u00e4ngerfristig in die Gesellschaft einbringen k\u00f6nnen?<\/li>\n<li data-leveltext=\"\uf0b7\" data-font=\"Symbol\" data-listid=\"38\" data-list-defn-props=\"{&quot;335552541&quot;:1,&quot;335559685&quot;:720,&quot;335559991&quot;:360,&quot;469769226&quot;:&quot;Symbol&quot;,&quot;469769242&quot;:[8226],&quot;469777803&quot;:&quot;left&quot;,&quot;469777804&quot;:&quot;\uf0b7&quot;,&quot;469777815&quot;:&quot;hybridMultilevel&quot;}\" data-aria-posinset=\"4\" data-aria-level=\"1\">Wie \u00fcbernimmt die Hochschule Aufkl\u00e4rungsaufgaben in unterschiedlichen Gesellschaftsfeldern?<\/li>\n<\/ul>\n<\/div>\n<\/div>\n","protected":false},"excerpt":{"rendered":"<p>Wie wird gepflegt, dass Beitr\u00e4gen von Menschen mit Beeintr\u00e4chtigung wertsch\u00e4tzend begegnet wird? Wie werden Menschen darin unterst\u00fctzt, sich einzubringen (z.B. Coaching, Supervision)? Wie wird nicht vergessen, dass Expert:innen in eigener Sache f\u00fcr Vortr\u00e4ge angefragt werden k\u00f6nnen? Wie ist das Studium aufgebaut, dass Theorie und Praxis vorkommen? Wie werden Menschen in der praktischen Arbeit ausgebildet, gest\u00e4rkt, [&hellip;]<\/p>\n","protected":false},"author":1471,"menu_order":7,"template":"","meta":{"pb_show_title":"on","pb_short_title":"","pb_subtitle":"","pb_authors":[],"pb_section_license":""},"categories":[],"chapter-type":[],"contributor":[],"license":[],"class_list":["post-204","chapter","type-chapter","status-publish","hentry"],"part":143,"_links":{"self":[{"href":"https:\/\/digital.hfh.ch\/argumentarium-leitfragen-qualitaetsaspekte\/wp-json\/pressbooks\/v2\/chapters\/204","targetHints":{"allow":["GET"]}}],"collection":[{"href":"https:\/\/digital.hfh.ch\/argumentarium-leitfragen-qualitaetsaspekte\/wp-json\/pressbooks\/v2\/chapters"}],"about":[{"href":"https:\/\/digital.hfh.ch\/argumentarium-leitfragen-qualitaetsaspekte\/wp-json\/wp\/v2\/types\/chapter"}],"author":[{"embeddable":true,"href":"https:\/\/digital.hfh.ch\/argumentarium-leitfragen-qualitaetsaspekte\/wp-json\/wp\/v2\/users\/1471"}],"version-history":[{"count":8,"href":"https:\/\/digital.hfh.ch\/argumentarium-leitfragen-qualitaetsaspekte\/wp-json\/pressbooks\/v2\/chapters\/204\/revisions"}],"predecessor-version":[{"id":969,"href":"https:\/\/digital.hfh.ch\/argumentarium-leitfragen-qualitaetsaspekte\/wp-json\/pressbooks\/v2\/chapters\/204\/revisions\/969"}],"part":[{"href":"https:\/\/digital.hfh.ch\/argumentarium-leitfragen-qualitaetsaspekte\/wp-json\/pressbooks\/v2\/parts\/143"}],"metadata":[{"href":"https:\/\/digital.hfh.ch\/argumentarium-leitfragen-qualitaetsaspekte\/wp-json\/pressbooks\/v2\/chapters\/204\/metadata\/"}],"wp:attachment":[{"href":"https:\/\/digital.hfh.ch\/argumentarium-leitfragen-qualitaetsaspekte\/wp-json\/wp\/v2\/media?parent=204"}],"wp:term":[{"taxonomy":"category","embeddable":true,"href":"https:\/\/digital.hfh.ch\/argumentarium-leitfragen-qualitaetsaspekte\/wp-json\/wp\/v2\/categories?post=204"},{"taxonomy":"chapter-type","embeddable":true,"href":"https:\/\/digital.hfh.ch\/argumentarium-leitfragen-qualitaetsaspekte\/wp-json\/pressbooks\/v2\/chapter-type?post=204"},{"taxonomy":"contributor","embeddable":true,"href":"https:\/\/digital.hfh.ch\/argumentarium-leitfragen-qualitaetsaspekte\/wp-json\/wp\/v2\/contributor?post=204"},{"taxonomy":"license","embeddable":true,"href":"https:\/\/digital.hfh.ch\/argumentarium-leitfragen-qualitaetsaspekte\/wp-json\/wp\/v2\/license?post=204"}],"curies":[{"name":"wp","href":"https:\/\/api.w.org\/{rel}","templated":true}]}}